{"id":8415,"date":"2022-07-26T10:21:44","date_gmt":"2022-07-26T08:21:44","guid":{"rendered":"https:\/\/www.autoclima.com\/applicazioni\/maszyny-rolnicze-i-budowlane\/"},"modified":"2026-04-29T12:36:14","modified_gmt":"2026-04-29T10:36:14","slug":"maszyny-rolnicze-i-budowlane","status":"publish","type":"avada_portfolio","link":"https:\/\/www.autoclima.com\/pl\/aplikacje\/maszyny-rolnicze-i-budowlane\/","title":{"rendered":"Mezzi agricoli e movimento terra"},"content":{"rendered":"<p><div class=\"fusion-bg-parallax\" data-bg-align=\"right center\" data-direction=\"down\" data-mute=\"false\" data-opacity=\"100\" data-velocity=\"-0.3\" data-mobile-enabled=\"false\" data-break_parents=\"0\" data-bg-image=\"http:\/\/www.autoclima.com\/wp-content\/uploads\/Autoclima-hero-movimento-terra.jpg\" data-bg-repeat=\"false\" ><\/div><div class=\"fusion-fullwidth fullwidth-box fusion-builder-row-1 fusion-flex-container fusion-parallax-down hundred-percent-fullwidth non-hundred-percent-height-scrolling\" style=\"--awb-background-position:right center;--awb-border-radius-top-left:0px;--awb-border-radius-top-right:0px;--awb-border-radius-bottom-right:0px;--awb-border-radius-bottom-left:0px;--awb-padding-top:170px;--awb-padding-bottom:250px;--awb-padding-top-medium:80px;--awb-padding-top-small:40px;--awb-background-image:url(&quot;http:\/\/www.autoclima.com\/wp-content\/uploads\/Autoclima-hero-movimento-terra.jpg&quot;);--awb-background-size:cover;--awb-flex-wrap:wrap;\" ><div class=\"fusion-builder-row fusion-row fusion-flex-align-items-flex-start fusion-flex-align-content-flex-start fusion-flex-content-wrap\" style=\"width:104% !important;max-width:104% !important;margin-left: calc(-4% \/ 2 );margin-right: calc(-4% \/ 2 );\"><div class=\"fusion-layout-column fusion_builder_column fusion-builder-column-0 fusion_builder_column_1_1 1_1 fusion-flex-column fusion-animated hide\" style=\"--awb-bg-size:cover;--awb-width-large:100%;--awb-margin-top-large:0px;--awb-spacing-right-large:1.92%;--awb-margin-bottom-large:0px;--awb-spacing-left-large:1.92%;--awb-width-medium:100%;--awb-order-medium:0;--awb-spacing-right-medium:1.92%;--awb-spacing-left-medium:1.92%;--awb-width-small:100%;--awb-order-small:0;--awb-spacing-right-small:1.92%;--awb-spacing-left-small:1.92%;\" data-animationType=\"fadeInDown\" data-animationDuration=\"1.5\" data-animationOffset=\"top-into-view\"><div class=\"fusion-column-wrapper fusion-column-has-shadow fusion-flex-justify-content-flex-start fusion-content-layout-column\"><nav class=\"fusion-breadcrumbs fusion-no-small-visibility fusion-breadcrumbs-1 custom-breadcrumbs\" style=\"--awb-alignment:center;--awb-font-size:13px;--awb-text-hover-color:#ffffff;--awb-text-color:#ffffff;--awb-breadcrumb-sep:&#039;&gt;&#039;;text-align:center;\" aria-label=\"Breadcrumb\"><ol class=\"awb-breadcrumb-list\"><li class=\"fusion-breadcrumb-item awb-breadcrumb-sep awb-home\" ><a href=\"https:\/\/www.autoclima.com\/pl\/\" class=\"fusion-breadcrumb-link\"><span >Strona g\u0142\u00f3wna<\/span><\/a><\/li><\/ol><\/nav><\/div><\/div><div class=\"fusion-layout-column fusion_builder_column fusion-builder-column-1 fusion_builder_column_1_4 1_4 fusion-flex-column fusion-no-small-visibility fusion-no-medium-visibility\" style=\"--awb-bg-size:cover;--awb-width-large:25%;--awb-margin-top-large:0px;--awb-spacing-right-large:7.68%;--awb-margin-bottom-large:20px;--awb-spacing-left-large:7.68%;--awb-width-medium:25%;--awb-order-medium:0;--awb-spacing-right-medium:7.68%;--awb-spacing-left-medium:7.68%;--awb-width-small:100%;--awb-order-small:0;--awb-spacing-right-small:1.92%;--awb-spacing-left-small:1.92%;\"><div class=\"fusion-column-wrapper fusion-column-has-shadow fusion-flex-justify-content-flex-start fusion-content-layout-column\"><\/div><\/div><div class=\"fusion-layout-column fusion_builder_column fusion-builder-column-2 fusion_builder_column_1_2 1_2 fusion-flex-column fusion-animated\" style=\"--awb-bg-size:cover;--awb-width-large:50%;--awb-margin-top-large:0px;--awb-spacing-right-large:3.84%;--awb-margin-bottom-large:20px;--awb-spacing-left-large:3.84%;--awb-width-medium:100%;--awb-order-medium:0;--awb-spacing-right-medium:1.92%;--awb-spacing-left-medium:1.92%;--awb-width-small:100%;--awb-order-small:0;--awb-spacing-right-small:1.92%;--awb-spacing-left-small:1.92%;\" data-animationType=\"fadeInDown\" data-animationDuration=\"1.5\" data-animationOffset=\"top-into-view\"><div class=\"fusion-column-wrapper fusion-column-has-shadow fusion-flex-justify-content-flex-start fusion-content-layout-column\"><div class=\"fusion-title title fusion-title-1 fusion-sep-none fusion-title-center fusion-title-text fusion-title-size-one\" style=\"--awb-text-color:#ffffff;--awb-margin-top-small:10px;--awb-margin-right-small:10px;--awb-margin-bottom-small:10px;--awb-margin-left-small:0px;--awb-font-size:50px;\"><h1 class=\"fusion-title-heading title-heading-center fusion-responsive-typography-calculated\" style=\"margin:0;font-size:1em;--fontSize:50;line-height:1.3;\">Klimatyzatory do sprz\u0119tu rolniczego i do rob\u00f3t ziemnych<\/h1><\/div><div class=\"fusion-text fusion-text-1\" style=\"--awb-font-size:20px;--awb-text-color:#ffffff;\"><p style=\"text-align: center;\">Autoclima produkuje systemy klimatyzacji i sprzedaje cz\u0119\u015bci zamienne dedykowane do zastosowa\u0144 we wszystkich maszynach rolniczych i budowlanych.<\/p>\n<\/div><\/div><\/div><div class=\"fusion-layout-column fusion_builder_column fusion-builder-column-3 fusion_builder_column_1_4 1_4 fusion-flex-column fusion-no-small-visibility fusion-no-medium-visibility\" style=\"--awb-bg-size:cover;--awb-width-large:25%;--awb-margin-top-large:0px;--awb-spacing-right-large:7.68%;--awb-margin-bottom-large:20px;--awb-spacing-left-large:7.68%;--awb-width-medium:25%;--awb-order-medium:0;--awb-spacing-right-medium:7.68%;--awb-spacing-left-medium:7.68%;--awb-width-small:100%;--awb-order-small:0;--awb-spacing-right-small:1.92%;--awb-spacing-left-small:1.92%;\"><div class=\"fusion-column-wrapper fusion-column-has-shadow fusion-flex-justify-content-flex-start fusion-content-layout-column\"><\/div><\/div><\/div><\/div><div class=\"fusion-fullwidth fullwidth-box fusion-builder-row-2 fusion-flex-container hundred-percent-fullwidth non-hundred-percent-height-scrolling fusion-animated\" style=\"--awb-border-radius-top-left:0px;--awb-border-radius-top-right:0px;--awb-border-radius-bottom-right:0px;--awb-border-radius-bottom-left:0px;--awb-padding-bottom:0px;--awb-margin-top:-220px;--awb-margin-bottom:0px;--awb-flex-wrap:wrap;\" data-animationType=\"fadeIn\" data-animationDuration=\"1.5\" data-animationOffset=\"top-into-view\" ><div class=\"fusion-builder-row fusion-row fusion-flex-align-items-flex-start fusion-flex-content-wrap\" style=\"width:104% !important;max-width:104% !important;margin-left: calc(-4% \/ 2 );margin-right: calc(-4% \/ 2 );\"><div class=\"fusion-layout-column fusion_builder_column fusion-builder-column-4 fusion_builder_column_1_1 1_1 fusion-flex-column\" style=\"--awb-bg-size:cover;--awb-width-large:100%;--awb-margin-top-large:0px;--awb-spacing-right-large:1.92%;--awb-margin-bottom-large:0px;--awb-spacing-left-large:1.92%;--awb-width-medium:100%;--awb-order-medium:0;--awb-spacing-right-medium:1.92%;--awb-spacing-left-medium:1.92%;--awb-width-small:100%;--awb-order-small:0;--awb-spacing-right-small:1.92%;--awb-spacing-left-small:1.92%;\"><div class=\"fusion-column-wrapper fusion-column-has-shadow fusion-flex-justify-content-flex-start fusion-content-layout-column\"><div class=\"fusion-title title fusion-title-2 fusion-sep-none fusion-title-text fusion-title-size-two\" style=\"--awb-text-color:#ffffff;--awb-margin-top:0px;--awb-margin-bottom:30px;--awb-margin-top-small:0px;--awb-margin-right-small:10px;--awb-margin-bottom-small:10px;--awb-margin-left-small:0px;--awb-font-size:27px;\"><h2 class=\"fusion-title-heading title-heading-left fusion-responsive-typography-calculated\" style=\"margin:0;font-size:1em;--fontSize:27;line-height:1.2;\">Znajd\u017a odpowiedni produkt dla siebie:<\/h2><\/div><\/div><\/div><\/div><\/div><div class=\"fusion-fullwidth fullwidth-box fusion-builder-row-3 fusion-flex-container hundred-percent-fullwidth non-hundred-percent-height-scrolling fusion-animated\" style=\"--awb-border-radius-top-left:0px;--awb-border-radius-top-right:0px;--awb-border-radius-bottom-right:0px;--awb-border-radius-bottom-left:0px;--awb-padding-top:0px;--awb-padding-right:0px;--awb-padding-bottom:0px;--awb-padding-left:0px;--awb-margin-top:0px;--awb-margin-bottom:0px;--awb-flex-wrap:wrap;\" data-animationType=\"fadeInLeft\" data-animationDuration=\"1.5\" data-animationOffset=\"top-into-view\" ><div class=\"fusion-builder-row fusion-row fusion-flex-align-items-flex-start fusion-flex-content-wrap\" style=\"width:calc( 100% + 0px ) !important;max-width:calc( 100% + 0px ) !important;margin-left: calc(-0px \/ 2 );margin-right: calc(-0px \/ 2 );\"><div class=\"fusion-layout-column fusion_builder_column fusion-builder-column-5 fusion_builder_column_1_1 1_1 fusion-flex-column\" style=\"--awb-bg-size:cover;--awb-width-large:100%;--awb-margin-top-large:0px;--awb-spacing-right-large:0px;--awb-margin-bottom-large:0px;--awb-spacing-left-large:0px;--awb-width-medium:100%;--awb-order-medium:0;--awb-spacing-right-medium:0px;--awb-spacing-left-medium:0px;--awb-width-small:100%;--awb-order-small:0;--awb-spacing-right-small:0px;--awb-spacing-left-small:0px;\"><div class=\"fusion-column-wrapper fusion-column-has-shadow fusion-flex-justify-content-flex-start fusion-content-layout-column\"><style type=\"text\/css\">.fusion-portfolio-wrapper#fusion-portfolio-1 .fusion-portfolio-content{  text-align: center; }<\/style><div class=\"fusion-recent-works fusion-portfolio-element fusion-portfolio fusion-portfolio-1 fusion-portfolio-grid fusion-portfolio-paging-none fusion-portfolio-six fusion-portfolio-unboxed fusion-portfolio-text mini-card-list\" data-id=\"-rw-1\" data-columns=\"six\"><div><ul class=\"fusion-filters\" role=\"menu\" aria-label=\"Prodotti Filters\"><li role=\"presentation\" class=\"fusion-filter fusion-filter-all fusion-active\"><a href=\"#\" data-filter=\"*\" role=\"menuitem\">Wszystkie<\/a><\/li><li role=\"presentation\" class=\"fusion-filter fusion-hidden\"><a href=\"#\" data-filter=\".parowniki-skraplacze\" role=\"menuitem\">Parowniki \/ skraplacze<\/a><\/li><li role=\"presentation\" class=\"fusion-filter fusion-hidden\"><a href=\"#\" data-filter=\".grupy-dachow\" role=\"menuitem\">Grupy dach\u00f3w<\/a><\/li><li role=\"presentation\" class=\"fusion-filter fusion-hidden\"><a href=\"#\" data-filter=\".jednostka-hydrauliczna\" role=\"menuitem\">Jednostka hydrauliczna<\/a><\/li><li role=\"presentation\" class=\"fusion-filter fusion-hidden\"><a href=\"#\" data-filter=\".akcesoria\" role=\"menuitem\">Akcesoria<\/a><\/li><li role=\"presentation\" class=\"fusion-filter fusion-hidden\"><a href=\"#\" data-filter=\".akcesoria\" role=\"menuitem\">Akcesoria<\/a><\/li><li role=\"presentation\" class=\"fusion-filter fusion-hidden\"><a href=\"#\" data-filter=\".grupy-dachow\" role=\"menuitem\">Grupy dach\u00f3w<\/a><\/li><li role=\"presentation\" class=\"fusion-filter fusion-hidden\"><a href=\"#\" data-filter=\".akcesoria\" role=\"menuitem\">Akcesoria<\/a><\/li><li role=\"presentation\" class=\"fusion-filter fusion-hidden\"><a href=\"#\" data-filter=\".jednostka-hydrauliczna\" role=\"menuitem\">Jednostka hydrauliczna<\/a><\/li><li role=\"presentation\" class=\"fusion-filter fusion-hidden\"><a href=\"#\" data-filter=\".jednostka-elektryczna-12v-24v\" role=\"menuitem\">Jednostka elektryczna 12V-24V<\/a><\/li><li role=\"presentation\" class=\"fusion-filter fusion-hidden\"><a href=\"#\" data-filter=\".parowniki-skraplacze\" role=\"menuitem\">Parowniki \/ skraplacze<\/a><\/li><li role=\"presentation\" class=\"fusion-filter fusion-hidden\"><a href=\"#\" data-filter=\".grupy-dachow\" role=\"menuitem\">Grupy dach\u00f3w<\/a><\/li><li role=\"presentation\" class=\"fusion-filter fusion-hidden\"><a href=\"#\" data-filter=\".akcesoria\" role=\"menuitem\">Akcesoria<\/a><\/li><li role=\"presentation\" class=\"fusion-filter fusion-hidden\"><a href=\"#\" data-filter=\".akcesoria\" role=\"menuitem\">Akcesoria<\/a><\/li><li role=\"presentation\" class=\"fusion-filter fusion-hidden\"><a href=\"#\" data-filter=\".akcesoria\" role=\"menuitem\">Akcesoria<\/a><\/li><li role=\"presentation\" class=\"fusion-filter fusion-hidden\"><a href=\"#\" data-filter=\".parowniki-skraplacze\" role=\"menuitem\">Parowniki \/ skraplacze<\/a><\/li><\/ul><\/div><style type=\"text\/css\">.fusion-portfolio-1 .fusion-portfolio-wrapper .fusion-col-spacing{padding:0px;}<\/style><div class=\"fusion-portfolio-wrapper\" id=\"fusion-portfolio-1\" data-picturesize=\"auto\" data-pages=\"0\" style=\"margin:-0px;\"><article id=\"portfolio-1-post-19676\" class=\"fusion-portfolio-post minibus-e-midibus grupy-dachow fusion-col-spacing post-19676\"><div class=\"fusion-portfolio-content-wrapper\" style=\"border:none;\"><span class=\"vcard rich-snippet-hidden\"><span class=\"fn\"><a href=\"https:\/\/www.autoclima.com\/pl\/author\/ioadv\/\" title=\"Wpisy od ioadv\" rel=\"author\">ioadv<\/a><\/span><\/span><span class=\"updated rich-snippet-hidden\">2026-04-29T12:15:13+02:00<\/span><div  class=\"fusion-image-wrapper\" aria-haspopup=\"true\">\n\t\t\t\t\t\t\t<a href=\"https:\/\/www.autoclima.com\/pl\/applicazioni\/rt-rth-70-2\/\" aria-label=\"RT\/RTH 70\">\n\t\t\t\t\t\t\t<img decoding=\"async\" width=\"550\" height=\"550\" src=\"https:\/\/www.autoclima.com\/wp-content\/uploads\/autoclima-RT70.png\" class=\"attachment-full size-full wp-post-image\" alt=\"\" srcset=\"https:\/\/www.autoclima.com\/wp-content\/uploads\/autoclima-RT70-200x200.png 200w, https:\/\/www.autoclima.com\/wp-content\/uploads\/autoclima-RT70-400x400.png 400w, https:\/\/www.autoclima.com\/wp-content\/uploads\/autoclima-RT70.png 550w\" sizes=\"(min-width: 2200px) 100vw, (min-width: 1000px) 200px, (min-width: 928px) 240px, (min-width: 856px) 300px, (min-width: 784px) 400px, (min-width: 712px) 600px, (min-width: 640px) 712px, \" \/>\t\t\t<\/a>\n\t\t\t\t\t\t\t<\/div>\n<div class=\"fusion-portfolio-content\"><h2 class=\"entry-title fusion-post-title\"><a href=\"https:\/\/www.autoclima.com\/pl\/applicazioni\/rt-rth-70-2\/\">RT\/RTH 70<\/a><\/h2><div class=\"fusion-post-content\"><\/div><\/div><\/div><\/article><article id=\"portfolio-1-post-18651\" class=\"fusion-portfolio-post minibus-e-midibus grupy-dachow fusion-col-spacing post-18651\"><div class=\"fusion-portfolio-content-wrapper\" style=\"border:none;\"><span class=\"vcard rich-snippet-hidden\"><span class=\"fn\"><a href=\"https:\/\/www.autoclima.com\/pl\/author\/ioadv\/\" title=\"Wpisy od ioadv\" rel=\"author\">ioadv<\/a><\/span><\/span><span class=\"updated rich-snippet-hidden\">2026-04-29T11:54:43+02:00<\/span><div  class=\"fusion-image-wrapper\" aria-haspopup=\"true\">\n\t\t\t\t\t\t\t<a href=\"https:\/\/www.autoclima.com\/pl\/aplikacje\/rt-rth-85\/\" aria-label=\"RT\/RTH 85\">\n\t\t\t\t\t\t\t<img decoding=\"async\" width=\"550\" height=\"550\" src=\"https:\/\/www.autoclima.com\/wp-content\/uploads\/autoclima-RT85.png\" class=\"attachment-full size-full wp-post-image\" alt=\"\" srcset=\"https:\/\/www.autoclima.com\/wp-content\/uploads\/autoclima-RT85-200x200.png 200w, https:\/\/www.autoclima.com\/wp-content\/uploads\/autoclima-RT85-400x400.png 400w, https:\/\/www.autoclima.com\/wp-content\/uploads\/autoclima-RT85.png 550w\" sizes=\"(min-width: 2200px) 100vw, (min-width: 1000px) 200px, (min-width: 928px) 240px, (min-width: 856px) 300px, (min-width: 784px) 400px, (min-width: 712px) 600px, (min-width: 640px) 712px, \" \/>\t\t\t<\/a>\n\t\t\t\t\t\t\t<\/div>\n<div class=\"fusion-portfolio-content\"><h2 class=\"entry-title fusion-post-title\"><a href=\"https:\/\/www.autoclima.com\/pl\/aplikacje\/rt-rth-85\/\">RT\/RTH 85<\/a><\/h2><div class=\"fusion-post-content\"><\/div><\/div><\/div><\/article><article id=\"portfolio-1-post-20562\" class=\"fusion-portfolio-post minibus-e-midibus grupy-dachow fusion-col-spacing post-20562\"><div class=\"fusion-portfolio-content-wrapper\" style=\"border:none;\"><span class=\"vcard rich-snippet-hidden\"><span class=\"fn\"><a href=\"https:\/\/www.autoclima.com\/pl\/author\/ioadv\/\" title=\"Wpisy od ioadv\" rel=\"author\">ioadv<\/a><\/span><\/span><span class=\"updated rich-snippet-hidden\">2026-04-29T12:37:47+02:00<\/span><div  class=\"fusion-image-wrapper\" aria-haspopup=\"true\">\n\t\t\t\t\t\t\t<a href=\"https:\/\/www.autoclima.com\/pl\/aplikacje\/rt-rth-110\/\" aria-label=\"RT\/RTH 110\">\n\t\t\t\t\t\t\t<img decoding=\"async\" width=\"550\" height=\"550\" src=\"https:\/\/www.autoclima.com\/wp-content\/uploads\/autoclima-RT-110.jpg\" class=\"attachment-full size-full wp-post-image\" alt=\"\" srcset=\"https:\/\/www.autoclima.com\/wp-content\/uploads\/autoclima-RT-110-200x200.jpg 200w, https:\/\/www.autoclima.com\/wp-content\/uploads\/autoclima-RT-110-400x400.jpg 400w, https:\/\/www.autoclima.com\/wp-content\/uploads\/autoclima-RT-110.jpg 550w\" sizes=\"(min-width: 2200px) 100vw, (min-width: 1000px) 200px, (min-width: 928px) 240px, (min-width: 856px) 300px, (min-width: 784px) 400px, (min-width: 712px) 600px, (min-width: 640px) 712px, \" \/>\t\t\t<\/a>\n\t\t\t\t\t\t\t<\/div>\n<div class=\"fusion-portfolio-content\"><h2 class=\"entry-title fusion-post-title\"><a href=\"https:\/\/www.autoclima.com\/pl\/aplikacje\/rt-rth-110\/\">RT\/RTH 110<\/a><\/h2><div class=\"fusion-post-content\"><\/div><\/div><\/div><\/article><article id=\"portfolio-1-post-20511\" class=\"fusion-portfolio-post minibus-e-midibus grupy-dachow fusion-col-spacing post-20511\"><div class=\"fusion-portfolio-content-wrapper\" style=\"border:none;\"><span class=\"vcard rich-snippet-hidden\"><span class=\"fn\"><a href=\"https:\/\/www.autoclima.com\/pl\/author\/ioadv\/\" title=\"Wpisy od ioadv\" rel=\"author\">ioadv<\/a><\/span><\/span><span class=\"updated rich-snippet-hidden\">2026-04-29T12:37:10+02:00<\/span><div  class=\"fusion-image-wrapper\" aria-haspopup=\"true\">\n\t\t\t\t\t\t\t<a href=\"https:\/\/www.autoclima.com\/pl\/aplikacje\/rt-rth-120\/\" aria-label=\"RT\/RTH 120\">\n\t\t\t\t\t\t\t<img decoding=\"async\" width=\"550\" height=\"550\" src=\"https:\/\/www.autoclima.com\/wp-content\/uploads\/autoclima-RT120.png\" class=\"attachment-full size-full wp-post-image\" alt=\"\" srcset=\"https:\/\/www.autoclima.com\/wp-content\/uploads\/autoclima-RT120-200x200.png 200w, https:\/\/www.autoclima.com\/wp-content\/uploads\/autoclima-RT120-400x400.png 400w, https:\/\/www.autoclima.com\/wp-content\/uploads\/autoclima-RT120.png 550w\" sizes=\"(min-width: 2200px) 100vw, (min-width: 1000px) 200px, (min-width: 928px) 240px, (min-width: 856px) 300px, (min-width: 784px) 400px, (min-width: 712px) 600px, (min-width: 640px) 712px, \" \/>\t\t\t<\/a>\n\t\t\t\t\t\t\t<\/div>\n<div class=\"fusion-portfolio-content\"><h2 class=\"entry-title fusion-post-title\"><a href=\"https:\/\/www.autoclima.com\/pl\/aplikacje\/rt-rth-120\/\">RT\/RTH 120<\/a><\/h2><div class=\"fusion-post-content\"><\/div><\/div><\/div><\/article><article id=\"portfolio-1-post-19672\" class=\"fusion-portfolio-post minibus-e-midibus grupy-dachow fusion-col-spacing post-19672\"><div class=\"fusion-portfolio-content-wrapper\" style=\"border:none;\"><span class=\"vcard rich-snippet-hidden\"><span class=\"fn\"><a href=\"https:\/\/www.autoclima.com\/pl\/author\/ioadv\/\" title=\"Wpisy od ioadv\" rel=\"author\">ioadv<\/a><\/span><\/span><span class=\"updated rich-snippet-hidden\">2026-04-29T12:15:10+02:00<\/span><div  class=\"fusion-image-wrapper\" aria-haspopup=\"true\">\n\t\t\t\t\t\t\t<a href=\"https:\/\/www.autoclima.com\/pl\/aplikacje\/rt-rth-145\/\" aria-label=\"RT\/RTH 145\">\n\t\t\t\t\t\t\t<img decoding=\"async\" width=\"550\" height=\"550\" src=\"https:\/\/www.autoclima.com\/wp-content\/uploads\/autoclima-RT145.png\" class=\"attachment-full size-full wp-post-image\" alt=\"\" srcset=\"https:\/\/www.autoclima.com\/wp-content\/uploads\/autoclima-RT145-200x200.png 200w, https:\/\/www.autoclima.com\/wp-content\/uploads\/autoclima-RT145-400x400.png 400w, https:\/\/www.autoclima.com\/wp-content\/uploads\/autoclima-RT145.png 550w\" sizes=\"(min-width: 2200px) 100vw, (min-width: 1000px) 200px, (min-width: 928px) 240px, (min-width: 856px) 300px, (min-width: 784px) 400px, (min-width: 712px) 600px, (min-width: 640px) 712px, \" \/>\t\t\t<\/a>\n\t\t\t\t\t\t\t<\/div>\n<div class=\"fusion-portfolio-content\"><h2 class=\"entry-title fusion-post-title\"><a href=\"https:\/\/www.autoclima.com\/pl\/aplikacje\/rt-rth-145\/\">RT\/RTH 145<\/a><\/h2><div class=\"fusion-post-content\"><\/div><\/div><\/div><\/article><article id=\"portfolio-1-post-20552\" class=\"fusion-portfolio-post minibus-e-midibus grupy-dachow fusion-col-spacing post-20552\"><div class=\"fusion-portfolio-content-wrapper\" style=\"border:none;\"><span class=\"vcard rich-snippet-hidden\"><span class=\"fn\"><a href=\"https:\/\/www.autoclima.com\/pl\/author\/ioadv\/\" title=\"Wpisy od ioadv\" rel=\"author\">ioadv<\/a><\/span><\/span><span class=\"updated rich-snippet-hidden\">2026-04-29T12:37:41+02:00<\/span><div  class=\"fusion-image-wrapper\" aria-haspopup=\"true\">\n\t\t\t\t\t\t\t<a href=\"https:\/\/www.autoclima.com\/pl\/aplikacje\/rt-rth-160\/\" aria-label=\"RT\/RTH 160\">\n\t\t\t\t\t\t\t<img decoding=\"async\" width=\"3456\" height=\"2304\" src=\"https:\/\/www.autoclima.com\/wp-content\/uploads\/RT160-1.png\" class=\"attachment-full size-full wp-post-image\" alt=\"\" srcset=\"https:\/\/www.autoclima.com\/wp-content\/uploads\/RT160-1-200x133.png 200w, https:\/\/www.autoclima.com\/wp-content\/uploads\/RT160-1-400x267.png 400w, https:\/\/www.autoclima.com\/wp-content\/uploads\/RT160-1-600x400.png 600w, https:\/\/www.autoclima.com\/wp-content\/uploads\/RT160-1-800x533.png 800w, https:\/\/www.autoclima.com\/wp-content\/uploads\/RT160-1-1200x800.png 1200w, https:\/\/www.autoclima.com\/wp-content\/uploads\/RT160-1.png 3456w\" sizes=\"(min-width: 2200px) 100vw, (min-width: 1000px) 200px, (min-width: 928px) 240px, (min-width: 856px) 300px, (min-width: 784px) 400px, (min-width: 712px) 600px, (min-width: 640px) 712px, \" \/>\t\t\t<\/a>\n\t\t\t\t\t\t\t<\/div>\n<div class=\"fusion-portfolio-content\"><h2 class=\"entry-title fusion-post-title\"><a href=\"https:\/\/www.autoclima.com\/pl\/aplikacje\/rt-rth-160\/\">RT\/RTH 160<\/a><\/h2><div class=\"fusion-post-content\"><\/div><\/div><\/div><\/article><article id=\"portfolio-1-post-20548\" class=\"fusion-portfolio-post minibus-e-midibus grupy-dachow fusion-col-spacing post-20548\"><div class=\"fusion-portfolio-content-wrapper\" style=\"border:none;\"><span class=\"vcard rich-snippet-hidden\"><span class=\"fn\"><a href=\"https:\/\/www.autoclima.com\/pl\/author\/ioadv\/\" title=\"Wpisy od ioadv\" rel=\"author\">ioadv<\/a><\/span><\/span><span class=\"updated rich-snippet-hidden\">2026-04-29T12:37:37+02:00<\/span><div  class=\"fusion-image-wrapper\" aria-haspopup=\"true\">\n\t\t\t\t\t\t\t<a href=\"https:\/\/www.autoclima.com\/pl\/applicazioni\/rt-rth-201\/\" aria-label=\"RT\/RTH 201\">\n\t\t\t\t\t\t\t<img decoding=\"async\" width=\"550\" height=\"550\" src=\"https:\/\/www.autoclima.com\/wp-content\/uploads\/autoclima-RT201.png\" class=\"attachment-full size-full wp-post-image\" alt=\"\" srcset=\"https:\/\/www.autoclima.com\/wp-content\/uploads\/autoclima-RT201-200x200.png 200w, https:\/\/www.autoclima.com\/wp-content\/uploads\/autoclima-RT201-400x400.png 400w, https:\/\/www.autoclima.com\/wp-content\/uploads\/autoclima-RT201.png 550w\" sizes=\"(min-width: 2200px) 100vw, (min-width: 1000px) 200px, (min-width: 928px) 240px, (min-width: 856px) 300px, (min-width: 784px) 400px, (min-width: 712px) 600px, (min-width: 640px) 712px, \" \/>\t\t\t<\/a>\n\t\t\t\t\t\t\t<\/div>\n<div class=\"fusion-portfolio-content\"><h2 class=\"entry-title fusion-post-title\"><a href=\"https:\/\/www.autoclima.com\/pl\/applicazioni\/rt-rth-201\/\">RT\/RTH 201<\/a><\/h2><div class=\"fusion-post-content\"><\/div><\/div><\/div><\/article><article id=\"portfolio-1-post-19372\" class=\"fusion-portfolio-post minibus-e-midibus grupy-dachow fusion-col-spacing post-19372\"><div class=\"fusion-portfolio-content-wrapper\" style=\"border:none;\"><span class=\"vcard rich-snippet-hidden\"><span class=\"fn\"><a href=\"https:\/\/www.autoclima.com\/pl\/author\/ioadv\/\" title=\"Wpisy od ioadv\" rel=\"author\">ioadv<\/a><\/span><\/span><span class=\"updated rich-snippet-hidden\">2026-04-29T12:04:06+02:00<\/span><div  class=\"fusion-image-wrapper\" aria-haspopup=\"true\">\n\t\t\t\t\t\t\t<a href=\"https:\/\/www.autoclima.com\/pl\/aplikacje\/parownik-re-reh-50-2\/\" aria-label=\"Parownik RE\/REH 50\">\n\t\t\t\t\t\t\t<img decoding=\"async\" width=\"550\" height=\"550\" src=\"https:\/\/www.autoclima.com\/wp-content\/uploads\/autoclima-RE-REH50.png\" class=\"attachment-full size-full wp-post-image\" alt=\"\" srcset=\"https:\/\/www.autoclima.com\/wp-content\/uploads\/autoclima-RE-REH50-200x200.png 200w, https:\/\/www.autoclima.com\/wp-content\/uploads\/autoclima-RE-REH50-400x400.png 400w, https:\/\/www.autoclima.com\/wp-content\/uploads\/autoclima-RE-REH50.png 550w\" sizes=\"(min-width: 2200px) 100vw, (min-width: 1000px) 200px, (min-width: 928px) 240px, (min-width: 856px) 300px, (min-width: 784px) 400px, (min-width: 712px) 600px, (min-width: 640px) 712px, \" \/>\t\t\t<\/a>\n\t\t\t\t\t\t\t<\/div>\n<div class=\"fusion-portfolio-content\"><h2 class=\"entry-title fusion-post-title\"><a href=\"https:\/\/www.autoclima.com\/pl\/aplikacje\/parownik-re-reh-50-2\/\">Parownik RE\/REH 50<\/a><\/h2><div class=\"fusion-post-content\"><\/div><\/div><\/div><\/article><article id=\"portfolio-1-post-19395\" class=\"fusion-portfolio-post minibus-e-midibus akcesoria fusion-col-spacing post-19395\"><div class=\"fusion-portfolio-content-wrapper\" style=\"border:none;\"><span class=\"vcard rich-snippet-hidden\"><span class=\"fn\"><a href=\"https:\/\/www.autoclima.com\/pl\/author\/ioadv\/\" title=\"Wpisy od ioadv\" rel=\"author\">ioadv<\/a><\/span><\/span><span class=\"updated rich-snippet-hidden\">2026-04-29T12:04:22+02:00<\/span><div  class=\"fusion-image-wrapper\" aria-haspopup=\"true\">\n\t\t\t\t\t\t\t<a href=\"https:\/\/www.autoclima.com\/pl\/aplikacje\/filtry-powietrza\/\" aria-label=\"Filtry powietrza\">\n\t\t\t\t\t\t\t<img decoding=\"async\" width=\"550\" height=\"550\" src=\"https:\/\/www.autoclima.com\/wp-content\/uploads\/autoclima-filtri-aria.png\" class=\"attachment-full size-full wp-post-image\" alt=\"\" srcset=\"https:\/\/www.autoclima.com\/wp-content\/uploads\/autoclima-filtri-aria-200x200.png 200w, https:\/\/www.autoclima.com\/wp-content\/uploads\/autoclima-filtri-aria-400x400.png 400w, https:\/\/www.autoclima.com\/wp-content\/uploads\/autoclima-filtri-aria.png 550w\" sizes=\"(min-width: 2200px) 100vw, (min-width: 1000px) 200px, (min-width: 928px) 240px, (min-width: 856px) 300px, (min-width: 784px) 400px, (min-width: 712px) 600px, (min-width: 640px) 712px, \" \/>\t\t\t<\/a>\n\t\t\t\t\t\t\t<\/div>\n<div class=\"fusion-portfolio-content\"><h2 class=\"entry-title fusion-post-title\"><a href=\"https:\/\/www.autoclima.com\/pl\/aplikacje\/filtry-powietrza\/\">Filtry powietrza<\/a><\/h2><div class=\"fusion-post-content\"><\/div><\/div><\/div><\/article><article id=\"portfolio-1-post-19390\" class=\"fusion-portfolio-post akcesoria minibus-e-midibus fusion-col-spacing post-19390\"><div class=\"fusion-portfolio-content-wrapper\" style=\"border:none;\"><span class=\"vcard rich-snippet-hidden\"><span class=\"fn\"><a href=\"https:\/\/www.autoclima.com\/pl\/author\/ioadv\/\" title=\"Wpisy od ioadv\" rel=\"author\">ioadv<\/a><\/span><\/span><span class=\"updated rich-snippet-hidden\">2026-04-29T12:04:19+02:00<\/span><div  class=\"fusion-image-wrapper\" aria-haspopup=\"true\">\n\t\t\t\t\t\t\t<a href=\"https:\/\/www.autoclima.com\/pl\/applicazioni\/kanaly-powietrzne\/\" aria-label=\"Kana\u0142y powietrzne\">\n\t\t\t\t\t\t\t<img decoding=\"async\" width=\"550\" height=\"550\" src=\"https:\/\/www.autoclima.com\/wp-content\/uploads\/autoclima-canaline-aria.png\" class=\"attachment-full size-full wp-post-image\" alt=\"\" srcset=\"https:\/\/www.autoclima.com\/wp-content\/uploads\/autoclima-canaline-aria-200x200.png 200w, https:\/\/www.autoclima.com\/wp-content\/uploads\/autoclima-canaline-aria-400x400.png 400w, https:\/\/www.autoclima.com\/wp-content\/uploads\/autoclima-canaline-aria.png 550w\" sizes=\"(min-width: 2200px) 100vw, (min-width: 1000px) 200px, (min-width: 928px) 240px, (min-width: 856px) 300px, (min-width: 784px) 400px, (min-width: 712px) 600px, (min-width: 640px) 712px, \" \/>\t\t\t<\/a>\n\t\t\t\t\t\t\t<\/div>\n<div class=\"fusion-portfolio-content\"><h2 class=\"entry-title fusion-post-title\"><a href=\"https:\/\/www.autoclima.com\/pl\/applicazioni\/kanaly-powietrzne\/\">Kana\u0142y powietrzne<\/a><\/h2><div class=\"fusion-post-content\"><\/div><\/div><\/div><\/article><article id=\"portfolio-1-post-19383\" class=\"fusion-portfolio-post minibus-e-midibus akcesoria fusion-col-spacing post-19383\"><div class=\"fusion-portfolio-content-wrapper\" style=\"border:none;\"><span class=\"vcard rich-snippet-hidden\"><span class=\"fn\"><a href=\"https:\/\/www.autoclima.com\/pl\/author\/ioadv\/\" title=\"Wpisy od ioadv\" rel=\"author\">ioadv<\/a><\/span><\/span><span class=\"updated rich-snippet-hidden\">2026-04-29T12:04:16+02:00<\/span><div  class=\"fusion-image-wrapper\" aria-haspopup=\"true\">\n\t\t\t\t\t\t\t<a href=\"https:\/\/www.autoclima.com\/pl\/aplikacje\/przewody-easy-air\/\" aria-label=\"Przewody Easy Air\">\n\t\t\t\t\t\t\t<img decoding=\"async\" width=\"550\" height=\"550\" src=\"https:\/\/www.autoclima.com\/wp-content\/uploads\/autoclima-easy-air-1.png\" class=\"attachment-full size-full wp-post-image\" alt=\"\" srcset=\"https:\/\/www.autoclima.com\/wp-content\/uploads\/autoclima-easy-air-1-200x200.png 200w, https:\/\/www.autoclima.com\/wp-content\/uploads\/autoclima-easy-air-1-400x400.png 400w, https:\/\/www.autoclima.com\/wp-content\/uploads\/autoclima-easy-air-1.png 550w\" sizes=\"(min-width: 2200px) 100vw, (min-width: 1000px) 200px, (min-width: 928px) 240px, (min-width: 856px) 300px, (min-width: 784px) 400px, (min-width: 712px) 600px, (min-width: 640px) 712px, \" \/>\t\t\t<\/a>\n\t\t\t\t\t\t\t<\/div>\n<div class=\"fusion-portfolio-content\"><h2 class=\"entry-title fusion-post-title\"><a href=\"https:\/\/www.autoclima.com\/pl\/aplikacje\/przewody-easy-air\/\">Przewody Easy Air<\/a><\/h2><div class=\"fusion-post-content\"><\/div><\/div><\/div><\/article><article id=\"portfolio-1-post-20117\" class=\"fusion-portfolio-post minibus-e-midibus akcesoria fusion-col-spacing post-20117\"><div class=\"fusion-portfolio-content-wrapper\" style=\"border:none;\"><span class=\"vcard rich-snippet-hidden\"><span class=\"fn\"><a href=\"https:\/\/www.autoclima.com\/pl\/author\/ioadv\/\" title=\"Wpisy od ioadv\" rel=\"author\">ioadv<\/a><\/span><\/span><span class=\"updated rich-snippet-hidden\">2026-04-29T12:26:00+02:00<\/span><div  class=\"fusion-image-wrapper\" aria-haspopup=\"true\">\n\t\t\t\t\t\t\t<a href=\"https:\/\/www.autoclima.com\/pl\/applicazioni\/zakres-polecen-3\/\" aria-label=\"Zakres polece\u0144\">\n\t\t\t\t\t\t\t<img decoding=\"async\" width=\"550\" height=\"550\" src=\"https:\/\/www.autoclima.com\/wp-content\/uploads\/autoclima-comandi.png\" class=\"attachment-full size-full wp-post-image\" alt=\"\" srcset=\"https:\/\/www.autoclima.com\/wp-content\/uploads\/autoclima-comandi-200x200.png 200w, https:\/\/www.autoclima.com\/wp-content\/uploads\/autoclima-comandi-400x400.png 400w, https:\/\/www.autoclima.com\/wp-content\/uploads\/autoclima-comandi.png 550w\" sizes=\"(min-width: 2200px) 100vw, (min-width: 1000px) 200px, (min-width: 928px) 240px, (min-width: 856px) 300px, (min-width: 784px) 400px, (min-width: 712px) 600px, (min-width: 640px) 712px, \" \/>\t\t\t<\/a>\n\t\t\t\t\t\t\t<\/div>\n<div class=\"fusion-portfolio-content\"><h2 class=\"entry-title fusion-post-title\"><a href=\"https:\/\/www.autoclima.com\/pl\/applicazioni\/zakres-polecen-3\/\">Zakres polece\u0144<\/a><\/h2><div class=\"fusion-post-content\"><\/div><\/div><\/div><\/article><article id=\"portfolio-1-post-20322\" class=\"fusion-portfolio-post minibus-e-midibus veicoli-speciali mezzi-agricoli-e-movimento-terra akcesoria akcesoria fusion-col-spacing post-20322\"><div class=\"fusion-portfolio-content-wrapper\" style=\"border:none;\"><span class=\"vcard rich-snippet-hidden\"><span class=\"fn\"><a href=\"https:\/\/www.autoclima.com\/pl\/author\/veronica-arato\/\" title=\"Wpisy od veronica.arato\" rel=\"author\">veronica.arato<\/a><\/span><\/span><span class=\"updated rich-snippet-hidden\">2026-04-29T12:34:25+02:00<\/span><div  class=\"fusion-image-wrapper\" aria-haspopup=\"true\">\n\t\t\t\t\t\t\t<a href=\"https:\/\/www.autoclima.com\/pl\/applicazioni\/zakres-grzalek-2\/\" aria-label=\"Zakres grza\u0142ek\">\n\t\t\t\t\t\t\t<img decoding=\"async\" width=\"550\" height=\"550\" src=\"https:\/\/www.autoclima.com\/wp-content\/uploads\/autoclima-riscaldatori.png\" class=\"attachment-full size-full wp-post-image\" alt=\"\" srcset=\"https:\/\/www.autoclima.com\/wp-content\/uploads\/autoclima-riscaldatori-200x200.png 200w, https:\/\/www.autoclima.com\/wp-content\/uploads\/autoclima-riscaldatori-400x400.png 400w, https:\/\/www.autoclima.com\/wp-content\/uploads\/autoclima-riscaldatori.png 550w\" sizes=\"(min-width: 2200px) 100vw, (min-width: 1000px) 200px, (min-width: 928px) 240px, (min-width: 856px) 300px, (min-width: 784px) 400px, (min-width: 712px) 600px, (min-width: 640px) 712px, \" \/>\t\t\t<\/a>\n\t\t\t\t\t\t\t<\/div>\n<div class=\"fusion-portfolio-content\"><h2 class=\"entry-title fusion-post-title\"><a href=\"https:\/\/www.autoclima.com\/pl\/applicazioni\/zakres-grzalek-2\/\">Zakres grza\u0142ek<\/a><\/h2><div class=\"fusion-post-content\"><\/div><\/div><\/div><\/article><article id=\"portfolio-1-post-19659\" class=\"fusion-portfolio-post minibus-e-midibus akcesoria fusion-col-spacing post-19659\"><div class=\"fusion-portfolio-content-wrapper\" style=\"border:none;\"><span class=\"vcard rich-snippet-hidden\"><span class=\"fn\"><a href=\"https:\/\/www.autoclima.com\/pl\/author\/ioadv\/\" title=\"Wpisy od ioadv\" rel=\"author\">ioadv<\/a><\/span><\/span><span class=\"updated rich-snippet-hidden\">2026-04-29T12:14:59+02:00<\/span><div  class=\"fusion-image-wrapper\" aria-haspopup=\"true\">\n\t\t\t\t\t\t\t<a href=\"https:\/\/www.autoclima.com\/pl\/applicazioni\/zakres-grzalek\/\" aria-label=\"Zakres grza\u0142ek\">\n\t\t\t\t\t\t\t<img decoding=\"async\" width=\"550\" height=\"550\" src=\"https:\/\/www.autoclima.com\/wp-content\/uploads\/autoclima-riscaldatori.png\" class=\"attachment-full size-full wp-post-image\" alt=\"\" srcset=\"https:\/\/www.autoclima.com\/wp-content\/uploads\/autoclima-riscaldatori-200x200.png 200w, https:\/\/www.autoclima.com\/wp-content\/uploads\/autoclima-riscaldatori-400x400.png 400w, https:\/\/www.autoclima.com\/wp-content\/uploads\/autoclima-riscaldatori.png 550w\" sizes=\"(min-width: 2200px) 100vw, (min-width: 1000px) 200px, (min-width: 928px) 240px, (min-width: 856px) 300px, (min-width: 784px) 400px, (min-width: 712px) 600px, (min-width: 640px) 712px, \" \/>\t\t\t<\/a>\n\t\t\t\t\t\t\t<\/div>\n<div class=\"fusion-portfolio-content\"><h2 class=\"entry-title fusion-post-title\"><a href=\"https:\/\/www.autoclima.com\/pl\/applicazioni\/zakres-grzalek\/\">Zakres grza\u0142ek<\/a><\/h2><div class=\"fusion-post-content\"><\/div><\/div><\/div><\/article><article id=\"portfolio-1-post-19527\" class=\"fusion-portfolio-post minibus-e-midibus akcesoria fusion-col-spacing post-19527\"><div class=\"fusion-portfolio-content-wrapper\" style=\"border:none;\"><span class=\"vcard rich-snippet-hidden\"><span class=\"fn\"><a href=\"https:\/\/www.autoclima.com\/pl\/author\/veronica-arato\/\" title=\"Wpisy od veronica.arato\" rel=\"author\">veronica.arato<\/a><\/span><\/span><span class=\"updated rich-snippet-hidden\">2026-04-29T12:06:54+02:00<\/span><div  class=\"fusion-image-wrapper\" aria-haspopup=\"true\">\n\t\t\t\t\t\t\t<a href=\"https:\/\/www.autoclima.com\/pl\/aplikacje\/saniclima-w200\/\" aria-label=\"Saniclima W200\">\n\t\t\t\t\t\t\t<img decoding=\"async\" width=\"550\" height=\"550\" src=\"https:\/\/www.autoclima.com\/wp-content\/uploads\/autoclima-saniclima-W200.png\" class=\"attachment-full size-full wp-post-image\" alt=\"\" srcset=\"https:\/\/www.autoclima.com\/wp-content\/uploads\/autoclima-saniclima-W200-200x200.png 200w, https:\/\/www.autoclima.com\/wp-content\/uploads\/autoclima-saniclima-W200-400x400.png 400w, https:\/\/www.autoclima.com\/wp-content\/uploads\/autoclima-saniclima-W200.png 550w\" sizes=\"(min-width: 2200px) 100vw, (min-width: 1000px) 200px, (min-width: 928px) 240px, (min-width: 856px) 300px, (min-width: 784px) 400px, (min-width: 712px) 600px, (min-width: 640px) 712px, \" \/>\t\t\t<\/a>\n\t\t\t\t\t\t\t<\/div>\n<div class=\"fusion-portfolio-content\"><h2 class=\"entry-title fusion-post-title\"><a href=\"https:\/\/www.autoclima.com\/pl\/aplikacje\/saniclima-w200\/\">Saniclima W200<\/a><\/h2><div class=\"fusion-post-content\"><\/div><\/div><\/div><\/article><article id=\"portfolio-1-post-18837\" class=\"fusion-portfolio-post veicoli-refrigerati-pl akcesoria fusion-col-spacing post-18837\"><div class=\"fusion-portfolio-content-wrapper\" style=\"border:none;\"><span class=\"vcard rich-snippet-hidden\"><span class=\"fn\"><a href=\"https:\/\/www.autoclima.com\/pl\/author\/ioadv\/\" title=\"Wpisy od ioadv\" rel=\"author\">ioadv<\/a><\/span><\/span><span class=\"updated rich-snippet-hidden\">2026-04-29T11:57:12+02:00<\/span><div  class=\"fusion-image-wrapper\" aria-haspopup=\"true\">\n\t\t\t\t\t\t\t<a href=\"https:\/\/www.autoclima.com\/pl\/aplikacje\/drukarka-rejestratora-danych\/\" aria-label=\"Drukarka rejestratora danych\">\n\t\t\t\t\t\t\t<img decoding=\"async\" width=\"550\" height=\"550\" src=\"https:\/\/www.autoclima.com\/wp-content\/uploads\/autoclima-datalogger-stampante.png\" class=\"attachment-full size-full wp-post-image\" alt=\"\" srcset=\"https:\/\/www.autoclima.com\/wp-content\/uploads\/autoclima-datalogger-stampante-200x200.png 200w, https:\/\/www.autoclima.com\/wp-content\/uploads\/autoclima-datalogger-stampante-400x400.png 400w, https:\/\/www.autoclima.com\/wp-content\/uploads\/autoclima-datalogger-stampante.png 550w\" sizes=\"(min-width: 2200px) 100vw, (min-width: 1000px) 200px, (min-width: 928px) 240px, (min-width: 856px) 300px, (min-width: 784px) 400px, (min-width: 712px) 600px, (min-width: 640px) 712px, \" \/>\t\t\t<\/a>\n\t\t\t\t\t\t\t<\/div>\n<div class=\"fusion-portfolio-content\"><h2 class=\"entry-title fusion-post-title\"><a href=\"https:\/\/www.autoclima.com\/pl\/aplikacje\/drukarka-rejestratora-danych\/\">Drukarka rejestratora danych<\/a><\/h2><div class=\"fusion-post-content\"><\/div><\/div><\/div><\/article><article id=\"portfolio-1-post-19418\" class=\"fusion-portfolio-post veicoli-refrigerati-pl akcesoria fusion-col-spacing post-19418\"><div class=\"fusion-portfolio-content-wrapper\" style=\"border:none;\"><span class=\"vcard rich-snippet-hidden\"><span class=\"fn\"><a href=\"https:\/\/www.autoclima.com\/pl\/author\/ioadv\/\" title=\"Wpisy od ioadv\" rel=\"author\">ioadv<\/a><\/span><\/span><span class=\"updated rich-snippet-hidden\">2026-04-29T12:04:40+02:00<\/span><div  class=\"fusion-image-wrapper\" aria-haspopup=\"true\">\n\t\t\t\t\t\t\t<a href=\"https:\/\/www.autoclima.com\/pl\/applicazioni\/wsporniki\/\" aria-label=\"Wsporniki\">\n\t\t\t\t\t\t\t<img decoding=\"async\" width=\"550\" height=\"550\" src=\"https:\/\/www.autoclima.com\/wp-content\/uploads\/autoclima-staffaggi.png\" class=\"attachment-full size-full wp-post-image\" alt=\"\" srcset=\"https:\/\/www.autoclima.com\/wp-content\/uploads\/autoclima-staffaggi-200x200.png 200w, https:\/\/www.autoclima.com\/wp-content\/uploads\/autoclima-staffaggi-400x400.png 400w, https:\/\/www.autoclima.com\/wp-content\/uploads\/autoclima-staffaggi.png 550w\" sizes=\"(min-width: 2200px) 100vw, (min-width: 1000px) 200px, (min-width: 928px) 240px, (min-width: 856px) 300px, (min-width: 784px) 400px, (min-width: 712px) 600px, (min-width: 640px) 712px, \" \/>\t\t\t<\/a>\n\t\t\t\t\t\t\t<\/div>\n<div class=\"fusion-portfolio-content\"><h2 class=\"entry-title fusion-post-title\"><a href=\"https:\/\/www.autoclima.com\/pl\/applicazioni\/wsporniki\/\">Wsporniki<\/a><\/h2><div class=\"fusion-post-content\"><\/div><\/div><\/div><\/article><article id=\"portfolio-1-post-19684\" class=\"fusion-portfolio-post parowniki-skraplacze veicoli-speciali fusion-col-spacing post-19684\"><div class=\"fusion-portfolio-content-wrapper\" style=\"border:none;\"><span class=\"vcard rich-snippet-hidden\"><span class=\"fn\"><a href=\"https:\/\/www.autoclima.com\/pl\/author\/ioadv\/\" title=\"Wpisy od ioadv\" rel=\"author\">ioadv<\/a><\/span><\/span><span class=\"updated rich-snippet-hidden\">2026-04-29T12:15:23+02:00<\/span><div  class=\"fusion-image-wrapper\" aria-haspopup=\"true\">\n\t\t\t\t\t\t\t<a href=\"https:\/\/www.autoclima.com\/pl\/applicazioni\/parownik-e40-super-alaska-eh40-elecsta\/\" aria-label=\"Parownik E40 Super Alaska EH40 Elecsta\">\n\t\t\t\t\t\t\t<img decoding=\"async\" width=\"550\" height=\"550\" src=\"https:\/\/www.autoclima.com\/wp-content\/uploads\/autoclima-e40.png\" class=\"attachment-full size-full wp-post-image\" alt=\"\" srcset=\"https:\/\/www.autoclima.com\/wp-content\/uploads\/autoclima-e40-200x200.png 200w, https:\/\/www.autoclima.com\/wp-content\/uploads\/autoclima-e40-400x400.png 400w, https:\/\/www.autoclima.com\/wp-content\/uploads\/autoclima-e40.png 550w\" sizes=\"(min-width: 2200px) 100vw, (min-width: 1000px) 200px, (min-width: 928px) 240px, (min-width: 856px) 300px, (min-width: 784px) 400px, (min-width: 712px) 600px, (min-width: 640px) 712px, \" \/>\t\t\t<\/a>\n\t\t\t\t\t\t\t<\/div>\n<div class=\"fusion-portfolio-content\"><h2 class=\"entry-title fusion-post-title\"><a href=\"https:\/\/www.autoclima.com\/pl\/applicazioni\/parownik-e40-super-alaska-eh40-elecsta\/\">Parownik E40 Super Alaska EH40 Elecsta<\/a><\/h2><div class=\"fusion-post-content\"><\/div><\/div><\/div><\/article><article id=\"portfolio-1-post-20428\" class=\"fusion-portfolio-post veicoli-speciali parowniki-skraplacze fusion-col-spacing post-20428\"><div class=\"fusion-portfolio-content-wrapper\" style=\"border:none;\"><span class=\"vcard rich-snippet-hidden\"><span class=\"fn\"><a href=\"https:\/\/www.autoclima.com\/pl\/author\/veronica-arato\/\" title=\"Wpisy od veronica.arato\" rel=\"author\">veronica.arato<\/a><\/span><\/span><span class=\"updated rich-snippet-hidden\">2026-04-29T12:35:51+02:00<\/span><div  class=\"fusion-image-wrapper\" aria-haspopup=\"true\">\n\t\t\t\t\t\t\t<a href=\"https:\/\/www.autoclima.com\/pl\/applicazioni\/ev-evh-40-1-pionowy-dwustronny-parownik-o-duzej-wytrzymalosci\/\" aria-label=\"EV\/EVH 40\/1 Pionowy dwustronny parownik o du\u017cej wytrzyma\u0142o\u015bci\">\n\t\t\t\t\t\t\t<img decoding=\"async\" width=\"2511\" height=\"2511\" src=\"https:\/\/www.autoclima.com\/wp-content\/uploads\/Ev401_TwoSides.png\" class=\"attachment-full size-full wp-post-image\" alt=\"\" srcset=\"https:\/\/www.autoclima.com\/wp-content\/uploads\/Ev401_TwoSides-200x200.png 200w, https:\/\/www.autoclima.com\/wp-content\/uploads\/Ev401_TwoSides-400x400.png 400w, https:\/\/www.autoclima.com\/wp-content\/uploads\/Ev401_TwoSides-600x600.png 600w, https:\/\/www.autoclima.com\/wp-content\/uploads\/Ev401_TwoSides-800x800.png 800w, https:\/\/www.autoclima.com\/wp-content\/uploads\/Ev401_TwoSides-1200x1200.png 1200w, https:\/\/www.autoclima.com\/wp-content\/uploads\/Ev401_TwoSides.png 2511w\" sizes=\"(min-width: 2200px) 100vw, (min-width: 1000px) 200px, (min-width: 928px) 240px, (min-width: 856px) 300px, (min-width: 784px) 400px, (min-width: 712px) 600px, (min-width: 640px) 712px, \" \/>\t\t\t<\/a>\n\t\t\t\t\t\t\t<\/div>\n<div class=\"fusion-portfolio-content\"><h2 class=\"entry-title fusion-post-title\"><a href=\"https:\/\/www.autoclima.com\/pl\/applicazioni\/ev-evh-40-1-pionowy-dwustronny-parownik-o-duzej-wytrzymalosci\/\">EV\/EVH 40\/1 Pionowy dwustronny parownik o du\u017cej wytrzyma\u0142o\u015bci<\/a><\/h2><div class=\"fusion-post-content\"><\/div><\/div><\/div><\/article><article id=\"portfolio-1-post-19861\" class=\"fusion-portfolio-post veicoli-speciali parowniki-skraplacze fusion-col-spacing post-19861\"><div class=\"fusion-portfolio-content-wrapper\" style=\"border:none;\"><span class=\"vcard rich-snippet-hidden\"><span class=\"fn\"><a href=\"https:\/\/www.autoclima.com\/pl\/author\/ioadv\/\" title=\"Wpisy od ioadv\" rel=\"author\">ioadv<\/a><\/span><\/span><span class=\"updated rich-snippet-hidden\">2026-04-29T12:21:05+02:00<\/span><div  class=\"fusion-image-wrapper\" aria-haspopup=\"true\">\n\t\t\t\t\t\t\t<a href=\"https:\/\/www.autoclima.com\/pl\/aplikacje\/ev-evh-40-1-pionowy-parownik-scienny-do-duzych-obciazen-2\/\" aria-label=\"EV\/EVH 40\/1 Pionowy parownik \u015bcienny do du\u017cych obci\u0105\u017ce\u0144\">\n\t\t\t\t\t\t\t<img decoding=\"async\" width=\"2511\" height=\"2511\" src=\"https:\/\/www.autoclima.com\/wp-content\/uploads\/EV401_Vertical-e1682519349799.png\" class=\"attachment-full size-full wp-post-image\" alt=\"\" \/>\t\t\t<\/a>\n\t\t\t\t\t\t\t<\/div>\n<div class=\"fusion-portfolio-content\"><h2 class=\"entry-title fusion-post-title\"><a href=\"https:\/\/www.autoclima.com\/pl\/aplikacje\/ev-evh-40-1-pionowy-parownik-scienny-do-duzych-obciazen-2\/\">EV\/EVH 40\/1 Pionowy parownik \u015bcienny do du\u017cych obci\u0105\u017ce\u0144<\/a><\/h2><div class=\"fusion-post-content\"><\/div><\/div><\/div><\/article><article id=\"portfolio-1-post-19461\" class=\"fusion-portfolio-post veicoli-speciali parowniki-skraplacze fusion-col-spacing post-19461\"><div class=\"fusion-portfolio-content-wrapper\" style=\"border:none;\"><span class=\"vcard rich-snippet-hidden\"><span class=\"fn\"><a href=\"https:\/\/www.autoclima.com\/pl\/author\/veronica-arato\/\" title=\"Wpisy od veronica.arato\" rel=\"author\">veronica.arato<\/a><\/span><\/span><span class=\"updated rich-snippet-hidden\">2026-04-29T12:05:14+02:00<\/span><div  class=\"fusion-image-wrapper\" aria-haspopup=\"true\">\n\t\t\t\t\t\t\t<a href=\"https:\/\/www.autoclima.com\/pl\/aplikacje\/ev-evh-40-3-pionowy-parownik-scienny-3\/\" aria-label=\"EV\/EVH 40\/3 Pionowy parownik \u015bcienny\">\n\t\t\t\t\t\t\t<img decoding=\"async\" width=\"550\" height=\"550\" src=\"https:\/\/www.autoclima.com\/wp-content\/uploads\/autoclima-EV40-3-Vertical-parete.png\" class=\"attachment-full size-full wp-post-image\" alt=\"\" srcset=\"https:\/\/www.autoclima.com\/wp-content\/uploads\/autoclima-EV40-3-Vertical-parete-200x200.png 200w, https:\/\/www.autoclima.com\/wp-content\/uploads\/autoclima-EV40-3-Vertical-parete-400x400.png 400w, https:\/\/www.autoclima.com\/wp-content\/uploads\/autoclima-EV40-3-Vertical-parete.png 550w\" sizes=\"(min-width: 2200px) 100vw, (min-width: 1000px) 200px, (min-width: 928px) 240px, (min-width: 856px) 300px, (min-width: 784px) 400px, (min-width: 712px) 600px, (min-width: 640px) 712px, \" \/>\t\t\t<\/a>\n\t\t\t\t\t\t\t<\/div>\n<div class=\"fusion-portfolio-content\"><h2 class=\"entry-title fusion-post-title\"><a href=\"https:\/\/www.autoclima.com\/pl\/aplikacje\/ev-evh-40-3-pionowy-parownik-scienny-3\/\">EV\/EVH 40\/3 Pionowy parownik \u015bcienny<\/a><\/h2><div class=\"fusion-post-content\"><\/div><\/div><\/div><\/article><article id=\"portfolio-1-post-18643\" class=\"fusion-portfolio-post veicoli-speciali parowniki-skraplacze fusion-col-spacing post-18643\"><div class=\"fusion-portfolio-content-wrapper\" style=\"border:none;\"><span class=\"vcard rich-snippet-hidden\"><span class=\"fn\"><a href=\"https:\/\/www.autoclima.com\/pl\/author\/ioadv\/\" title=\"Wpisy od ioadv\" rel=\"author\">ioadv<\/a><\/span><\/span><span class=\"updated rich-snippet-hidden\">2026-04-29T11:54:36+02:00<\/span><div  class=\"fusion-image-wrapper\" aria-haspopup=\"true\">\n\t\t\t\t\t\t\t<a href=\"https:\/\/www.autoclima.com\/pl\/applicazioni\/ev-evh-40-3-pionowy-parownik-centralny\/\" aria-label=\"EV\/EVH 40\/3 Pionowy parownik centralny\">\n\t\t\t\t\t\t\t<img decoding=\"async\" width=\"550\" height=\"550\" src=\"https:\/\/www.autoclima.com\/wp-content\/uploads\/autoclima-EV40-3-vertical-centrale.png\" class=\"attachment-full size-full wp-post-image\" alt=\"\" srcset=\"https:\/\/www.autoclima.com\/wp-content\/uploads\/autoclima-EV40-3-vertical-centrale-200x200.png 200w, https:\/\/www.autoclima.com\/wp-content\/uploads\/autoclima-EV40-3-vertical-centrale-400x400.png 400w, https:\/\/www.autoclima.com\/wp-content\/uploads\/autoclima-EV40-3-vertical-centrale.png 550w\" sizes=\"(min-width: 2200px) 100vw, (min-width: 1000px) 200px, (min-width: 928px) 240px, (min-width: 856px) 300px, (min-width: 784px) 400px, (min-width: 712px) 600px, (min-width: 640px) 712px, \" \/>\t\t\t<\/a>\n\t\t\t\t\t\t\t<\/div>\n<div class=\"fusion-portfolio-content\"><h2 class=\"entry-title fusion-post-title\"><a href=\"https:\/\/www.autoclima.com\/pl\/applicazioni\/ev-evh-40-3-pionowy-parownik-centralny\/\">EV\/EVH 40\/3 Pionowy parownik centralny<\/a><\/h2><div class=\"fusion-post-content\"><\/div><\/div><\/div><\/article><article id=\"portfolio-1-post-18861\" class=\"fusion-portfolio-post veicoli-speciali parowniki-skraplacze fusion-col-spacing post-18861\"><div class=\"fusion-portfolio-content-wrapper\" style=\"border:none;\"><span class=\"vcard rich-snippet-hidden\"><span class=\"fn\"><a href=\"https:\/\/www.autoclima.com\/pl\/author\/ioadv\/\" title=\"Wpisy od ioadv\" rel=\"author\">ioadv<\/a><\/span><\/span><span class=\"updated rich-snippet-hidden\">2026-04-29T11:57:29+02:00<\/span><div  class=\"fusion-image-wrapper\" aria-haspopup=\"true\">\n\t\t\t\t\t\t\t<a href=\"https:\/\/www.autoclima.com\/pl\/aplikacje\/parownik-re-reh-50\/\" aria-label=\"Parownik RE\/REH 50\">\n\t\t\t\t\t\t\t<img decoding=\"async\" width=\"550\" height=\"550\" src=\"https:\/\/www.autoclima.com\/wp-content\/uploads\/autoclima-RE-REH50.png\" class=\"attachment-full size-full wp-post-image\" alt=\"\" srcset=\"https:\/\/www.autoclima.com\/wp-content\/uploads\/autoclima-RE-REH50-200x200.png 200w, https:\/\/www.autoclima.com\/wp-content\/uploads\/autoclima-RE-REH50-400x400.png 400w, https:\/\/www.autoclima.com\/wp-content\/uploads\/autoclima-RE-REH50.png 550w\" sizes=\"(min-width: 2200px) 100vw, (min-width: 1000px) 200px, (min-width: 928px) 240px, (min-width: 856px) 300px, (min-width: 784px) 400px, (min-width: 712px) 600px, (min-width: 640px) 712px, \" \/>\t\t\t<\/a>\n\t\t\t\t\t\t\t<\/div>\n<div class=\"fusion-portfolio-content\"><h2 class=\"entry-title fusion-post-title\"><a href=\"https:\/\/www.autoclima.com\/pl\/aplikacje\/parownik-re-reh-50\/\">Parownik RE\/REH 50<\/a><\/h2><div class=\"fusion-post-content\"><\/div><\/div><\/div><\/article><article id=\"portfolio-1-post-19247\" class=\"fusion-portfolio-post veicoli-speciali parowniki-skraplacze fusion-col-spacing post-19247\"><div class=\"fusion-portfolio-content-wrapper\" style=\"border:none;\"><span class=\"vcard rich-snippet-hidden\"><span class=\"fn\"><a href=\"https:\/\/www.autoclima.com\/pl\/author\/ioadv\/\" title=\"Wpisy od ioadv\" rel=\"author\">ioadv<\/a><\/span><\/span><span class=\"updated rich-snippet-hidden\">2026-04-29T12:02:51+02:00<\/span><div  class=\"fusion-image-wrapper\" aria-haspopup=\"true\">\n\t\t\t\t\t\t\t<a href=\"https:\/\/www.autoclima.com\/pl\/aplikacje\/parownik-e-eh-50-evo\/\" aria-label=\"Parownik E\/EH 50 EVO\">\n\t\t\t\t\t\t\t<img decoding=\"async\" width=\"550\" height=\"550\" src=\"https:\/\/www.autoclima.com\/wp-content\/uploads\/autoclima-E-EH50-EVO.png\" class=\"attachment-full size-full wp-post-image\" alt=\"\" srcset=\"https:\/\/www.autoclima.com\/wp-content\/uploads\/autoclima-E-EH50-EVO-200x200.png 200w, https:\/\/www.autoclima.com\/wp-content\/uploads\/autoclima-E-EH50-EVO-400x400.png 400w, https:\/\/www.autoclima.com\/wp-content\/uploads\/autoclima-E-EH50-EVO.png 550w\" sizes=\"(min-width: 2200px) 100vw, (min-width: 1000px) 200px, (min-width: 928px) 240px, (min-width: 856px) 300px, (min-width: 784px) 400px, (min-width: 712px) 600px, (min-width: 640px) 712px, \" \/>\t\t\t<\/a>\n\t\t\t\t\t\t\t<\/div>\n<div class=\"fusion-portfolio-content\"><h2 class=\"entry-title fusion-post-title\"><a href=\"https:\/\/www.autoclima.com\/pl\/aplikacje\/parownik-e-eh-50-evo\/\">Parownik E\/EH 50 EVO<\/a><\/h2><div class=\"fusion-post-content\"><\/div><\/div><\/div><\/article><article id=\"portfolio-1-post-20191\" class=\"fusion-portfolio-post veicoli-speciali parowniki-skraplacze fusion-col-spacing post-20191\"><div class=\"fusion-portfolio-content-wrapper\" style=\"border:none;\"><span class=\"vcard rich-snippet-hidden\"><span class=\"fn\"><a href=\"https:\/\/www.autoclima.com\/pl\/author\/ioadv\/\" title=\"Wpisy od ioadv\" rel=\"author\">ioadv<\/a><\/span><\/span><span class=\"updated rich-snippet-hidden\">2026-04-29T12:28:57+02:00<\/span><div  class=\"fusion-image-wrapper\" aria-haspopup=\"true\">\n\t\t\t\t\t\t\t<a href=\"https:\/\/www.autoclima.com\/pl\/aplikacje\/parownik-e-eh-60-mistral-2\/\" aria-label=\"Parownik E\/EH 60 Mistral\">\n\t\t\t\t\t\t\t<img decoding=\"async\" width=\"550\" height=\"550\" src=\"https:\/\/www.autoclima.com\/wp-content\/uploads\/autoclima-E60.png\" class=\"attachment-full size-full wp-post-image\" alt=\"\" srcset=\"https:\/\/www.autoclima.com\/wp-content\/uploads\/autoclima-E60-200x200.png 200w, https:\/\/www.autoclima.com\/wp-content\/uploads\/autoclima-E60-400x400.png 400w, https:\/\/www.autoclima.com\/wp-content\/uploads\/autoclima-E60.png 550w\" sizes=\"(min-width: 2200px) 100vw, (min-width: 1000px) 200px, (min-width: 928px) 240px, (min-width: 856px) 300px, (min-width: 784px) 400px, (min-width: 712px) 600px, (min-width: 640px) 712px, \" \/>\t\t\t<\/a>\n\t\t\t\t\t\t\t<\/div>\n<div class=\"fusion-portfolio-content\"><h2 class=\"entry-title fusion-post-title\"><a href=\"https:\/\/www.autoclima.com\/pl\/aplikacje\/parownik-e-eh-60-mistral-2\/\">Parownik E\/EH 60 Mistral<\/a><\/h2><div class=\"fusion-post-content\"><\/div><\/div><\/div><\/article><article id=\"portfolio-1-post-19415\" class=\"fusion-portfolio-post veicoli-speciali parowniki-skraplacze fusion-col-spacing post-19415\"><div class=\"fusion-portfolio-content-wrapper\" style=\"border:none;\"><span class=\"vcard rich-snippet-hidden\"><span class=\"fn\"><a href=\"https:\/\/www.autoclima.com\/pl\/author\/ioadv\/\" title=\"Wpisy od ioadv\" rel=\"author\">ioadv<\/a><\/span><\/span><span class=\"updated rich-snippet-hidden\">2026-04-29T12:04:39+02:00<\/span><div  class=\"fusion-image-wrapper\" aria-haspopup=\"true\">\n\t\t\t\t\t\t\t<a href=\"https:\/\/www.autoclima.com\/pl\/aplikacje\/parownik-e60dd-eh60dd-new-bering\/\" aria-label=\"Parownik E60DD\/EH60DD NEW BERING\">\n\t\t\t\t\t\t\t<img decoding=\"async\" width=\"550\" height=\"550\" src=\"https:\/\/www.autoclima.com\/wp-content\/uploads\/autoclima-bering.png\" class=\"attachment-full size-full wp-post-image\" alt=\"\" srcset=\"https:\/\/www.autoclima.com\/wp-content\/uploads\/autoclima-bering-200x200.png 200w, https:\/\/www.autoclima.com\/wp-content\/uploads\/autoclima-bering-400x400.png 400w, https:\/\/www.autoclima.com\/wp-content\/uploads\/autoclima-bering.png 550w\" sizes=\"(min-width: 2200px) 100vw, (min-width: 1000px) 200px, (min-width: 928px) 240px, (min-width: 856px) 300px, (min-width: 784px) 400px, (min-width: 712px) 600px, (min-width: 640px) 712px, \" \/>\t\t\t<\/a>\n\t\t\t\t\t\t\t<\/div>\n<div class=\"fusion-portfolio-content\"><h2 class=\"entry-title fusion-post-title\"><a href=\"https:\/\/www.autoclima.com\/pl\/aplikacje\/parownik-e60dd-eh60dd-new-bering\/\">Parownik E60DD\/EH60DD NEW BERING<\/a><\/h2><div class=\"fusion-post-content\"><\/div><\/div><\/div><\/article><article id=\"portfolio-1-post-19854\" class=\"fusion-portfolio-post veicoli-speciali parowniki-skraplacze fusion-col-spacing post-19854\"><div class=\"fusion-portfolio-content-wrapper\" style=\"border:none;\"><span class=\"vcard rich-snippet-hidden\"><span class=\"fn\"><a href=\"https:\/\/www.autoclima.com\/pl\/author\/ioadv\/\" title=\"Wpisy od ioadv\" rel=\"author\">ioadv<\/a><\/span><\/span><span class=\"updated rich-snippet-hidden\">2026-04-29T12:20:57+02:00<\/span><div  class=\"fusion-image-wrapper\" aria-haspopup=\"true\">\n\t\t\t\t\t\t\t<a href=\"https:\/\/www.autoclima.com\/pl\/applicazioni\/parownik-ev-evh-70\/\" aria-label=\"Parownik EV\/EVH 70\">\n\t\t\t\t\t\t\t<img decoding=\"async\" width=\"550\" height=\"550\" src=\"https:\/\/www.autoclima.com\/wp-content\/uploads\/autoclima-EV70.png\" class=\"attachment-full size-full wp-post-image\" alt=\"\" srcset=\"https:\/\/www.autoclima.com\/wp-content\/uploads\/autoclima-EV70-200x200.png 200w, https:\/\/www.autoclima.com\/wp-content\/uploads\/autoclima-EV70-400x400.png 400w, https:\/\/www.autoclima.com\/wp-content\/uploads\/autoclima-EV70.png 550w\" sizes=\"(min-width: 2200px) 100vw, (min-width: 1000px) 200px, (min-width: 928px) 240px, (min-width: 856px) 300px, (min-width: 784px) 400px, (min-width: 712px) 600px, (min-width: 640px) 712px, \" \/>\t\t\t<\/a>\n\t\t\t\t\t\t\t<\/div>\n<div class=\"fusion-portfolio-content\"><h2 class=\"entry-title fusion-post-title\"><a href=\"https:\/\/www.autoclima.com\/pl\/applicazioni\/parownik-ev-evh-70\/\">Parownik EV\/EVH 70<\/a><\/h2><div class=\"fusion-post-content\"><\/div><\/div><\/div><\/article><article id=\"portfolio-1-post-19844\" class=\"fusion-portfolio-post veicoli-speciali parowniki-skraplacze fusion-col-spacing post-19844\"><div class=\"fusion-portfolio-content-wrapper\" style=\"border:none;\"><span class=\"vcard rich-snippet-hidden\"><span class=\"fn\"><a href=\"https:\/\/www.autoclima.com\/pl\/author\/ioadv\/\" title=\"Wpisy od ioadv\" rel=\"author\">ioadv<\/a><\/span><\/span><span class=\"updated rich-snippet-hidden\">2026-04-29T12:20:09+02:00<\/span><div  class=\"fusion-image-wrapper\" aria-haspopup=\"true\">\n\t\t\t\t\t\t\t<a href=\"https:\/\/www.autoclima.com\/pl\/applicazioni\/parownik-evh-70-evo\/\" aria-label=\"Parownik EVH 70 EVO\">\n\t\t\t\t\t\t\t<img decoding=\"async\" width=\"550\" height=\"550\" src=\"https:\/\/www.autoclima.com\/wp-content\/uploads\/autoclima-EVH70EVO.png\" class=\"attachment-full size-full wp-post-image\" alt=\"\" srcset=\"https:\/\/www.autoclima.com\/wp-content\/uploads\/autoclima-EVH70EVO-200x200.png 200w, https:\/\/www.autoclima.com\/wp-content\/uploads\/autoclima-EVH70EVO-400x400.png 400w, https:\/\/www.autoclima.com\/wp-content\/uploads\/autoclima-EVH70EVO.png 550w\" sizes=\"(min-width: 2200px) 100vw, (min-width: 1000px) 200px, (min-width: 928px) 240px, (min-width: 856px) 300px, (min-width: 784px) 400px, (min-width: 712px) 600px, (min-width: 640px) 712px, \" \/>\t\t\t<\/a>\n\t\t\t\t\t\t\t<\/div>\n<div class=\"fusion-portfolio-content\"><h2 class=\"entry-title fusion-post-title\"><a href=\"https:\/\/www.autoclima.com\/pl\/applicazioni\/parownik-evh-70-evo\/\">Parownik EVH 70 EVO<\/a><\/h2><div class=\"fusion-post-content\"><\/div><\/div><\/div><\/article><article id=\"portfolio-1-post-20167\" class=\"fusion-portfolio-post veicoli-speciali parowniki-skraplacze fusion-col-spacing post-20167\"><div class=\"fusion-portfolio-content-wrapper\" style=\"border:none;\"><span class=\"vcard rich-snippet-hidden\"><span class=\"fn\"><a href=\"https:\/\/www.autoclima.com\/pl\/author\/ioadv\/\" title=\"Wpisy od ioadv\" rel=\"author\">ioadv<\/a><\/span><\/span><span class=\"updated rich-snippet-hidden\">2026-04-29T12:27:30+02:00<\/span><div  class=\"fusion-image-wrapper\" aria-haspopup=\"true\">\n\t\t\t\t\t\t\t<a href=\"https:\/\/www.autoclima.com\/pl\/applicazioni\/parownik-e-eh-75-longrun\/\" aria-label=\"Parownik E\/EH 75 Longrun\">\n\t\t\t\t\t\t\t<img decoding=\"async\" width=\"550\" height=\"550\" src=\"https:\/\/www.autoclima.com\/wp-content\/uploads\/autoclima-E75.png\" class=\"attachment-full size-full wp-post-image\" alt=\"\" srcset=\"https:\/\/www.autoclima.com\/wp-content\/uploads\/autoclima-E75-200x200.png 200w, https:\/\/www.autoclima.com\/wp-content\/uploads\/autoclima-E75-400x400.png 400w, https:\/\/www.autoclima.com\/wp-content\/uploads\/autoclima-E75.png 550w\" sizes=\"(min-width: 2200px) 100vw, (min-width: 1000px) 200px, (min-width: 928px) 240px, (min-width: 856px) 300px, (min-width: 784px) 400px, (min-width: 712px) 600px, (min-width: 640px) 712px, \" \/>\t\t\t<\/a>\n\t\t\t\t\t\t\t<\/div>\n<div class=\"fusion-portfolio-content\"><h2 class=\"entry-title fusion-post-title\"><a href=\"https:\/\/www.autoclima.com\/pl\/applicazioni\/parownik-e-eh-75-longrun\/\">Parownik E\/EH 75 Longrun<\/a><\/h2><div class=\"fusion-post-content\"><\/div><\/div><\/div><\/article><article id=\"portfolio-1-post-20336\" class=\"fusion-portfolio-post veicoli-speciali parowniki-skraplacze fusion-col-spacing post-20336\"><div class=\"fusion-portfolio-content-wrapper\" style=\"border:none;\"><span class=\"vcard rich-snippet-hidden\"><span class=\"fn\"><a href=\"https:\/\/www.autoclima.com\/pl\/author\/veronica-arato\/\" title=\"Wpisy od veronica.arato\" rel=\"author\">veronica.arato<\/a><\/span><\/span><span class=\"updated rich-snippet-hidden\">2026-04-29T12:34:35+02:00<\/span><div  class=\"fusion-image-wrapper\" aria-haspopup=\"true\">\n\t\t\t\t\t\t\t<a href=\"https:\/\/www.autoclima.com\/pl\/aplikacje\/parownik-e-90-longrun-2\/\" aria-label=\"Parownik E 90 Longrun\">\n\t\t\t\t\t\t\t<img decoding=\"async\" width=\"550\" height=\"550\" src=\"https:\/\/www.autoclima.com\/wp-content\/uploads\/autoclima-E90.png\" class=\"attachment-full size-full wp-post-image\" alt=\"\" srcset=\"https:\/\/www.autoclima.com\/wp-content\/uploads\/autoclima-E90-200x200.png 200w, https:\/\/www.autoclima.com\/wp-content\/uploads\/autoclima-E90-400x400.png 400w, https:\/\/www.autoclima.com\/wp-content\/uploads\/autoclima-E90.png 550w\" sizes=\"(min-width: 2200px) 100vw, (min-width: 1000px) 200px, (min-width: 928px) 240px, (min-width: 856px) 300px, (min-width: 784px) 400px, (min-width: 712px) 600px, (min-width: 640px) 712px, \" \/>\t\t\t<\/a>\n\t\t\t\t\t\t\t<\/div>\n<div class=\"fusion-portfolio-content\"><h2 class=\"entry-title fusion-post-title\"><a href=\"https:\/\/www.autoclima.com\/pl\/aplikacje\/parownik-e-90-longrun-2\/\">Parownik E 90 Longrun<\/a><\/h2><div class=\"fusion-post-content\"><\/div><\/div><\/div><\/article><article id=\"portfolio-1-post-19503\" class=\"fusion-portfolio-post parowniki-skraplacze veicoli-speciali fusion-col-spacing post-19503\"><div class=\"fusion-portfolio-content-wrapper\" style=\"border:none;\"><span class=\"vcard rich-snippet-hidden\"><span class=\"fn\"><a href=\"https:\/\/www.autoclima.com\/pl\/author\/veronica-arato\/\" title=\"Wpisy od veronica.arato\" rel=\"author\">veronica.arato<\/a><\/span><\/span><span class=\"updated rich-snippet-hidden\">2026-04-29T12:05:47+02:00<\/span><div  class=\"fusion-image-wrapper\" aria-haspopup=\"true\">\n\t\t\t\t\t\t\t<a href=\"https:\/\/www.autoclima.com\/pl\/applicazioni\/parownik-e-eh-75-dd-e-90-dd\/\" aria-label=\"Parownik E\/EH 75 DD - E 90 DD\">\n\t\t\t\t\t\t\t<img decoding=\"async\" width=\"550\" height=\"550\" src=\"https:\/\/www.autoclima.com\/wp-content\/uploads\/autoclima-E75DD.png\" class=\"attachment-full size-full wp-post-image\" alt=\"\" srcset=\"https:\/\/www.autoclima.com\/wp-content\/uploads\/autoclima-E75DD-200x200.png 200w, https:\/\/www.autoclima.com\/wp-content\/uploads\/autoclima-E75DD-400x400.png 400w, https:\/\/www.autoclima.com\/wp-content\/uploads\/autoclima-E75DD.png 550w\" sizes=\"(min-width: 2200px) 100vw, (min-width: 1000px) 200px, (min-width: 928px) 240px, (min-width: 856px) 300px, (min-width: 784px) 400px, (min-width: 712px) 600px, (min-width: 640px) 712px, \" \/>\t\t\t<\/a>\n\t\t\t\t\t\t\t<\/div>\n<div class=\"fusion-portfolio-content\"><h2 class=\"entry-title fusion-post-title\"><a href=\"https:\/\/www.autoclima.com\/pl\/applicazioni\/parownik-e-eh-75-dd-e-90-dd\/\">Parownik E\/EH 75 DD - E 90 DD<\/a><\/h2><div class=\"fusion-post-content\"><\/div><\/div><\/div><\/article><article id=\"portfolio-1-post-20273\" class=\"fusion-portfolio-post veicoli-speciali akcesoria fusion-col-spacing post-20273\"><div class=\"fusion-portfolio-content-wrapper\" style=\"border:none;\"><span class=\"vcard rich-snippet-hidden\"><span class=\"fn\"><a href=\"https:\/\/www.autoclima.com\/pl\/author\/veronica-arato\/\" title=\"Wpisy od veronica.arato\" rel=\"author\">veronica.arato<\/a><\/span><\/span><span class=\"updated rich-snippet-hidden\">2026-04-29T12:33:48+02:00<\/span><div  class=\"fusion-image-wrapper\" aria-haspopup=\"true\">\n\t\t\t\t\t\t\t<a href=\"https:\/\/www.autoclima.com\/pl\/aplikacje\/przod-ev-evh-40-1-heavy-duty-z-dwoch-stron\/\" aria-label=\"Prz\u00f3d EV\/EVH 40\/1 Heavy Duty z dw\u00f3ch stron\">\n\t\t\t\t\t\t\t<img decoding=\"async\" width=\"1953\" height=\"1278\" src=\"https:\/\/www.autoclima.com\/wp-content\/uploads\/2027082278_OK-e1687166561781.png\" class=\"attachment-full size-full wp-post-image\" alt=\"\" \/>\t\t\t<\/a>\n\t\t\t\t\t\t\t<\/div>\n<div class=\"fusion-portfolio-content\"><h2 class=\"entry-title fusion-post-title\"><a href=\"https:\/\/www.autoclima.com\/pl\/aplikacje\/przod-ev-evh-40-1-heavy-duty-z-dwoch-stron\/\">Prz\u00f3d EV\/EVH 40\/1 Heavy Duty z dw\u00f3ch stron<\/a><\/h2><div class=\"fusion-post-content\"><\/div><\/div><\/div><\/article><article id=\"portfolio-1-post-20258\" class=\"fusion-portfolio-post veicoli-speciali akcesoria fusion-col-spacing post-20258\"><div class=\"fusion-portfolio-content-wrapper\" style=\"border:none;\"><span class=\"vcard rich-snippet-hidden\"><span class=\"fn\"><a href=\"https:\/\/www.autoclima.com\/pl\/author\/veronica-arato\/\" title=\"Wpisy od veronica.arato\" rel=\"author\">veronica.arato<\/a><\/span><\/span><span class=\"updated rich-snippet-hidden\">2026-04-29T12:33:39+02:00<\/span><div  class=\"fusion-image-wrapper\" aria-haspopup=\"true\">\n\t\t\t\t\t\t\t<a href=\"https:\/\/www.autoclima.com\/pl\/aplikacje\/panel-przedni-ev-evh-40-1-heavy-duty-do-montazu-na-scianie\/\" aria-label=\"Panel przedni EV\/EVH 40\/1 Heavy Duty do monta\u017cu na \u015bcianie\">\n\t\t\t\t\t\t\t<img decoding=\"async\" width=\"1666\" height=\"1245\" src=\"https:\/\/www.autoclima.com\/wp-content\/uploads\/2027082107_2-e1687165443777.png\" class=\"attachment-full size-full wp-post-image\" alt=\"\" \/>\t\t\t<\/a>\n\t\t\t\t\t\t\t<\/div>\n<div class=\"fusion-portfolio-content\"><h2 class=\"entry-title fusion-post-title\"><a href=\"https:\/\/www.autoclima.com\/pl\/aplikacje\/panel-przedni-ev-evh-40-1-heavy-duty-do-montazu-na-scianie\/\">Panel przedni EV\/EVH 40\/1 Heavy Duty do monta\u017cu na \u015bcianie<\/a><\/h2><div class=\"fusion-post-content\"><\/div><\/div><\/div><\/article><article id=\"portfolio-1-post-20245\" class=\"fusion-portfolio-post veicoli-speciali akcesoria fusion-col-spacing post-20245\"><div class=\"fusion-portfolio-content-wrapper\" style=\"border:none;\"><span class=\"vcard rich-snippet-hidden\"><span class=\"fn\"><a href=\"https:\/\/www.autoclima.com\/pl\/author\/veronica-arato\/\" title=\"Wpisy od veronica.arato\" rel=\"author\">veronica.arato<\/a><\/span><\/span><span class=\"updated rich-snippet-hidden\">2026-04-29T12:33:28+02:00<\/span><div  class=\"fusion-image-wrapper\" aria-haspopup=\"true\">\n\t\t\t\t\t\t\t<a href=\"https:\/\/www.autoclima.com\/pl\/applicazioni\/sluchawka-e-eh-50-evo-z-dyszami\/\" aria-label=\"S\u0142uchawka E\/EH 50 EVO - z dyszami\">\n\t\t\t\t\t\t\t<img decoding=\"async\" width=\"2008\" height=\"1299\" src=\"https:\/\/www.autoclima.com\/wp-content\/uploads\/20270369-Frontale-con-bocchette_OK-e1687166798901.png\" class=\"attachment-full size-full wp-post-image\" alt=\"\" \/>\t\t\t<\/a>\n\t\t\t\t\t\t\t<\/div>\n<div class=\"fusion-portfolio-content\"><h2 class=\"entry-title fusion-post-title\"><a href=\"https:\/\/www.autoclima.com\/pl\/applicazioni\/sluchawka-e-eh-50-evo-z-dyszami\/\">S\u0142uchawka E\/EH 50 EVO - z dyszami<\/a><\/h2><div class=\"fusion-post-content\"><\/div><\/div><\/div><\/article><article id=\"portfolio-1-post-20254\" class=\"fusion-portfolio-post veicoli-speciali akcesoria fusion-col-spacing post-20254\"><div class=\"fusion-portfolio-content-wrapper\" style=\"border:none;\"><span class=\"vcard rich-snippet-hidden\"><span class=\"fn\"><a href=\"https:\/\/www.autoclima.com\/pl\/author\/veronica-arato\/\" title=\"Wpisy od veronica.arato\" rel=\"author\">veronica.arato<\/a><\/span><\/span><span class=\"updated rich-snippet-hidden\">2026-04-29T12:33:37+02:00<\/span><div  class=\"fusion-image-wrapper\" aria-haspopup=\"true\">\n\t\t\t\t\t\t\t<a href=\"https:\/\/www.autoclima.com\/pl\/aplikacje\/opaska-na-glowe-e-eh-50-evo-z-portami\/\" aria-label=\"Opaska na g\u0142ow\u0119 E\/EH 50 EVO - z portami\">\n\t\t\t\t\t\t\t<img decoding=\"async\" width=\"2008\" height=\"1299\" src=\"https:\/\/www.autoclima.com\/wp-content\/uploads\/20270370-Frontale-con-imbocchi_OK-e1687166902347.png\" class=\"attachment-full size-full wp-post-image\" alt=\"\" \/>\t\t\t<\/a>\n\t\t\t\t\t\t\t<\/div>\n<div class=\"fusion-portfolio-content\"><h2 class=\"entry-title fusion-post-title\"><a href=\"https:\/\/www.autoclima.com\/pl\/aplikacje\/opaska-na-glowe-e-eh-50-evo-z-portami\/\">Opaska na g\u0142ow\u0119 E\/EH 50 EVO - z portami<\/a><\/h2><div class=\"fusion-post-content\"><\/div><\/div><\/div><\/article><article id=\"portfolio-1-post-19103\" class=\"fusion-portfolio-post veicoli-speciali akcesoria fusion-col-spacing post-19103\"><div class=\"fusion-portfolio-content-wrapper\" style=\"border:none;\"><span class=\"vcard rich-snippet-hidden\"><span class=\"fn\"><a href=\"https:\/\/www.autoclima.com\/pl\/author\/ioadv\/\" title=\"Wpisy od ioadv\" rel=\"author\">ioadv<\/a><\/span><\/span><span class=\"updated rich-snippet-hidden\">2026-04-29T12:00:24+02:00<\/span><div  class=\"fusion-image-wrapper\" aria-haspopup=\"true\">\n\t\t\t\t\t\t\t<a href=\"https:\/\/www.autoclima.com\/pl\/aplikacje\/sluchawki-ev-evh-70\/\" aria-label=\"S\u0142uchawki EV\/EVH 70\">\n\t\t\t\t\t\t\t<img decoding=\"async\" width=\"550\" height=\"550\" src=\"https:\/\/www.autoclima.com\/wp-content\/uploads\/autoclima-EV70-EVO-Accessori-Speciali.png\" class=\"attachment-full size-full wp-post-image\" alt=\"\" srcset=\"https:\/\/www.autoclima.com\/wp-content\/uploads\/autoclima-EV70-EVO-Accessori-Speciali-200x200.png 200w, https:\/\/www.autoclima.com\/wp-content\/uploads\/autoclima-EV70-EVO-Accessori-Speciali-400x400.png 400w, https:\/\/www.autoclima.com\/wp-content\/uploads\/autoclima-EV70-EVO-Accessori-Speciali.png 550w\" sizes=\"(min-width: 2200px) 100vw, (min-width: 1000px) 200px, (min-width: 928px) 240px, (min-width: 856px) 300px, (min-width: 784px) 400px, (min-width: 712px) 600px, (min-width: 640px) 712px, \" \/>\t\t\t<\/a>\n\t\t\t\t\t\t\t<\/div>\n<div class=\"fusion-portfolio-content\"><h2 class=\"entry-title fusion-post-title\"><a href=\"https:\/\/www.autoclima.com\/pl\/aplikacje\/sluchawki-ev-evh-70\/\">S\u0142uchawki EV\/EVH 70<\/a><\/h2><div class=\"fusion-post-content\"><\/div><\/div><\/div><\/article><article id=\"portfolio-1-post-19112\" class=\"fusion-portfolio-post veicoli-speciali parowniki-skraplacze fusion-col-spacing post-19112\"><div class=\"fusion-portfolio-content-wrapper\" style=\"border:none;\"><span class=\"vcard rich-snippet-hidden\"><span class=\"fn\"><a href=\"https:\/\/www.autoclima.com\/pl\/author\/veronica-arato\/\" title=\"Wpisy od veronica.arato\" rel=\"author\">veronica.arato<\/a><\/span><\/span><span class=\"updated rich-snippet-hidden\">2026-04-29T12:00:34+02:00<\/span><div  class=\"fusion-image-wrapper\" aria-haspopup=\"true\">\n\t\t\t\t\t\t\t<a href=\"https:\/\/www.autoclima.com\/pl\/aplikacje\/kondensator-k-20\/\" aria-label=\"Kondensator K 20\">\n\t\t\t\t\t\t\t<img decoding=\"async\" width=\"1172\" height=\"1181\" src=\"https:\/\/www.autoclima.com\/wp-content\/uploads\/K20-e1682062512556.png\" class=\"attachment-full size-full wp-post-image\" alt=\"\" \/>\t\t\t<\/a>\n\t\t\t\t\t\t\t<\/div>\n<div class=\"fusion-portfolio-content\"><h2 class=\"entry-title fusion-post-title\"><a href=\"https:\/\/www.autoclima.com\/pl\/aplikacje\/kondensator-k-20\/\">Kondensator K 20<\/a><\/h2><div class=\"fusion-post-content\"><\/div><\/div><\/div><\/article><article id=\"portfolio-1-post-19130\" class=\"fusion-portfolio-post parowniki-skraplacze veicoli-speciali fusion-col-spacing post-19130\"><div class=\"fusion-portfolio-content-wrapper\" style=\"border:none;\"><span class=\"vcard rich-snippet-hidden\"><span class=\"fn\"><a href=\"https:\/\/www.autoclima.com\/pl\/author\/veronica-arato\/\" title=\"Wpisy od veronica.arato\" rel=\"author\">veronica.arato<\/a><\/span><\/span><span class=\"updated rich-snippet-hidden\">2026-04-29T12:00:44+02:00<\/span><div  class=\"fusion-image-wrapper\" aria-haspopup=\"true\">\n\t\t\t\t\t\t\t<a href=\"https:\/\/www.autoclima.com\/pl\/applicazioni\/kondensator-k-32\/\" aria-label=\"Kondensator K 32\">\n\t\t\t\t\t\t\t<img decoding=\"async\" width=\"733\" height=\"573\" src=\"https:\/\/www.autoclima.com\/wp-content\/uploads\/Cond.-K32-e1682001007672.png\" class=\"attachment-full size-full wp-post-image\" alt=\"\" \/>\t\t\t<\/a>\n\t\t\t\t\t\t\t<\/div>\n<div class=\"fusion-portfolio-content\"><h2 class=\"entry-title fusion-post-title\"><a href=\"https:\/\/www.autoclima.com\/pl\/applicazioni\/kondensator-k-32\/\">Kondensator K 32<\/a><\/h2><div class=\"fusion-post-content\"><\/div><\/div><\/div><\/article><article id=\"portfolio-1-post-19121\" class=\"fusion-portfolio-post veicoli-speciali parowniki-skraplacze fusion-col-spacing post-19121\"><div class=\"fusion-portfolio-content-wrapper\" style=\"border:none;\"><span class=\"vcard rich-snippet-hidden\"><span class=\"fn\"><a href=\"https:\/\/www.autoclima.com\/pl\/author\/veronica-arato\/\" title=\"Wpisy od veronica.arato\" rel=\"author\">veronica.arato<\/a><\/span><\/span><span class=\"updated rich-snippet-hidden\">2026-04-29T12:00:39+02:00<\/span><div  class=\"fusion-image-wrapper\" aria-haspopup=\"true\">\n\t\t\t\t\t\t\t<a href=\"https:\/\/www.autoclima.com\/pl\/aplikacje\/kondensator-k-36-2\/\" aria-label=\"Kondensator K 36\">\n\t\t\t\t\t\t\t<img decoding=\"async\" width=\"550\" height=\"550\" src=\"https:\/\/www.autoclima.com\/wp-content\/uploads\/autoclima-k-36.png\" class=\"attachment-full size-full wp-post-image\" alt=\"\" srcset=\"https:\/\/www.autoclima.com\/wp-content\/uploads\/autoclima-k-36-200x200.png 200w, https:\/\/www.autoclima.com\/wp-content\/uploads\/autoclima-k-36-400x400.png 400w, https:\/\/www.autoclima.com\/wp-content\/uploads\/autoclima-k-36.png 550w\" sizes=\"(min-width: 2200px) 100vw, (min-width: 1000px) 200px, (min-width: 928px) 240px, (min-width: 856px) 300px, (min-width: 784px) 400px, (min-width: 712px) 600px, (min-width: 640px) 712px, \" \/>\t\t\t<\/a>\n\t\t\t\t\t\t\t<\/div>\n<div class=\"fusion-portfolio-content\"><h2 class=\"entry-title fusion-post-title\"><a href=\"https:\/\/www.autoclima.com\/pl\/aplikacje\/kondensator-k-36-2\/\">Kondensator K 36<\/a><\/h2><div class=\"fusion-post-content\"><\/div><\/div><\/div><\/article><article id=\"portfolio-1-post-19144\" class=\"fusion-portfolio-post veicoli-speciali parowniki-skraplacze fusion-col-spacing post-19144\"><div class=\"fusion-portfolio-content-wrapper\" style=\"border:none;\"><span class=\"vcard rich-snippet-hidden\"><span class=\"fn\"><a href=\"https:\/\/www.autoclima.com\/pl\/author\/veronica-arato\/\" title=\"Wpisy od veronica.arato\" rel=\"author\">veronica.arato<\/a><\/span><\/span><span class=\"updated rich-snippet-hidden\">2026-04-29T12:00:54+02:00<\/span><div  class=\"fusion-image-wrapper\" aria-haspopup=\"true\">\n\t\t\t\t\t\t\t<a href=\"https:\/\/www.autoclima.com\/pl\/applicazioni\/kondensator-k-40-3\/\" aria-label=\"Kondensator K 40\">\n\t\t\t\t\t\t\t<img decoding=\"async\" width=\"550\" height=\"550\" src=\"https:\/\/www.autoclima.com\/wp-content\/uploads\/autoclima-K40.png\" class=\"attachment-full size-full wp-post-image\" alt=\"\" srcset=\"https:\/\/www.autoclima.com\/wp-content\/uploads\/autoclima-K40-200x200.png 200w, https:\/\/www.autoclima.com\/wp-content\/uploads\/autoclima-K40-400x400.png 400w, https:\/\/www.autoclima.com\/wp-content\/uploads\/autoclima-K40.png 550w\" sizes=\"(min-width: 2200px) 100vw, (min-width: 1000px) 200px, (min-width: 928px) 240px, (min-width: 856px) 300px, (min-width: 784px) 400px, (min-width: 712px) 600px, (min-width: 640px) 712px, \" \/>\t\t\t<\/a>\n\t\t\t\t\t\t\t<\/div>\n<div class=\"fusion-portfolio-content\"><h2 class=\"entry-title fusion-post-title\"><a href=\"https:\/\/www.autoclima.com\/pl\/applicazioni\/kondensator-k-40-3\/\">Kondensator K 40<\/a><\/h2><div class=\"fusion-post-content\"><\/div><\/div><\/div><\/article><article id=\"portfolio-1-post-19151\" class=\"fusion-portfolio-post veicoli-speciali parowniki-skraplacze fusion-col-spacing post-19151\"><div class=\"fusion-portfolio-content-wrapper\" style=\"border:none;\"><span class=\"vcard rich-snippet-hidden\"><span class=\"fn\"><a href=\"https:\/\/www.autoclima.com\/pl\/author\/veronica-arato\/\" title=\"Wpisy od veronica.arato\" rel=\"author\">veronica.arato<\/a><\/span><\/span><span class=\"updated rich-snippet-hidden\">2026-04-29T12:01:03+02:00<\/span><div  class=\"fusion-image-wrapper\" aria-haspopup=\"true\">\n\t\t\t\t\t\t\t<a href=\"https:\/\/www.autoclima.com\/pl\/aplikacje\/kondensator-k-50\/\" aria-label=\"Kondensator K 50\">\n\t\t\t\t\t\t\t<img decoding=\"async\" width=\"881\" height=\"609\" src=\"https:\/\/www.autoclima.com\/wp-content\/uploads\/Cond.-K50-1-e1682061307429.png\" class=\"attachment-full size-full wp-post-image\" alt=\"\" \/>\t\t\t<\/a>\n\t\t\t\t\t\t\t<\/div>\n<div class=\"fusion-portfolio-content\"><h2 class=\"entry-title fusion-post-title\"><a href=\"https:\/\/www.autoclima.com\/pl\/aplikacje\/kondensator-k-50\/\">Kondensator K 50<\/a><\/h2><div class=\"fusion-post-content\"><\/div><\/div><\/div><\/article><article id=\"portfolio-1-post-19137\" class=\"fusion-portfolio-post veicoli-speciali parowniki-skraplacze fusion-col-spacing post-19137\"><div class=\"fusion-portfolio-content-wrapper\" style=\"border:none;\"><span class=\"vcard rich-snippet-hidden\"><span class=\"fn\"><a href=\"https:\/\/www.autoclima.com\/pl\/author\/veronica-arato\/\" title=\"Wpisy od veronica.arato\" rel=\"author\">veronica.arato<\/a><\/span><\/span><span class=\"updated rich-snippet-hidden\">2026-04-29T12:00:50+02:00<\/span><div  class=\"fusion-image-wrapper\" aria-haspopup=\"true\">\n\t\t\t\t\t\t\t<a href=\"https:\/\/www.autoclima.com\/pl\/aplikacje\/kondensator-k-60\/\" aria-label=\"Kondensator K 60\">\n\t\t\t\t\t\t\t<img decoding=\"async\" width=\"550\" height=\"550\" src=\"https:\/\/www.autoclima.com\/wp-content\/uploads\/autoclima-K60.png\" class=\"attachment-full size-full wp-post-image\" alt=\"\" srcset=\"https:\/\/www.autoclima.com\/wp-content\/uploads\/autoclima-K60-200x200.png 200w, https:\/\/www.autoclima.com\/wp-content\/uploads\/autoclima-K60-400x400.png 400w, https:\/\/www.autoclima.com\/wp-content\/uploads\/autoclima-K60.png 550w\" sizes=\"(min-width: 2200px) 100vw, (min-width: 1000px) 200px, (min-width: 928px) 240px, (min-width: 856px) 300px, (min-width: 784px) 400px, (min-width: 712px) 600px, (min-width: 640px) 712px, \" \/>\t\t\t<\/a>\n\t\t\t\t\t\t\t<\/div>\n<div class=\"fusion-portfolio-content\"><h2 class=\"entry-title fusion-post-title\"><a href=\"https:\/\/www.autoclima.com\/pl\/aplikacje\/kondensator-k-60\/\">Kondensator K 60<\/a><\/h2><div class=\"fusion-post-content\"><\/div><\/div><\/div><\/article><article id=\"portfolio-1-post-20292\" class=\"fusion-portfolio-post veicoli-speciali parowniki-skraplacze fusion-col-spacing post-20292\"><div class=\"fusion-portfolio-content-wrapper\" style=\"border:none;\"><span class=\"vcard rich-snippet-hidden\"><span class=\"fn\"><a href=\"https:\/\/www.autoclima.com\/pl\/author\/veronica-arato\/\" title=\"Wpisy od veronica.arato\" rel=\"author\">veronica.arato<\/a><\/span><\/span><span class=\"updated rich-snippet-hidden\">2026-04-29T12:34:01+02:00<\/span><div  class=\"fusion-image-wrapper\" aria-haspopup=\"true\">\n\t\t\t\t\t\t\t<a href=\"https:\/\/www.autoclima.com\/pl\/applicazioni\/kondensator-kt-125-2\/\" aria-label=\"Kondensator KT 125\">\n\t\t\t\t\t\t\t<img decoding=\"async\" width=\"2550\" height=\"1056\" src=\"https:\/\/www.autoclima.com\/wp-content\/uploads\/KT-125-e1687272106723.jpg\" class=\"attachment-full size-full wp-post-image\" alt=\"\" \/>\t\t\t<\/a>\n\t\t\t\t\t\t\t<\/div>\n<div class=\"fusion-portfolio-content\"><h2 class=\"entry-title fusion-post-title\"><a href=\"https:\/\/www.autoclima.com\/pl\/applicazioni\/kondensator-kt-125-2\/\">Kondensator KT 125<\/a><\/h2><div class=\"fusion-post-content\"><\/div><\/div><\/div><\/article><article id=\"portfolio-1-post-20403\" class=\"fusion-portfolio-post veicoli-speciali parowniki-skraplacze fusion-col-spacing post-20403\"><div class=\"fusion-portfolio-content-wrapper\" style=\"border:none;\"><span class=\"vcard rich-snippet-hidden\"><span class=\"fn\"><a href=\"https:\/\/www.autoclima.com\/pl\/author\/veronica-arato\/\" title=\"Wpisy od veronica.arato\" rel=\"author\">veronica.arato<\/a><\/span><\/span><span class=\"updated rich-snippet-hidden\">2026-04-29T12:35:29+02:00<\/span><div  class=\"fusion-image-wrapper\" aria-haspopup=\"true\">\n\t\t\t\t\t\t\t<a href=\"https:\/\/www.autoclima.com\/pl\/applicazioni\/kondensator-kt-46\/\" aria-label=\"Kondensator KT 46\">\n\t\t\t\t\t\t\t<img decoding=\"async\" width=\"3043\" height=\"1750\" src=\"https:\/\/www.autoclima.com\/wp-content\/uploads\/KT-46-2-e1682512384926.png\" class=\"attachment-full size-full wp-post-image\" alt=\"\" \/>\t\t\t<\/a>\n\t\t\t\t\t\t\t<\/div>\n<div class=\"fusion-portfolio-content\"><h2 class=\"entry-title fusion-post-title\"><a href=\"https:\/\/www.autoclima.com\/pl\/applicazioni\/kondensator-kt-46\/\">Kondensator KT 46<\/a><\/h2><div class=\"fusion-post-content\"><\/div><\/div><\/div><\/article><article id=\"portfolio-1-post-20238\" class=\"fusion-portfolio-post parowniki-skraplacze veicoli-speciali fusion-col-spacing post-20238\"><div class=\"fusion-portfolio-content-wrapper\" style=\"border:none;\"><span class=\"vcard rich-snippet-hidden\"><span class=\"fn\"><a href=\"https:\/\/www.autoclima.com\/pl\/author\/veronica-arato\/\" title=\"Wpisy od veronica.arato\" rel=\"author\">veronica.arato<\/a><\/span><\/span><span class=\"updated rich-snippet-hidden\">2026-04-29T12:33:28+02:00<\/span><div  class=\"fusion-image-wrapper\" aria-haspopup=\"true\">\n\t\t\t\t\t\t\t<a href=\"https:\/\/www.autoclima.com\/pl\/aplikacje\/kondensator-kt-55\/\" aria-label=\"Kondensator KT 55\">\n\t\t\t\t\t\t\t<img decoding=\"async\" width=\"3199\" height=\"1796\" src=\"https:\/\/www.autoclima.com\/wp-content\/uploads\/KT55-e1682504662142.png\" class=\"attachment-full size-full wp-post-image\" alt=\"\" \/>\t\t\t<\/a>\n\t\t\t\t\t\t\t<\/div>\n<div class=\"fusion-portfolio-content\"><h2 class=\"entry-title fusion-post-title\"><a href=\"https:\/\/www.autoclima.com\/pl\/aplikacje\/kondensator-kt-55\/\">Kondensator KT 55<\/a><\/h2><div class=\"fusion-post-content\"><\/div><\/div><\/div><\/article><article id=\"portfolio-1-post-18675\" class=\"fusion-portfolio-post parowniki-skraplacze veicoli-speciali fusion-col-spacing post-18675\"><div class=\"fusion-portfolio-content-wrapper\" style=\"border:none;\"><span class=\"vcard rich-snippet-hidden\"><span class=\"fn\"><a href=\"https:\/\/www.autoclima.com\/pl\/author\/ioadv\/\" title=\"Wpisy od ioadv\" rel=\"author\">ioadv<\/a><\/span><\/span><span class=\"updated rich-snippet-hidden\">2026-04-29T11:55:00+02:00<\/span><div  class=\"fusion-image-wrapper\" aria-haspopup=\"true\">\n\t\t\t\t\t\t\t<a href=\"https:\/\/www.autoclima.com\/pl\/aplikacje\/kondensator-kt-75\/\" aria-label=\"Kondensator KT 75\">\n\t\t\t\t\t\t\t<img decoding=\"async\" width=\"550\" height=\"550\" src=\"https:\/\/www.autoclima.com\/wp-content\/uploads\/autoclima-KT75.png\" class=\"attachment-full size-full wp-post-image\" alt=\"\" srcset=\"https:\/\/www.autoclima.com\/wp-content\/uploads\/autoclima-KT75-200x200.png 200w, https:\/\/www.autoclima.com\/wp-content\/uploads\/autoclima-KT75-400x400.png 400w, https:\/\/www.autoclima.com\/wp-content\/uploads\/autoclima-KT75.png 550w\" sizes=\"(min-width: 2200px) 100vw, (min-width: 1000px) 200px, (min-width: 928px) 240px, (min-width: 856px) 300px, (min-width: 784px) 400px, (min-width: 712px) 600px, (min-width: 640px) 712px, \" \/>\t\t\t<\/a>\n\t\t\t\t\t\t\t<\/div>\n<div class=\"fusion-portfolio-content\"><h2 class=\"entry-title fusion-post-title\"><a href=\"https:\/\/www.autoclima.com\/pl\/aplikacje\/kondensator-kt-75\/\">Kondensator KT 75<\/a><\/h2><div class=\"fusion-post-content\"><\/div><\/div><\/div><\/article><article id=\"portfolio-1-post-19870\" class=\"fusion-portfolio-post veicoli-speciali akcesoria fusion-col-spacing post-19870\"><div class=\"fusion-portfolio-content-wrapper\" style=\"border:none;\"><span class=\"vcard rich-snippet-hidden\"><span class=\"fn\"><a href=\"https:\/\/www.autoclima.com\/pl\/author\/ioadv\/\" title=\"Wpisy od ioadv\" rel=\"author\">ioadv<\/a><\/span><\/span><span class=\"updated rich-snippet-hidden\">2026-04-29T12:21:16+02:00<\/span><div  class=\"fusion-image-wrapper\" aria-haspopup=\"true\">\n\t\t\t\t\t\t\t<a href=\"https:\/\/www.autoclima.com\/pl\/aplikacje\/saniclima-w200-2\/\" aria-label=\"Saniclima W200\">\n\t\t\t\t\t\t\t<img decoding=\"async\" width=\"550\" height=\"550\" src=\"https:\/\/www.autoclima.com\/wp-content\/uploads\/autoclima-saniclima-W200.png\" class=\"attachment-full size-full wp-post-image\" alt=\"\" srcset=\"https:\/\/www.autoclima.com\/wp-content\/uploads\/autoclima-saniclima-W200-200x200.png 200w, https:\/\/www.autoclima.com\/wp-content\/uploads\/autoclima-saniclima-W200-400x400.png 400w, https:\/\/www.autoclima.com\/wp-content\/uploads\/autoclima-saniclima-W200.png 550w\" sizes=\"(min-width: 2200px) 100vw, (min-width: 1000px) 200px, (min-width: 928px) 240px, (min-width: 856px) 300px, (min-width: 784px) 400px, (min-width: 712px) 600px, (min-width: 640px) 712px, \" \/>\t\t\t<\/a>\n\t\t\t\t\t\t\t<\/div>\n<div class=\"fusion-portfolio-content\"><h2 class=\"entry-title fusion-post-title\"><a href=\"https:\/\/www.autoclima.com\/pl\/aplikacje\/saniclima-w200-2\/\">Saniclima W200<\/a><\/h2><div class=\"fusion-post-content\"><\/div><\/div><\/div><\/article><article id=\"portfolio-1-post-19319\" class=\"fusion-portfolio-post veicoli-speciali akcesoria fusion-col-spacing post-19319\"><div class=\"fusion-portfolio-content-wrapper\" style=\"border:none;\"><span class=\"vcard rich-snippet-hidden\"><span class=\"fn\"><a href=\"https:\/\/www.autoclima.com\/pl\/author\/ioadv\/\" title=\"Wpisy od ioadv\" rel=\"author\">ioadv<\/a><\/span><\/span><span class=\"updated rich-snippet-hidden\">2026-04-29T12:03:35+02:00<\/span><div  class=\"fusion-image-wrapper\" aria-haspopup=\"true\">\n\t\t\t\t\t\t\t<a href=\"https:\/\/www.autoclima.com\/pl\/aplikacje\/wentylator-dachowy\/\" aria-label=\"Wentylator dachowy\">\n\t\t\t\t\t\t\t<img decoding=\"async\" width=\"550\" height=\"550\" src=\"https:\/\/www.autoclima.com\/wp-content\/uploads\/autoclima-aeratore-tetto.png\" class=\"attachment-full size-full wp-post-image\" alt=\"\" srcset=\"https:\/\/www.autoclima.com\/wp-content\/uploads\/autoclima-aeratore-tetto-200x200.png 200w, https:\/\/www.autoclima.com\/wp-content\/uploads\/autoclima-aeratore-tetto-400x400.png 400w, https:\/\/www.autoclima.com\/wp-content\/uploads\/autoclima-aeratore-tetto.png 550w\" sizes=\"(min-width: 2200px) 100vw, (min-width: 1000px) 200px, (min-width: 928px) 240px, (min-width: 856px) 300px, (min-width: 784px) 400px, (min-width: 712px) 600px, (min-width: 640px) 712px, \" \/>\t\t\t<\/a>\n\t\t\t\t\t\t\t<\/div>\n<div class=\"fusion-portfolio-content\"><h2 class=\"entry-title fusion-post-title\"><a href=\"https:\/\/www.autoclima.com\/pl\/aplikacje\/wentylator-dachowy\/\">Wentylator dachowy<\/a><\/h2><div class=\"fusion-post-content\"><\/div><\/div><\/div><\/article><article id=\"portfolio-1-post-19166\" class=\"fusion-portfolio-post veicoli-speciali jednostka-hydrauliczna fusion-col-spacing post-19166\"><div class=\"fusion-portfolio-content-wrapper\" style=\"border:none;\"><span class=\"vcard rich-snippet-hidden\"><span class=\"fn\"><a href=\"https:\/\/www.autoclima.com\/pl\/author\/veronica-arato\/\" title=\"Wpisy od veronica.arato\" rel=\"author\">veronica.arato<\/a><\/span><\/span><span class=\"updated rich-snippet-hidden\">2026-04-29T12:01:23+02:00<\/span><div  class=\"fusion-image-wrapper\" aria-haspopup=\"true\">\n\t\t\t\t\t\t\t<a href=\"https:\/\/www.autoclima.com\/pl\/aplikacje\/jednostka-hydrauliczna\/\" aria-label=\"Jednostka hydrauliczna\">\n\t\t\t\t\t\t\t<img decoding=\"async\" width=\"575\" height=\"434\" src=\"https:\/\/www.autoclima.com\/wp-content\/uploads\/Gruppo_idraulico-removebg-preview-e1682072178893.png\" class=\"attachment-full size-full wp-post-image\" alt=\"\" \/>\t\t\t<\/a>\n\t\t\t\t\t\t\t<\/div>\n<div class=\"fusion-portfolio-content\"><h2 class=\"entry-title fusion-post-title\"><a href=\"https:\/\/www.autoclima.com\/pl\/aplikacje\/jednostka-hydrauliczna\/\">Jednostka hydrauliczna<\/a><\/h2><div class=\"fusion-post-content\"><\/div><\/div><\/div><\/article><article id=\"portfolio-1-post-19399\" class=\"fusion-portfolio-post veicoli-speciali akcesoria fusion-col-spacing post-19399\"><div class=\"fusion-portfolio-content-wrapper\" style=\"border:none;\"><span class=\"vcard rich-snippet-hidden\"><span class=\"fn\"><a href=\"https:\/\/www.autoclima.com\/pl\/author\/ioadv\/\" title=\"Wpisy od ioadv\" rel=\"author\">ioadv<\/a><\/span><\/span><span class=\"updated rich-snippet-hidden\">2026-04-29T12:04:24+02:00<\/span><div  class=\"fusion-image-wrapper\" aria-haspopup=\"true\">\n\t\t\t\t\t\t\t<a href=\"https:\/\/www.autoclima.com\/pl\/aplikacje\/h220v\/\" aria-label=\"H220V\">\n\t\t\t\t\t\t\t<img decoding=\"async\" width=\"550\" height=\"550\" src=\"https:\/\/www.autoclima.com\/wp-content\/uploads\/autoclima-H220V.png\" class=\"attachment-full size-full wp-post-image\" alt=\"\" srcset=\"https:\/\/www.autoclima.com\/wp-content\/uploads\/autoclima-H220V-200x200.png 200w, https:\/\/www.autoclima.com\/wp-content\/uploads\/autoclima-H220V-400x400.png 400w, https:\/\/www.autoclima.com\/wp-content\/uploads\/autoclima-H220V.png 550w\" sizes=\"(min-width: 2200px) 100vw, (min-width: 1000px) 200px, (min-width: 928px) 240px, (min-width: 856px) 300px, (min-width: 784px) 400px, (min-width: 712px) 600px, (min-width: 640px) 712px, \" \/>\t\t\t<\/a>\n\t\t\t\t\t\t\t<\/div>\n<div class=\"fusion-portfolio-content\"><h2 class=\"entry-title fusion-post-title\"><a href=\"https:\/\/www.autoclima.com\/pl\/aplikacje\/h220v\/\">H220V<\/a><\/h2><div class=\"fusion-post-content\"><\/div><\/div><\/div><\/article><article id=\"portfolio-1-post-18849\" class=\"fusion-portfolio-post veicoli-speciali akcesoria fusion-col-spacing post-18849\"><div class=\"fusion-portfolio-content-wrapper\" style=\"border:none;\"><span class=\"vcard rich-snippet-hidden\"><span class=\"fn\"><a href=\"https:\/\/www.autoclima.com\/pl\/author\/ioadv\/\" title=\"Wpisy od ioadv\" rel=\"author\">ioadv<\/a><\/span><\/span><span class=\"updated rich-snippet-hidden\">2026-04-29T11:57:21+02:00<\/span><div  class=\"fusion-image-wrapper\" aria-haspopup=\"true\">\n\t\t\t\t\t\t\t<a href=\"https:\/\/www.autoclima.com\/pl\/aplikacje\/zakres-polecen\/\" aria-label=\"Zakres polece\u0144\">\n\t\t\t\t\t\t\t<img decoding=\"async\" width=\"550\" height=\"550\" src=\"https:\/\/www.autoclima.com\/wp-content\/uploads\/autoclima-comandi.png\" class=\"attachment-full size-full wp-post-image\" alt=\"\" srcset=\"https:\/\/www.autoclima.com\/wp-content\/uploads\/autoclima-comandi-200x200.png 200w, https:\/\/www.autoclima.com\/wp-content\/uploads\/autoclima-comandi-400x400.png 400w, https:\/\/www.autoclima.com\/wp-content\/uploads\/autoclima-comandi.png 550w\" sizes=\"(min-width: 2200px) 100vw, (min-width: 1000px) 200px, (min-width: 928px) 240px, (min-width: 856px) 300px, (min-width: 784px) 400px, (min-width: 712px) 600px, (min-width: 640px) 712px, \" \/>\t\t\t<\/a>\n\t\t\t\t\t\t\t<\/div>\n<div class=\"fusion-portfolio-content\"><h2 class=\"entry-title fusion-post-title\"><a href=\"https:\/\/www.autoclima.com\/pl\/aplikacje\/zakres-polecen\/\">Zakres polece\u0144<\/a><\/h2><div class=\"fusion-post-content\"><\/div><\/div><\/div><\/article><article id=\"portfolio-1-post-18975\" class=\"fusion-portfolio-post trasporto-farmaci-pl akcesoria fusion-col-spacing post-18975\"><div class=\"fusion-portfolio-content-wrapper\" style=\"border:none;\"><span class=\"vcard rich-snippet-hidden\"><span class=\"fn\"><a href=\"https:\/\/www.autoclima.com\/pl\/author\/ioadv\/\" title=\"Wpisy od ioadv\" rel=\"author\">ioadv<\/a><\/span><\/span><span class=\"updated rich-snippet-hidden\">2026-04-29T11:58:39+02:00<\/span><div  class=\"fusion-image-wrapper\" aria-haspopup=\"true\">\n\t\t\t\t\t\t\t<a href=\"https:\/\/www.autoclima.com\/pl\/aplikacje\/rejestrator-danych-usb\/\" aria-label=\"Rejestrator danych USB\">\n\t\t\t\t\t\t\t<img decoding=\"async\" width=\"550\" height=\"550\" src=\"https:\/\/www.autoclima.com\/wp-content\/uploads\/autoclima-Datalogger-USB.png\" class=\"attachment-full size-full wp-post-image\" alt=\"\" srcset=\"https:\/\/www.autoclima.com\/wp-content\/uploads\/autoclima-Datalogger-USB-200x200.png 200w, https:\/\/www.autoclima.com\/wp-content\/uploads\/autoclima-Datalogger-USB-400x400.png 400w, https:\/\/www.autoclima.com\/wp-content\/uploads\/autoclima-Datalogger-USB.png 550w\" sizes=\"(min-width: 2200px) 100vw, (min-width: 1000px) 200px, (min-width: 928px) 240px, (min-width: 856px) 300px, (min-width: 784px) 400px, (min-width: 712px) 600px, (min-width: 640px) 712px, \" \/>\t\t\t<\/a>\n\t\t\t\t\t\t\t<\/div>\n<div class=\"fusion-portfolio-content\"><h2 class=\"entry-title fusion-post-title\"><a href=\"https:\/\/www.autoclima.com\/pl\/aplikacje\/rejestrator-danych-usb\/\">Rejestrator danych USB<\/a><\/h2><div class=\"fusion-post-content\"><\/div><\/div><\/div><\/article><article id=\"portfolio-1-post-18856\" class=\"fusion-portfolio-post trasporto-farmaci-pl akcesoria fusion-col-spacing post-18856\"><div class=\"fusion-portfolio-content-wrapper\" style=\"border:none;\"><span class=\"vcard rich-snippet-hidden\"><span class=\"fn\"><a href=\"https:\/\/www.autoclima.com\/pl\/author\/ioadv\/\" title=\"Wpisy od ioadv\" rel=\"author\">ioadv<\/a><\/span><\/span><span class=\"updated rich-snippet-hidden\">2026-04-29T11:57:26+02:00<\/span><div  class=\"fusion-image-wrapper\" aria-haspopup=\"true\">\n\t\t\t\t\t\t\t<a href=\"https:\/\/www.autoclima.com\/pl\/applicazioni\/drukarka-rejestratora-danych-2\/\" aria-label=\"Drukarka rejestratora danych\">\n\t\t\t\t\t\t\t<img decoding=\"async\" width=\"550\" height=\"550\" src=\"https:\/\/www.autoclima.com\/wp-content\/uploads\/autoclima-datalogger-stampante.png\" class=\"attachment-full size-full wp-post-image\" alt=\"\" srcset=\"https:\/\/www.autoclima.com\/wp-content\/uploads\/autoclima-datalogger-stampante-200x200.png 200w, https:\/\/www.autoclima.com\/wp-content\/uploads\/autoclima-datalogger-stampante-400x400.png 400w, https:\/\/www.autoclima.com\/wp-content\/uploads\/autoclima-datalogger-stampante.png 550w\" sizes=\"(min-width: 2200px) 100vw, (min-width: 1000px) 200px, (min-width: 928px) 240px, (min-width: 856px) 300px, (min-width: 784px) 400px, (min-width: 712px) 600px, (min-width: 640px) 712px, \" \/>\t\t\t<\/a>\n\t\t\t\t\t\t\t<\/div>\n<div class=\"fusion-portfolio-content\"><h2 class=\"entry-title fusion-post-title\"><a href=\"https:\/\/www.autoclima.com\/pl\/applicazioni\/drukarka-rejestratora-danych-2\/\">Drukarka rejestratora danych<\/a><\/h2><div class=\"fusion-post-content\"><\/div><\/div><\/div><\/article><article id=\"portfolio-1-post-19912\" class=\"fusion-portfolio-post trasporto-farmaci-pl akcesoria fusion-col-spacing post-19912\"><div class=\"fusion-portfolio-content-wrapper\" style=\"border:none;\"><span class=\"vcard rich-snippet-hidden\"><span class=\"fn\"><a href=\"https:\/\/www.autoclima.com\/pl\/author\/ioadv\/\" title=\"Wpisy od ioadv\" rel=\"author\">ioadv<\/a><\/span><\/span><span class=\"updated rich-snippet-hidden\">2026-04-29T12:21:53+02:00<\/span><div  class=\"fusion-image-wrapper\" aria-haspopup=\"true\">\n\t\t\t\t\t\t\t<a href=\"https:\/\/www.autoclima.com\/pl\/aplikacje\/tb-15-czarny\/\" aria-label=\"TB 15 Czarny\">\n\t\t\t\t\t\t\t<img decoding=\"async\" width=\"550\" height=\"550\" src=\"https:\/\/www.autoclima.com\/wp-content\/uploads\/autoclima-TB15Black.png\" class=\"attachment-full size-full wp-post-image\" alt=\"\" srcset=\"https:\/\/www.autoclima.com\/wp-content\/uploads\/autoclima-TB15Black-200x200.png 200w, https:\/\/www.autoclima.com\/wp-content\/uploads\/autoclima-TB15Black-400x400.png 400w, https:\/\/www.autoclima.com\/wp-content\/uploads\/autoclima-TB15Black.png 550w\" sizes=\"(min-width: 2200px) 100vw, (min-width: 1000px) 200px, (min-width: 928px) 240px, (min-width: 856px) 300px, (min-width: 784px) 400px, (min-width: 712px) 600px, (min-width: 640px) 712px, \" \/>\t\t\t<\/a>\n\t\t\t\t\t\t\t<\/div>\n<div class=\"fusion-portfolio-content\"><h2 class=\"entry-title fusion-post-title\"><a href=\"https:\/\/www.autoclima.com\/pl\/aplikacje\/tb-15-czarny\/\">TB 15 Czarny<\/a><\/h2><div class=\"fusion-post-content\"><\/div><\/div><\/div><\/article><article id=\"portfolio-1-post-18900\" class=\"fusion-portfolio-post trasporto-farmaci-pl akcesoria fusion-col-spacing post-18900\"><div class=\"fusion-portfolio-content-wrapper\" style=\"border:none;\"><span class=\"vcard rich-snippet-hidden\"><span class=\"fn\"><a href=\"https:\/\/www.autoclima.com\/pl\/author\/ioadv\/\" title=\"Wpisy od ioadv\" rel=\"author\">ioadv<\/a><\/span><\/span><span class=\"updated rich-snippet-hidden\">2026-04-29T11:57:50+02:00<\/span><div  class=\"fusion-image-wrapper\" aria-haspopup=\"true\">\n\t\t\t\t\t\t\t<a href=\"https:\/\/www.autoclima.com\/pl\/applicazioni\/tb-18-czarny\/\" aria-label=\"TB 18 Czarny\">\n\t\t\t\t\t\t\t<img decoding=\"async\" width=\"550\" height=\"550\" src=\"https:\/\/www.autoclima.com\/wp-content\/uploads\/autoclima-TB18Black.png\" class=\"attachment-full size-full wp-post-image\" alt=\"\" srcset=\"https:\/\/www.autoclima.com\/wp-content\/uploads\/autoclima-TB18Black-200x200.png 200w, https:\/\/www.autoclima.com\/wp-content\/uploads\/autoclima-TB18Black-400x400.png 400w, https:\/\/www.autoclima.com\/wp-content\/uploads\/autoclima-TB18Black.png 550w\" sizes=\"(min-width: 2200px) 100vw, (min-width: 1000px) 200px, (min-width: 928px) 240px, (min-width: 856px) 300px, (min-width: 784px) 400px, (min-width: 712px) 600px, (min-width: 640px) 712px, \" \/>\t\t\t<\/a>\n\t\t\t\t\t\t\t<\/div>\n<div class=\"fusion-portfolio-content\"><h2 class=\"entry-title fusion-post-title\"><a href=\"https:\/\/www.autoclima.com\/pl\/applicazioni\/tb-18-czarny\/\">TB 18 Czarny<\/a><\/h2><div class=\"fusion-post-content\"><\/div><\/div><\/div><\/article><article id=\"portfolio-1-post-19823\" class=\"fusion-portfolio-post veicoli-elettrici parowniki-skraplacze fusion-col-spacing post-19823\"><div class=\"fusion-portfolio-content-wrapper\" style=\"border:none;\"><span class=\"vcard rich-snippet-hidden\"><span class=\"fn\"><a href=\"https:\/\/www.autoclima.com\/pl\/author\/ioadv\/\" title=\"Wpisy od ioadv\" rel=\"author\">ioadv<\/a><\/span><\/span><span class=\"updated rich-snippet-hidden\">2026-04-29T12:19:54+02:00<\/span><div  class=\"fusion-image-wrapper\" aria-haspopup=\"true\">\n\t\t\t\t\t\t\t<a href=\"https:\/\/www.autoclima.com\/pl\/applicazioni\/parownik-eh-40-elecsta\/\" aria-label=\"Parownik EH 40 Elecsta\">\n\t\t\t\t\t\t\t<img decoding=\"async\" width=\"550\" height=\"550\" src=\"https:\/\/www.autoclima.com\/wp-content\/uploads\/autoclima-e40.png\" class=\"attachment-full size-full wp-post-image\" alt=\"\" srcset=\"https:\/\/www.autoclima.com\/wp-content\/uploads\/autoclima-e40-200x200.png 200w, https:\/\/www.autoclima.com\/wp-content\/uploads\/autoclima-e40-400x400.png 400w, https:\/\/www.autoclima.com\/wp-content\/uploads\/autoclima-e40.png 550w\" sizes=\"(min-width: 2200px) 100vw, (min-width: 1000px) 200px, (min-width: 928px) 240px, (min-width: 856px) 300px, (min-width: 784px) 400px, (min-width: 712px) 600px, (min-width: 640px) 712px, \" \/>\t\t\t<\/a>\n\t\t\t\t\t\t\t<\/div>\n<div class=\"fusion-portfolio-content\"><h2 class=\"entry-title fusion-post-title\"><a href=\"https:\/\/www.autoclima.com\/pl\/applicazioni\/parownik-eh-40-elecsta\/\">Parownik EH 40 Elecsta<\/a><\/h2><div class=\"fusion-post-content\"><\/div><\/div><\/div><\/article><article id=\"portfolio-1-post-19181\" class=\"fusion-portfolio-post veicoli-elettrici parowniki-skraplacze fusion-col-spacing post-19181\"><div class=\"fusion-portfolio-content-wrapper\" style=\"border:none;\"><span class=\"vcard rich-snippet-hidden\"><span class=\"fn\"><a href=\"https:\/\/www.autoclima.com\/pl\/author\/ioadv\/\" title=\"Wpisy od ioadv\" rel=\"author\">ioadv<\/a><\/span><\/span><span class=\"updated rich-snippet-hidden\">2026-04-29T12:01:41+02:00<\/span><div  class=\"fusion-image-wrapper\" aria-haspopup=\"true\">\n\t\t\t\t\t\t\t<a href=\"https:\/\/www.autoclima.com\/pl\/aplikacje\/parownik-e-40-super-alaska\/\" aria-label=\"Parownik E 40 Super Alaska\">\n\t\t\t\t\t\t\t<img decoding=\"async\" width=\"550\" height=\"550\" src=\"https:\/\/www.autoclima.com\/wp-content\/uploads\/autoclima-e40.png\" class=\"attachment-full size-full wp-post-image\" alt=\"\" srcset=\"https:\/\/www.autoclima.com\/wp-content\/uploads\/autoclima-e40-200x200.png 200w, https:\/\/www.autoclima.com\/wp-content\/uploads\/autoclima-e40-400x400.png 400w, https:\/\/www.autoclima.com\/wp-content\/uploads\/autoclima-e40.png 550w\" sizes=\"(min-width: 2200px) 100vw, (min-width: 1000px) 200px, (min-width: 928px) 240px, (min-width: 856px) 300px, (min-width: 784px) 400px, (min-width: 712px) 600px, (min-width: 640px) 712px, \" \/>\t\t\t<\/a>\n\t\t\t\t\t\t\t<\/div>\n<div class=\"fusion-portfolio-content\"><h2 class=\"entry-title fusion-post-title\"><a href=\"https:\/\/www.autoclima.com\/pl\/aplikacje\/parownik-e-40-super-alaska\/\">Parownik E 40 Super Alaska<\/a><\/h2><div class=\"fusion-post-content\"><\/div><\/div><\/div><\/article><article id=\"portfolio-1-post-19277\" class=\"fusion-portfolio-post veicoli-elettrici parowniki-skraplacze fusion-col-spacing post-19277\"><div class=\"fusion-portfolio-content-wrapper\" style=\"border:none;\"><span class=\"vcard rich-snippet-hidden\"><span class=\"fn\"><a href=\"https:\/\/www.autoclima.com\/pl\/author\/ioadv\/\" title=\"Wpisy od ioadv\" rel=\"author\">ioadv<\/a><\/span><\/span><span class=\"updated rich-snippet-hidden\">2026-04-29T12:03:09+02:00<\/span><div  class=\"fusion-image-wrapper\" aria-haspopup=\"true\">\n\t\t\t\t\t\t\t<a href=\"https:\/\/www.autoclima.com\/pl\/aplikacje\/ev-evh-40-3-pionowy-parownik-scienny-2\/\" aria-label=\"EV\/EVH 40\/3 Pionowy parownik \u015bcienny\">\n\t\t\t\t\t\t\t<img decoding=\"async\" width=\"550\" height=\"550\" src=\"https:\/\/www.autoclima.com\/wp-content\/uploads\/autoclima-EV40-3-Vertical-parete.png\" class=\"attachment-full size-full wp-post-image\" alt=\"\" srcset=\"https:\/\/www.autoclima.com\/wp-content\/uploads\/autoclima-EV40-3-Vertical-parete-200x200.png 200w, https:\/\/www.autoclima.com\/wp-content\/uploads\/autoclima-EV40-3-Vertical-parete-400x400.png 400w, https:\/\/www.autoclima.com\/wp-content\/uploads\/autoclima-EV40-3-Vertical-parete.png 550w\" sizes=\"(min-width: 2200px) 100vw, (min-width: 1000px) 200px, (min-width: 928px) 240px, (min-width: 856px) 300px, (min-width: 784px) 400px, (min-width: 712px) 600px, (min-width: 640px) 712px, \" \/>\t\t\t<\/a>\n\t\t\t\t\t\t\t<\/div>\n<div class=\"fusion-portfolio-content\"><h2 class=\"entry-title fusion-post-title\"><a href=\"https:\/\/www.autoclima.com\/pl\/aplikacje\/ev-evh-40-3-pionowy-parownik-scienny-2\/\">EV\/EVH 40\/3 Pionowy parownik \u015bcienny<\/a><\/h2><div class=\"fusion-post-content\"><\/div><\/div><\/div><\/article><article id=\"portfolio-1-post-19821\" class=\"fusion-portfolio-post veicoli-elettrici parowniki-skraplacze fusion-col-spacing post-19821\"><div class=\"fusion-portfolio-content-wrapper\" style=\"border:none;\"><span class=\"vcard rich-snippet-hidden\"><span class=\"fn\"><a href=\"https:\/\/www.autoclima.com\/pl\/author\/ioadv\/\" title=\"Wpisy od ioadv\" rel=\"author\">ioadv<\/a><\/span><\/span><span class=\"updated rich-snippet-hidden\">2026-04-29T12:19:54+02:00<\/span><div  class=\"fusion-image-wrapper\" aria-haspopup=\"true\">\n\t\t\t\t\t\t\t<a href=\"https:\/\/www.autoclima.com\/pl\/aplikacje\/ev-evh-40-3-pionowy-parownik-centralny-2\/\" aria-label=\"EV\/EVH 40\/3 Pionowy parownik centralny\">\n\t\t\t\t\t\t\t<img decoding=\"async\" width=\"550\" height=\"550\" src=\"https:\/\/www.autoclima.com\/wp-content\/uploads\/autoclima-EV40-3-vertical-centrale.png\" class=\"attachment-full size-full wp-post-image\" alt=\"\" srcset=\"https:\/\/www.autoclima.com\/wp-content\/uploads\/autoclima-EV40-3-vertical-centrale-200x200.png 200w, https:\/\/www.autoclima.com\/wp-content\/uploads\/autoclima-EV40-3-vertical-centrale-400x400.png 400w, https:\/\/www.autoclima.com\/wp-content\/uploads\/autoclima-EV40-3-vertical-centrale.png 550w\" sizes=\"(min-width: 2200px) 100vw, (min-width: 1000px) 200px, (min-width: 928px) 240px, (min-width: 856px) 300px, (min-width: 784px) 400px, (min-width: 712px) 600px, (min-width: 640px) 712px, \" \/>\t\t\t<\/a>\n\t\t\t\t\t\t\t<\/div>\n<div class=\"fusion-portfolio-content\"><h2 class=\"entry-title fusion-post-title\"><a href=\"https:\/\/www.autoclima.com\/pl\/aplikacje\/ev-evh-40-3-pionowy-parownik-centralny-2\/\">EV\/EVH 40\/3 Pionowy parownik centralny<\/a><\/h2><div class=\"fusion-post-content\"><\/div><\/div><\/div><\/article><article id=\"portfolio-1-post-18918\" class=\"fusion-portfolio-post veicoli-elettrici parowniki-skraplacze fusion-col-spacing post-18918\"><div class=\"fusion-portfolio-content-wrapper\" style=\"border:none;\"><span class=\"vcard rich-snippet-hidden\"><span class=\"fn\"><a href=\"https:\/\/www.autoclima.com\/pl\/author\/ioadv\/\" title=\"Wpisy od ioadv\" rel=\"author\">ioadv<\/a><\/span><\/span><span class=\"updated rich-snippet-hidden\">2026-04-29T11:57:59+02:00<\/span><div  class=\"fusion-image-wrapper\" aria-haspopup=\"true\">\n\t\t\t\t\t\t\t<a href=\"https:\/\/www.autoclima.com\/pl\/applicazioni\/kondensator-k-40\/\" aria-label=\"Kondensator K 40\">\n\t\t\t\t\t\t\t<img decoding=\"async\" width=\"550\" height=\"550\" src=\"https:\/\/www.autoclima.com\/wp-content\/uploads\/autoclima-K40.png\" class=\"attachment-full size-full wp-post-image\" alt=\"\" srcset=\"https:\/\/www.autoclima.com\/wp-content\/uploads\/autoclima-K40-200x200.png 200w, https:\/\/www.autoclima.com\/wp-content\/uploads\/autoclima-K40-400x400.png 400w, https:\/\/www.autoclima.com\/wp-content\/uploads\/autoclima-K40.png 550w\" sizes=\"(min-width: 2200px) 100vw, (min-width: 1000px) 200px, (min-width: 928px) 240px, (min-width: 856px) 300px, (min-width: 784px) 400px, (min-width: 712px) 600px, (min-width: 640px) 712px, \" \/>\t\t\t<\/a>\n\t\t\t\t\t\t\t<\/div>\n<div class=\"fusion-portfolio-content\"><h2 class=\"entry-title fusion-post-title\"><a href=\"https:\/\/www.autoclima.com\/pl\/applicazioni\/kondensator-k-40\/\">Kondensator K 40<\/a><\/h2><div class=\"fusion-post-content\"><\/div><\/div><\/div><\/article><article id=\"portfolio-1-post-19922\" class=\"fusion-portfolio-post veicoli-elettrici parowniki-skraplacze fusion-col-spacing post-19922\"><div class=\"fusion-portfolio-content-wrapper\" style=\"border:none;\"><span class=\"vcard rich-snippet-hidden\"><span class=\"fn\"><a href=\"https:\/\/www.autoclima.com\/pl\/author\/ioadv\/\" title=\"Wpisy od ioadv\" rel=\"author\">ioadv<\/a><\/span><\/span><span class=\"updated rich-snippet-hidden\">2026-04-29T12:21:56+02:00<\/span><div  class=\"fusion-image-wrapper\" aria-haspopup=\"true\">\n\t\t\t\t\t\t\t<a href=\"https:\/\/www.autoclima.com\/pl\/applicazioni\/kondensator-k60\/\" aria-label=\"Kondensator K60\">\n\t\t\t\t\t\t\t<img decoding=\"async\" width=\"550\" height=\"550\" src=\"https:\/\/www.autoclima.com\/wp-content\/uploads\/autoclima-K60.png\" class=\"attachment-full size-full wp-post-image\" alt=\"\" srcset=\"https:\/\/www.autoclima.com\/wp-content\/uploads\/autoclima-K60-200x200.png 200w, https:\/\/www.autoclima.com\/wp-content\/uploads\/autoclima-K60-400x400.png 400w, https:\/\/www.autoclima.com\/wp-content\/uploads\/autoclima-K60.png 550w\" sizes=\"(min-width: 2200px) 100vw, (min-width: 1000px) 200px, (min-width: 928px) 240px, (min-width: 856px) 300px, (min-width: 784px) 400px, (min-width: 712px) 600px, (min-width: 640px) 712px, \" \/>\t\t\t<\/a>\n\t\t\t\t\t\t\t<\/div>\n<div class=\"fusion-portfolio-content\"><h2 class=\"entry-title fusion-post-title\"><a href=\"https:\/\/www.autoclima.com\/pl\/applicazioni\/kondensator-k60\/\">Kondensator K60<\/a><\/h2><div class=\"fusion-post-content\"><\/div><\/div><\/div><\/article><article id=\"portfolio-1-post-18712\" class=\"fusion-portfolio-post tempo-libero grupy-dachow fusion-col-spacing post-18712\"><div class=\"fusion-portfolio-content-wrapper\" style=\"border:none;\"><span class=\"vcard rich-snippet-hidden\"><span class=\"fn\"><a href=\"https:\/\/www.autoclima.com\/pl\/author\/ioadv\/\" title=\"Wpisy od ioadv\" rel=\"author\">ioadv<\/a><\/span><\/span><span class=\"updated rich-snippet-hidden\">2026-04-29T11:55:29+02:00<\/span><div  class=\"fusion-image-wrapper\" aria-haspopup=\"true\">\n\t\t\t\t\t\t\t<a href=\"https:\/\/www.autoclima.com\/pl\/aplikacje\/zakres-rteh\/\" aria-label=\"Zakres RTEH\">\n\t\t\t\t\t\t\t<img decoding=\"async\" width=\"550\" height=\"550\" src=\"https:\/\/www.autoclima.com\/wp-content\/uploads\/autoclima-rteh17.png\" class=\"attachment-full size-full wp-post-image\" alt=\"\" srcset=\"https:\/\/www.autoclima.com\/wp-content\/uploads\/autoclima-rteh17-200x200.png 200w, https:\/\/www.autoclima.com\/wp-content\/uploads\/autoclima-rteh17-400x400.png 400w, https:\/\/www.autoclima.com\/wp-content\/uploads\/autoclima-rteh17.png 550w\" sizes=\"(min-width: 2200px) 100vw, (min-width: 1000px) 200px, (min-width: 928px) 240px, (min-width: 856px) 300px, (min-width: 784px) 400px, (min-width: 712px) 600px, (min-width: 640px) 712px, \" \/>\t\t\t<\/a>\n\t\t\t\t\t\t\t<\/div>\n<div class=\"fusion-portfolio-content\"><h2 class=\"entry-title fusion-post-title\"><a href=\"https:\/\/www.autoclima.com\/pl\/aplikacje\/zakres-rteh\/\">Zakres RTEH<\/a><\/h2><div class=\"fusion-post-content\"><\/div><\/div><\/div><\/article><article id=\"portfolio-1-post-19451\" class=\"fusion-portfolio-post tempo-libero akcesoria fusion-col-spacing post-19451\"><div class=\"fusion-portfolio-content-wrapper\" style=\"border:none;\"><span class=\"vcard rich-snippet-hidden\"><span class=\"fn\"><a href=\"https:\/\/www.autoclima.com\/pl\/author\/ioadv\/\" title=\"Wpisy od ioadv\" rel=\"author\">ioadv<\/a><\/span><\/span><span class=\"updated rich-snippet-hidden\">2026-04-29T12:05:01+02:00<\/span><div  class=\"fusion-image-wrapper\" aria-haspopup=\"true\">\n\t\t\t\t\t\t\t<a href=\"https:\/\/www.autoclima.com\/pl\/applicazioni\/falownik\/\" aria-label=\"Falownik\">\n\t\t\t\t\t\t\t<img decoding=\"async\" width=\"550\" height=\"550\" src=\"https:\/\/www.autoclima.com\/wp-content\/uploads\/autoclima-inverter.png\" class=\"attachment-full size-full wp-post-image\" alt=\"\" srcset=\"https:\/\/www.autoclima.com\/wp-content\/uploads\/autoclima-inverter-200x200.png 200w, https:\/\/www.autoclima.com\/wp-content\/uploads\/autoclima-inverter-400x400.png 400w, https:\/\/www.autoclima.com\/wp-content\/uploads\/autoclima-inverter.png 550w\" sizes=\"(min-width: 2200px) 100vw, (min-width: 1000px) 200px, (min-width: 928px) 240px, (min-width: 856px) 300px, (min-width: 784px) 400px, (min-width: 712px) 600px, (min-width: 640px) 712px, \" \/>\t\t\t<\/a>\n\t\t\t\t\t\t\t<\/div>\n<div class=\"fusion-portfolio-content\"><h2 class=\"entry-title fusion-post-title\"><a href=\"https:\/\/www.autoclima.com\/pl\/applicazioni\/falownik\/\">Falownik<\/a><\/h2><div class=\"fusion-post-content\"><\/div><\/div><\/div><\/article><article id=\"portfolio-1-post-18752\" class=\"fusion-portfolio-post mezzi-agricoli-e-movimento-terra jednostka-elektryczna-12v-24v fusion-col-spacing post-18752\"><div class=\"fusion-portfolio-content-wrapper\" style=\"border:none;\"><span class=\"vcard rich-snippet-hidden\"><span class=\"fn\"><a href=\"https:\/\/www.autoclima.com\/pl\/author\/ioadv\/\" title=\"Wpisy od ioadv\" rel=\"author\">ioadv<\/a><\/span><\/span><span class=\"updated rich-snippet-hidden\">2026-04-29T11:56:02+02:00<\/span><div  class=\"fusion-image-wrapper\" aria-haspopup=\"true\">\n\t\t\t\t\t\t\t<a href=\"https:\/\/www.autoclima.com\/pl\/aplikacje\/modula-rt-rt-plus-2\/\" aria-label=\"Modula RT - RT PLUS\">\n\t\t\t\t\t\t\t<img decoding=\"async\" width=\"550\" height=\"550\" src=\"https:\/\/www.autoclima.com\/wp-content\/uploads\/autoclima-modula-rt-slim.png\" class=\"attachment-full size-full wp-post-image\" alt=\"\" srcset=\"https:\/\/www.autoclima.com\/wp-content\/uploads\/autoclima-modula-rt-slim-200x200.png 200w, https:\/\/www.autoclima.com\/wp-content\/uploads\/autoclima-modula-rt-slim-400x400.png 400w, https:\/\/www.autoclima.com\/wp-content\/uploads\/autoclima-modula-rt-slim.png 550w\" sizes=\"(min-width: 2200px) 100vw, (min-width: 1000px) 200px, (min-width: 928px) 240px, (min-width: 856px) 300px, (min-width: 784px) 400px, (min-width: 712px) 600px, (min-width: 640px) 712px, \" \/>\t\t\t<\/a>\n\t\t\t\t\t\t\t<\/div>\n<div class=\"fusion-portfolio-content\"><h2 class=\"entry-title fusion-post-title\"><a href=\"https:\/\/www.autoclima.com\/pl\/aplikacje\/modula-rt-rt-plus-2\/\">Modula RT - RT PLUS<\/a><\/h2><div class=\"fusion-post-content\"><\/div><\/div><\/div><\/article><article id=\"portfolio-1-post-18818\" class=\"fusion-portfolio-post mezzi-agricoli-e-movimento-terra jednostka-elektryczna-12v-24v fusion-col-spacing post-18818\"><div class=\"fusion-portfolio-content-wrapper\" style=\"border:none;\"><span class=\"vcard rich-snippet-hidden\"><span class=\"fn\"><a href=\"https:\/\/www.autoclima.com\/pl\/author\/ioadv\/\" title=\"Wpisy od ioadv\" rel=\"author\">ioadv<\/a><\/span><\/span><span class=\"updated rich-snippet-hidden\">2026-04-29T11:57:00+02:00<\/span><div  class=\"fusion-image-wrapper\" aria-haspopup=\"true\">\n\t\t\t\t\t\t\t<a href=\"https:\/\/www.autoclima.com\/pl\/aplikacje\/modula-mk-2\/\" aria-label=\"Modula MK\">\n\t\t\t\t\t\t\t<img decoding=\"async\" width=\"550\" height=\"550\" src=\"https:\/\/www.autoclima.com\/wp-content\/uploads\/autoclima-modula-mk.png\" class=\"attachment-full size-full wp-post-image\" alt=\"\" srcset=\"https:\/\/www.autoclima.com\/wp-content\/uploads\/autoclima-modula-mk-200x200.png 200w, https:\/\/www.autoclima.com\/wp-content\/uploads\/autoclima-modula-mk-400x400.png 400w, https:\/\/www.autoclima.com\/wp-content\/uploads\/autoclima-modula-mk.png 550w\" sizes=\"(min-width: 2200px) 100vw, (min-width: 1000px) 200px, (min-width: 928px) 240px, (min-width: 856px) 300px, (min-width: 784px) 400px, (min-width: 712px) 600px, (min-width: 640px) 712px, \" \/>\t\t\t<\/a>\n\t\t\t\t\t\t\t<\/div>\n<div class=\"fusion-portfolio-content\"><h2 class=\"entry-title fusion-post-title\"><a href=\"https:\/\/www.autoclima.com\/pl\/aplikacje\/modula-mk-2\/\">Modula MK<\/a><\/h2><div class=\"fusion-post-content\"><\/div><\/div><\/div><\/article><article id=\"portfolio-1-post-18795\" class=\"fusion-portfolio-post mezzi-agricoli-e-movimento-terra jednostka-elektryczna-12v-24v fusion-col-spacing post-18795\"><div class=\"fusion-portfolio-content-wrapper\" style=\"border:none;\"><span class=\"vcard rich-snippet-hidden\"><span class=\"fn\"><a href=\"https:\/\/www.autoclima.com\/pl\/author\/ioadv\/\" title=\"Wpisy od ioadv\" rel=\"author\">ioadv<\/a><\/span><\/span><span class=\"updated rich-snippet-hidden\">2026-04-29T11:56:44+02:00<\/span><div  class=\"fusion-image-wrapper\" aria-haspopup=\"true\">\n\t\t\t\t\t\t\t<a href=\"https:\/\/www.autoclima.com\/pl\/applicazioni\/modula-mc-2\/\" aria-label=\"Modula MC\">\n\t\t\t\t\t\t\t<img decoding=\"async\" width=\"550\" height=\"550\" src=\"https:\/\/www.autoclima.com\/wp-content\/uploads\/autoclima-modula-mc.png\" class=\"attachment-full size-full wp-post-image\" alt=\"\" srcset=\"https:\/\/www.autoclima.com\/wp-content\/uploads\/autoclima-modula-mc-200x200.png 200w, https:\/\/www.autoclima.com\/wp-content\/uploads\/autoclima-modula-mc-400x400.png 400w, https:\/\/www.autoclima.com\/wp-content\/uploads\/autoclima-modula-mc.png 550w\" sizes=\"(min-width: 2200px) 100vw, (min-width: 1000px) 200px, (min-width: 928px) 240px, (min-width: 856px) 300px, (min-width: 784px) 400px, (min-width: 712px) 600px, (min-width: 640px) 712px, \" \/>\t\t\t<\/a>\n\t\t\t\t\t\t\t<\/div>\n<div class=\"fusion-portfolio-content\"><h2 class=\"entry-title fusion-post-title\"><a href=\"https:\/\/www.autoclima.com\/pl\/applicazioni\/modula-mc-2\/\">Modula MC<\/a><\/h2><div class=\"fusion-post-content\"><\/div><\/div><\/div><\/article><article id=\"portfolio-1-post-19850\" class=\"fusion-portfolio-post mezzi-agricoli-e-movimento-terra jednostka-elektryczna-12v-24v fusion-col-spacing post-19850\"><div class=\"fusion-portfolio-content-wrapper\" style=\"border:none;\"><span class=\"vcard rich-snippet-hidden\"><span class=\"fn\"><a href=\"https:\/\/www.autoclima.com\/pl\/author\/ioadv\/\" title=\"Wpisy od ioadv\" rel=\"author\">ioadv<\/a><\/span><\/span><span class=\"updated rich-snippet-hidden\">2026-04-29T12:20:21+02:00<\/span><div  class=\"fusion-image-wrapper\" aria-haspopup=\"true\">\n\t\t\t\t\t\t\t<a href=\"https:\/\/www.autoclima.com\/pl\/applicazioni\/modula-vertical-2\/\" aria-label=\"Modula Vertical\">\n\t\t\t\t\t\t\t<img decoding=\"async\" width=\"550\" height=\"550\" src=\"https:\/\/www.autoclima.com\/wp-content\/uploads\/autoclima-modula-vertical.png\" class=\"attachment-full size-full wp-post-image\" alt=\"\" srcset=\"https:\/\/www.autoclima.com\/wp-content\/uploads\/autoclima-modula-vertical-200x200.png 200w, https:\/\/www.autoclima.com\/wp-content\/uploads\/autoclima-modula-vertical-400x400.png 400w, https:\/\/www.autoclima.com\/wp-content\/uploads\/autoclima-modula-vertical.png 550w\" sizes=\"(min-width: 2200px) 100vw, (min-width: 1000px) 200px, (min-width: 928px) 240px, (min-width: 856px) 300px, (min-width: 784px) 400px, (min-width: 712px) 600px, (min-width: 640px) 712px, \" \/>\t\t\t<\/a>\n\t\t\t\t\t\t\t<\/div>\n<div class=\"fusion-portfolio-content\"><h2 class=\"entry-title fusion-post-title\"><a href=\"https:\/\/www.autoclima.com\/pl\/applicazioni\/modula-vertical-2\/\">Modula Vertical<\/a><\/h2><div class=\"fusion-post-content\"><\/div><\/div><\/div><\/article><article id=\"portfolio-1-post-18929\" class=\"fusion-portfolio-post mezzi-agricoli-e-movimento-terra jednostka-elektryczna-12v-24v fusion-col-spacing post-18929\"><div class=\"fusion-portfolio-content-wrapper\" style=\"border:none;\"><span class=\"vcard rich-snippet-hidden\"><span class=\"fn\"><a href=\"https:\/\/www.autoclima.com\/pl\/author\/ioadv\/\" title=\"Wpisy od ioadv\" rel=\"author\">ioadv<\/a><\/span><\/span><span class=\"updated rich-snippet-hidden\">2026-04-29T11:58:07+02:00<\/span><div  class=\"fusion-image-wrapper\" aria-haspopup=\"true\">\n\t\t\t\t\t\t\t<a href=\"https:\/\/www.autoclima.com\/pl\/applicazioni\/modula-mk-underfloor\/\" aria-label=\"Modula MK Underfloor\">\n\t\t\t\t\t\t\t<img decoding=\"async\" width=\"550\" height=\"550\" src=\"https:\/\/www.autoclima.com\/wp-content\/uploads\/autoclima-Modula-Underfloor.png\" class=\"attachment-full size-full wp-post-image\" alt=\"\" srcset=\"https:\/\/www.autoclima.com\/wp-content\/uploads\/autoclima-Modula-Underfloor-200x200.png 200w, https:\/\/www.autoclima.com\/wp-content\/uploads\/autoclima-Modula-Underfloor-400x400.png 400w, https:\/\/www.autoclima.com\/wp-content\/uploads\/autoclima-Modula-Underfloor.png 550w\" sizes=\"(min-width: 2200px) 100vw, (min-width: 1000px) 200px, (min-width: 928px) 240px, (min-width: 856px) 300px, (min-width: 784px) 400px, (min-width: 712px) 600px, (min-width: 640px) 712px, \" \/>\t\t\t<\/a>\n\t\t\t\t\t\t\t<\/div>\n<div class=\"fusion-portfolio-content\"><h2 class=\"entry-title fusion-post-title\"><a href=\"https:\/\/www.autoclima.com\/pl\/applicazioni\/modula-mk-underfloor\/\">Modula MK Underfloor<\/a><\/h2><div class=\"fusion-post-content\"><\/div><\/div><\/div><\/article><article id=\"portfolio-1-post-18767\" class=\"fusion-portfolio-post mezzi-agricoli-e-movimento-terra grupy-dachow fusion-col-spacing post-18767\"><div class=\"fusion-portfolio-content-wrapper\" style=\"border:none;\"><span class=\"vcard rich-snippet-hidden\"><span class=\"fn\"><a href=\"https:\/\/www.autoclima.com\/pl\/author\/ioadv\/\" title=\"Wpisy od ioadv\" rel=\"author\">ioadv<\/a><\/span><\/span><span class=\"updated rich-snippet-hidden\">2026-04-29T11:56:19+02:00<\/span><div  class=\"fusion-image-wrapper\" aria-haspopup=\"true\">\n\t\t\t\t\t\t\t<a href=\"https:\/\/www.autoclima.com\/pl\/applicazioni\/rt-rth-40\/\" aria-label=\"RT\/RTH 40\">\n\t\t\t\t\t\t\t<img decoding=\"async\" width=\"550\" height=\"550\" src=\"https:\/\/www.autoclima.com\/wp-content\/uploads\/autoclima-rt-40.png\" class=\"attachment-full size-full wp-post-image\" alt=\"\" srcset=\"https:\/\/www.autoclima.com\/wp-content\/uploads\/autoclima-rt-40-200x200.png 200w, https:\/\/www.autoclima.com\/wp-content\/uploads\/autoclima-rt-40-400x400.png 400w, https:\/\/www.autoclima.com\/wp-content\/uploads\/autoclima-rt-40.png 550w\" sizes=\"(min-width: 2200px) 100vw, (min-width: 1000px) 200px, (min-width: 928px) 240px, (min-width: 856px) 300px, (min-width: 784px) 400px, (min-width: 712px) 600px, (min-width: 640px) 712px, \" \/>\t\t\t<\/a>\n\t\t\t\t\t\t\t<\/div>\n<div class=\"fusion-portfolio-content\"><h2 class=\"entry-title fusion-post-title\"><a href=\"https:\/\/www.autoclima.com\/pl\/applicazioni\/rt-rth-40\/\">RT\/RTH 40<\/a><\/h2><div class=\"fusion-post-content\"><\/div><\/div><\/div><\/article><article id=\"portfolio-1-post-18893\" class=\"fusion-portfolio-post mezzi-agricoli-e-movimento-terra grupy-dachow fusion-col-spacing post-18893\"><div class=\"fusion-portfolio-content-wrapper\" style=\"border:none;\"><span class=\"vcard rich-snippet-hidden\"><span class=\"fn\"><a href=\"https:\/\/www.autoclima.com\/pl\/author\/ioadv\/\" title=\"Wpisy od ioadv\" rel=\"author\">ioadv<\/a><\/span><\/span><span class=\"updated rich-snippet-hidden\">2026-04-29T11:57:47+02:00<\/span><div  class=\"fusion-image-wrapper\" aria-haspopup=\"true\">\n\t\t\t\t\t\t\t<a href=\"https:\/\/www.autoclima.com\/pl\/aplikacje\/rt-rth-70\/\" aria-label=\"RT\/RTH 70\">\n\t\t\t\t\t\t\t<img decoding=\"async\" width=\"550\" height=\"550\" src=\"https:\/\/www.autoclima.com\/wp-content\/uploads\/autoclima-RT70.png\" class=\"attachment-full size-full wp-post-image\" alt=\"\" srcset=\"https:\/\/www.autoclima.com\/wp-content\/uploads\/autoclima-RT70-200x200.png 200w, https:\/\/www.autoclima.com\/wp-content\/uploads\/autoclima-RT70-400x400.png 400w, https:\/\/www.autoclima.com\/wp-content\/uploads\/autoclima-RT70.png 550w\" sizes=\"(min-width: 2200px) 100vw, (min-width: 1000px) 200px, (min-width: 928px) 240px, (min-width: 856px) 300px, (min-width: 784px) 400px, (min-width: 712px) 600px, (min-width: 640px) 712px, \" \/>\t\t\t<\/a>\n\t\t\t\t\t\t\t<\/div>\n<div class=\"fusion-portfolio-content\"><h2 class=\"entry-title fusion-post-title\"><a href=\"https:\/\/www.autoclima.com\/pl\/aplikacje\/rt-rth-70\/\">RT\/RTH 70<\/a><\/h2><div class=\"fusion-post-content\"><\/div><\/div><\/div><\/article><article id=\"portfolio-1-post-18770\" class=\"fusion-portfolio-post parowniki-skraplacze mezzi-agricoli-e-movimento-terra fusion-col-spacing post-18770\"><div class=\"fusion-portfolio-content-wrapper\" style=\"border:none;\"><span class=\"vcard rich-snippet-hidden\"><span class=\"fn\"><a href=\"https:\/\/www.autoclima.com\/pl\/author\/ioadv\/\" title=\"Wpisy od ioadv\" rel=\"author\">ioadv<\/a><\/span><\/span><span class=\"updated rich-snippet-hidden\">2026-04-29T11:56:24+02:00<\/span><div  class=\"fusion-image-wrapper\" aria-haspopup=\"true\">\n\t\t\t\t\t\t\t<a href=\"https:\/\/www.autoclima.com\/pl\/aplikacje\/parownik-e-40-super-alaska-eh-40-elecsta\/\" aria-label=\"Parownik E 40 Super Alaska EH 40 Elecsta\">\n\t\t\t\t\t\t\t<img decoding=\"async\" width=\"550\" height=\"550\" src=\"https:\/\/www.autoclima.com\/wp-content\/uploads\/autoclima-e40.png\" class=\"attachment-full size-full wp-post-image\" alt=\"\" srcset=\"https:\/\/www.autoclima.com\/wp-content\/uploads\/autoclima-e40-200x200.png 200w, https:\/\/www.autoclima.com\/wp-content\/uploads\/autoclima-e40-400x400.png 400w, https:\/\/www.autoclima.com\/wp-content\/uploads\/autoclima-e40.png 550w\" sizes=\"(min-width: 2200px) 100vw, (min-width: 1000px) 200px, (min-width: 928px) 240px, (min-width: 856px) 300px, (min-width: 784px) 400px, (min-width: 712px) 600px, (min-width: 640px) 712px, \" \/>\t\t\t<\/a>\n\t\t\t\t\t\t\t<\/div>\n<div class=\"fusion-portfolio-content\"><h2 class=\"entry-title fusion-post-title\"><a href=\"https:\/\/www.autoclima.com\/pl\/aplikacje\/parownik-e-40-super-alaska-eh-40-elecsta\/\">Parownik E 40 Super Alaska EH 40 Elecsta<\/a><\/h2><div class=\"fusion-post-content\"><\/div><\/div><\/div><\/article><article id=\"portfolio-1-post-19484\" class=\"fusion-portfolio-post mezzi-agricoli-e-movimento-terra parowniki-skraplacze fusion-col-spacing post-19484\"><div class=\"fusion-portfolio-content-wrapper\" style=\"border:none;\"><span class=\"vcard rich-snippet-hidden\"><span class=\"fn\"><a href=\"https:\/\/www.autoclima.com\/pl\/author\/veronica-arato\/\" title=\"Wpisy od veronica.arato\" rel=\"author\">veronica.arato<\/a><\/span><\/span><span class=\"updated rich-snippet-hidden\">2026-04-29T12:05:31+02:00<\/span><div  class=\"fusion-image-wrapper\" aria-haspopup=\"true\">\n\t\t\t\t\t\t\t<a href=\"https:\/\/www.autoclima.com\/pl\/aplikacje\/ev-evh-40-1-pionowy-parownik-o-duzej-wytrzymalosci-dwustronny\/\" aria-label=\"EV\/EVH 40\/1 Pionowy parownik o du\u017cej wytrzyma\u0142o\u015bci - dwustronny\">\n\t\t\t\t\t\t\t<img decoding=\"async\" width=\"2511\" height=\"2511\" src=\"https:\/\/www.autoclima.com\/wp-content\/uploads\/Ev401_TwoSides.png\" class=\"attachment-full size-full wp-post-image\" alt=\"\" srcset=\"https:\/\/www.autoclima.com\/wp-content\/uploads\/Ev401_TwoSides-200x200.png 200w, https:\/\/www.autoclima.com\/wp-content\/uploads\/Ev401_TwoSides-400x400.png 400w, https:\/\/www.autoclima.com\/wp-content\/uploads\/Ev401_TwoSides-600x600.png 600w, https:\/\/www.autoclima.com\/wp-content\/uploads\/Ev401_TwoSides-800x800.png 800w, https:\/\/www.autoclima.com\/wp-content\/uploads\/Ev401_TwoSides-1200x1200.png 1200w, https:\/\/www.autoclima.com\/wp-content\/uploads\/Ev401_TwoSides.png 2511w\" sizes=\"(min-width: 2200px) 100vw, (min-width: 1000px) 200px, (min-width: 928px) 240px, (min-width: 856px) 300px, (min-width: 784px) 400px, (min-width: 712px) 600px, (min-width: 640px) 712px, \" \/>\t\t\t<\/a>\n\t\t\t\t\t\t\t<\/div>\n<div class=\"fusion-portfolio-content\"><h2 class=\"entry-title fusion-post-title\"><a href=\"https:\/\/www.autoclima.com\/pl\/aplikacje\/ev-evh-40-1-pionowy-parownik-o-duzej-wytrzymalosci-dwustronny\/\">EV\/EVH 40\/1 Pionowy parownik o du\u017cej wytrzyma\u0142o\u015bci - dwustronny<\/a><\/h2><div class=\"fusion-post-content\"><\/div><\/div><\/div><\/article><article id=\"portfolio-1-post-19466\" class=\"fusion-portfolio-post mezzi-agricoli-e-movimento-terra parowniki-skraplacze fusion-col-spacing post-19466\"><div class=\"fusion-portfolio-content-wrapper\" style=\"border:none;\"><span class=\"vcard rich-snippet-hidden\"><span class=\"fn\"><a href=\"https:\/\/www.autoclima.com\/pl\/author\/veronica-arato\/\" title=\"Wpisy od veronica.arato\" rel=\"author\">veronica.arato<\/a><\/span><\/span><span class=\"updated rich-snippet-hidden\">2026-04-29T12:05:15+02:00<\/span><div  class=\"fusion-image-wrapper\" aria-haspopup=\"true\">\n\t\t\t\t\t\t\t<a href=\"https:\/\/www.autoclima.com\/pl\/applicazioni\/ev-evh-40-1-pionowy-parownik-scienny-do-duzych-obciazen\/\" aria-label=\"EV\/EVH 40\/1 Pionowy parownik \u015bcienny do du\u017cych obci\u0105\u017ce\u0144\">\n\t\t\t\t\t\t\t<img decoding=\"async\" width=\"2511\" height=\"2511\" src=\"https:\/\/www.autoclima.com\/wp-content\/uploads\/EV401_Vertical-e1682519349799.png\" class=\"attachment-full size-full wp-post-image\" alt=\"\" \/>\t\t\t<\/a>\n\t\t\t\t\t\t\t<\/div>\n<div class=\"fusion-portfolio-content\"><h2 class=\"entry-title fusion-post-title\"><a href=\"https:\/\/www.autoclima.com\/pl\/applicazioni\/ev-evh-40-1-pionowy-parownik-scienny-do-duzych-obciazen\/\">EV\/EVH 40\/1 Pionowy parownik \u015bcienny do du\u017cych obci\u0105\u017ce\u0144<\/a><\/h2><div class=\"fusion-post-content\"><\/div><\/div><\/div><\/article><article id=\"portfolio-1-post-19252\" class=\"fusion-portfolio-post mezzi-agricoli-e-movimento-terra parowniki-skraplacze fusion-col-spacing post-19252\"><div class=\"fusion-portfolio-content-wrapper\" style=\"border:none;\"><span class=\"vcard rich-snippet-hidden\"><span class=\"fn\"><a href=\"https:\/\/www.autoclima.com\/pl\/author\/ioadv\/\" title=\"Wpisy od ioadv\" rel=\"author\">ioadv<\/a><\/span><\/span><span class=\"updated rich-snippet-hidden\">2026-04-29T12:02:52+02:00<\/span><div  class=\"fusion-image-wrapper\" aria-haspopup=\"true\">\n\t\t\t\t\t\t\t<a href=\"https:\/\/www.autoclima.com\/pl\/aplikacje\/ev-evh-40-3-pionowy-parownik-scienny\/\" aria-label=\"EV\/EVH 40\/3 Pionowy parownik \u015bcienny\">\n\t\t\t\t\t\t\t<img decoding=\"async\" width=\"550\" height=\"550\" src=\"https:\/\/www.autoclima.com\/wp-content\/uploads\/autoclima-EV40-3-Vertical-parete.png\" class=\"attachment-full size-full wp-post-image\" alt=\"\" srcset=\"https:\/\/www.autoclima.com\/wp-content\/uploads\/autoclima-EV40-3-Vertical-parete-200x200.png 200w, https:\/\/www.autoclima.com\/wp-content\/uploads\/autoclima-EV40-3-Vertical-parete-400x400.png 400w, https:\/\/www.autoclima.com\/wp-content\/uploads\/autoclima-EV40-3-Vertical-parete.png 550w\" sizes=\"(min-width: 2200px) 100vw, (min-width: 1000px) 200px, (min-width: 928px) 240px, (min-width: 856px) 300px, (min-width: 784px) 400px, (min-width: 712px) 600px, (min-width: 640px) 712px, \" \/>\t\t\t<\/a>\n\t\t\t\t\t\t\t<\/div>\n<div class=\"fusion-portfolio-content\"><h2 class=\"entry-title fusion-post-title\"><a href=\"https:\/\/www.autoclima.com\/pl\/aplikacje\/ev-evh-40-3-pionowy-parownik-scienny\/\">EV\/EVH 40\/3 Pionowy parownik \u015bcienny<\/a><\/h2><div class=\"fusion-post-content\"><\/div><\/div><\/div><\/article><article id=\"portfolio-1-post-20106\" class=\"fusion-portfolio-post mezzi-agricoli-e-movimento-terra parowniki-skraplacze fusion-col-spacing post-20106\"><div class=\"fusion-portfolio-content-wrapper\" style=\"border:none;\"><span class=\"vcard rich-snippet-hidden\"><span class=\"fn\"><a href=\"https:\/\/www.autoclima.com\/pl\/author\/ioadv\/\" title=\"Wpisy od ioadv\" rel=\"author\">ioadv<\/a><\/span><\/span><span class=\"updated rich-snippet-hidden\">2026-04-29T12:25:44+02:00<\/span><div  class=\"fusion-image-wrapper\" aria-haspopup=\"true\">\n\t\t\t\t\t\t\t<a href=\"https:\/\/www.autoclima.com\/pl\/aplikacje\/ev-evh-40-3-pionowy-parownik-centralny-3\/\" aria-label=\"EV\/EVH 40\/3 Pionowy parownik centralny\">\n\t\t\t\t\t\t\t<img decoding=\"async\" width=\"550\" height=\"550\" src=\"https:\/\/www.autoclima.com\/wp-content\/uploads\/autoclima-EV40-3-vertical-centrale.png\" class=\"attachment-full size-full wp-post-image\" alt=\"\" srcset=\"https:\/\/www.autoclima.com\/wp-content\/uploads\/autoclima-EV40-3-vertical-centrale-200x200.png 200w, https:\/\/www.autoclima.com\/wp-content\/uploads\/autoclima-EV40-3-vertical-centrale-400x400.png 400w, https:\/\/www.autoclima.com\/wp-content\/uploads\/autoclima-EV40-3-vertical-centrale.png 550w\" sizes=\"(min-width: 2200px) 100vw, (min-width: 1000px) 200px, (min-width: 928px) 240px, (min-width: 856px) 300px, (min-width: 784px) 400px, (min-width: 712px) 600px, (min-width: 640px) 712px, \" \/>\t\t\t<\/a>\n\t\t\t\t\t\t\t<\/div>\n<div class=\"fusion-portfolio-content\"><h2 class=\"entry-title fusion-post-title\"><a href=\"https:\/\/www.autoclima.com\/pl\/aplikacje\/ev-evh-40-3-pionowy-parownik-centralny-3\/\">EV\/EVH 40\/3 Pionowy parownik centralny<\/a><\/h2><div class=\"fusion-post-content\"><\/div><\/div><\/div><\/article><article id=\"portfolio-1-post-20122\" class=\"fusion-portfolio-post mezzi-agricoli-e-movimento-terra parowniki-skraplacze fusion-col-spacing post-20122\"><div class=\"fusion-portfolio-content-wrapper\" style=\"border:none;\"><span class=\"vcard rich-snippet-hidden\"><span class=\"fn\"><a href=\"https:\/\/www.autoclima.com\/pl\/author\/ioadv\/\" title=\"Wpisy od ioadv\" rel=\"author\">ioadv<\/a><\/span><\/span><span class=\"updated rich-snippet-hidden\">2026-04-29T12:26:11+02:00<\/span><div  class=\"fusion-image-wrapper\" aria-haspopup=\"true\">\n\t\t\t\t\t\t\t<a href=\"https:\/\/www.autoclima.com\/pl\/aplikacje\/parownik-e-eh-60\/\" aria-label=\"Parownik E\/EH 60\">\n\t\t\t\t\t\t\t<img decoding=\"async\" width=\"550\" height=\"550\" src=\"https:\/\/www.autoclima.com\/wp-content\/uploads\/autoclima-E60.png\" class=\"attachment-full size-full wp-post-image\" alt=\"\" srcset=\"https:\/\/www.autoclima.com\/wp-content\/uploads\/autoclima-E60-200x200.png 200w, https:\/\/www.autoclima.com\/wp-content\/uploads\/autoclima-E60-400x400.png 400w, https:\/\/www.autoclima.com\/wp-content\/uploads\/autoclima-E60.png 550w\" sizes=\"(min-width: 2200px) 100vw, (min-width: 1000px) 200px, (min-width: 928px) 240px, (min-width: 856px) 300px, (min-width: 784px) 400px, (min-width: 712px) 600px, (min-width: 640px) 712px, \" \/>\t\t\t<\/a>\n\t\t\t\t\t\t\t<\/div>\n<div class=\"fusion-portfolio-content\"><h2 class=\"entry-title fusion-post-title\"><a href=\"https:\/\/www.autoclima.com\/pl\/aplikacje\/parownik-e-eh-60\/\">Parownik E\/EH 60<\/a><\/h2><div class=\"fusion-post-content\"><\/div><\/div><\/div><\/article><article id=\"portfolio-1-post-19163\" class=\"fusion-portfolio-post mezzi-agricoli-e-movimento-terra parowniki-skraplacze fusion-col-spacing post-19163\"><div class=\"fusion-portfolio-content-wrapper\" style=\"border:none;\"><span class=\"vcard rich-snippet-hidden\"><span class=\"fn\"><a href=\"https:\/\/www.autoclima.com\/pl\/author\/veronica-arato\/\" title=\"Wpisy od veronica.arato\" rel=\"author\">veronica.arato<\/a><\/span><\/span><span class=\"updated rich-snippet-hidden\">2026-04-29T12:01:20+02:00<\/span><div  class=\"fusion-image-wrapper\" aria-haspopup=\"true\">\n\t\t\t\t\t\t\t<a href=\"https:\/\/www.autoclima.com\/pl\/aplikacje\/kondensator-k-20-2\/\" aria-label=\"Kondensator K 20\">\n\t\t\t\t\t\t\t<img decoding=\"async\" width=\"1172\" height=\"1181\" src=\"https:\/\/www.autoclima.com\/wp-content\/uploads\/K20-e1682062512556.png\" class=\"attachment-full size-full wp-post-image\" alt=\"\" \/>\t\t\t<\/a>\n\t\t\t\t\t\t\t<\/div>\n<div class=\"fusion-portfolio-content\"><h2 class=\"entry-title fusion-post-title\"><a href=\"https:\/\/www.autoclima.com\/pl\/aplikacje\/kondensator-k-20-2\/\">Kondensator K 20<\/a><\/h2><div class=\"fusion-post-content\"><\/div><\/div><\/div><\/article><article id=\"portfolio-1-post-19263\" class=\"fusion-portfolio-post parowniki-skraplacze mezzi-agricoli-e-movimento-terra fusion-col-spacing post-19263\"><div class=\"fusion-portfolio-content-wrapper\" style=\"border:none;\"><span class=\"vcard rich-snippet-hidden\"><span class=\"fn\"><a href=\"https:\/\/www.autoclima.com\/pl\/author\/veronica-arato\/\" title=\"Wpisy od veronica.arato\" rel=\"author\">veronica.arato<\/a><\/span><\/span><span class=\"updated rich-snippet-hidden\">2026-04-29T12:03:01+02:00<\/span><div  class=\"fusion-image-wrapper\" aria-haspopup=\"true\">\n\t\t\t\t\t\t\t<a href=\"https:\/\/www.autoclima.com\/pl\/aplikacje\/kondensator-k-32-2\/\" aria-label=\"Kondensator K 32\">\n\t\t\t\t\t\t\t<img decoding=\"async\" width=\"733\" height=\"573\" src=\"https:\/\/www.autoclima.com\/wp-content\/uploads\/Cond.-K32-e1682001007672.png\" class=\"attachment-full size-full wp-post-image\" alt=\"\" \/>\t\t\t<\/a>\n\t\t\t\t\t\t\t<\/div>\n<div class=\"fusion-portfolio-content\"><h2 class=\"entry-title fusion-post-title\"><a href=\"https:\/\/www.autoclima.com\/pl\/aplikacje\/kondensator-k-32-2\/\">Kondensator K 32<\/a><\/h2><div class=\"fusion-post-content\"><\/div><\/div><\/div><\/article><article id=\"portfolio-1-post-18764\" class=\"fusion-portfolio-post mezzi-agricoli-e-movimento-terra parowniki-skraplacze fusion-col-spacing post-18764\"><div class=\"fusion-portfolio-content-wrapper\" style=\"border:none;\"><span class=\"vcard rich-snippet-hidden\"><span class=\"fn\"><a href=\"https:\/\/www.autoclima.com\/pl\/author\/ioadv\/\" title=\"Wpisy od ioadv\" rel=\"author\">ioadv<\/a><\/span><\/span><span class=\"updated rich-snippet-hidden\">2026-04-29T11:56:15+02:00<\/span><div  class=\"fusion-image-wrapper\" aria-haspopup=\"true\">\n\t\t\t\t\t\t\t<a href=\"https:\/\/www.autoclima.com\/pl\/aplikacje\/kondensator-k-36\/\" aria-label=\"Kondensator K 36\">\n\t\t\t\t\t\t\t<img decoding=\"async\" width=\"550\" height=\"550\" src=\"https:\/\/www.autoclima.com\/wp-content\/uploads\/autoclima-k-36.png\" class=\"attachment-full size-full wp-post-image\" alt=\"\" srcset=\"https:\/\/www.autoclima.com\/wp-content\/uploads\/autoclima-k-36-200x200.png 200w, https:\/\/www.autoclima.com\/wp-content\/uploads\/autoclima-k-36-400x400.png 400w, https:\/\/www.autoclima.com\/wp-content\/uploads\/autoclima-k-36.png 550w\" sizes=\"(min-width: 2200px) 100vw, (min-width: 1000px) 200px, (min-width: 928px) 240px, (min-width: 856px) 300px, (min-width: 784px) 400px, (min-width: 712px) 600px, (min-width: 640px) 712px, \" \/>\t\t\t<\/a>\n\t\t\t\t\t\t\t<\/div>\n<div class=\"fusion-portfolio-content\"><h2 class=\"entry-title fusion-post-title\"><a href=\"https:\/\/www.autoclima.com\/pl\/aplikacje\/kondensator-k-36\/\">Kondensator K 36<\/a><\/h2><div class=\"fusion-post-content\"><\/div><\/div><\/div><\/article><article id=\"portfolio-1-post-18945\" class=\"fusion-portfolio-post parowniki-skraplacze mezzi-agricoli-e-movimento-terra fusion-col-spacing post-18945\"><div class=\"fusion-portfolio-content-wrapper\" style=\"border:none;\"><span class=\"vcard rich-snippet-hidden\"><span class=\"fn\"><a href=\"https:\/\/www.autoclima.com\/pl\/author\/veronica-arato\/\" title=\"Wpisy od veronica.arato\" rel=\"author\">veronica.arato<\/a><\/span><\/span><span class=\"updated rich-snippet-hidden\">2026-04-29T11:58:19+02:00<\/span><div  class=\"fusion-image-wrapper\" aria-haspopup=\"true\">\n\t\t\t\t\t\t\t<a href=\"https:\/\/www.autoclima.com\/pl\/applicazioni\/kondensator-k-40-2\/\" aria-label=\"Kondensator K 40\">\n\t\t\t\t\t\t\t<img decoding=\"async\" width=\"550\" height=\"550\" src=\"https:\/\/www.autoclima.com\/wp-content\/uploads\/autoclima-K40.png\" class=\"attachment-full size-full wp-post-image\" alt=\"\" srcset=\"https:\/\/www.autoclima.com\/wp-content\/uploads\/autoclima-K40-200x200.png 200w, https:\/\/www.autoclima.com\/wp-content\/uploads\/autoclima-K40-400x400.png 400w, https:\/\/www.autoclima.com\/wp-content\/uploads\/autoclima-K40.png 550w\" sizes=\"(min-width: 2200px) 100vw, (min-width: 1000px) 200px, (min-width: 928px) 240px, (min-width: 856px) 300px, (min-width: 784px) 400px, (min-width: 712px) 600px, (min-width: 640px) 712px, \" \/>\t\t\t<\/a>\n\t\t\t\t\t\t\t<\/div>\n<div class=\"fusion-portfolio-content\"><h2 class=\"entry-title fusion-post-title\"><a href=\"https:\/\/www.autoclima.com\/pl\/applicazioni\/kondensator-k-40-2\/\">Kondensator K 40<\/a><\/h2><div class=\"fusion-post-content\"><\/div><\/div><\/div><\/article><article id=\"portfolio-1-post-19217\" class=\"fusion-portfolio-post mezzi-agricoli-e-movimento-terra parowniki-skraplacze fusion-col-spacing post-19217\"><div class=\"fusion-portfolio-content-wrapper\" style=\"border:none;\"><span class=\"vcard rich-snippet-hidden\"><span class=\"fn\"><a href=\"https:\/\/www.autoclima.com\/pl\/author\/veronica-arato\/\" title=\"Wpisy od veronica.arato\" rel=\"author\">veronica.arato<\/a><\/span><\/span><span class=\"updated rich-snippet-hidden\">2026-04-29T12:02:19+02:00<\/span><div  class=\"fusion-image-wrapper\" aria-haspopup=\"true\">\n\t\t\t\t\t\t\t<a href=\"https:\/\/www.autoclima.com\/pl\/applicazioni\/kondensator-k-50-2\/\" aria-label=\"Kondensator K 50\">\n\t\t\t\t\t\t\t<img decoding=\"async\" width=\"881\" height=\"609\" src=\"https:\/\/www.autoclima.com\/wp-content\/uploads\/Cond.-K50-1-e1682061307429.png\" class=\"attachment-full size-full wp-post-image\" alt=\"\" \/>\t\t\t<\/a>\n\t\t\t\t\t\t\t<\/div>\n<div class=\"fusion-portfolio-content\"><h2 class=\"entry-title fusion-post-title\"><a href=\"https:\/\/www.autoclima.com\/pl\/applicazioni\/kondensator-k-50-2\/\">Kondensator K 50<\/a><\/h2><div class=\"fusion-post-content\"><\/div><\/div><\/div><\/article><article id=\"portfolio-1-post-19157\" class=\"fusion-portfolio-post mezzi-agricoli-e-movimento-terra parowniki-skraplacze fusion-col-spacing post-19157\"><div class=\"fusion-portfolio-content-wrapper\" style=\"border:none;\"><span class=\"vcard rich-snippet-hidden\"><span class=\"fn\"><a href=\"https:\/\/www.autoclima.com\/pl\/author\/veronica-arato\/\" title=\"Wpisy od veronica.arato\" rel=\"author\">veronica.arato<\/a><\/span><\/span><span class=\"updated rich-snippet-hidden\">2026-04-29T12:01:10+02:00<\/span><div  class=\"fusion-image-wrapper\" aria-haspopup=\"true\">\n\t\t\t\t\t\t\t<a href=\"https:\/\/www.autoclima.com\/pl\/applicazioni\/kondensator-k-60-2\/\" aria-label=\"Kondensator K 60\">\n\t\t\t\t\t\t\t<img decoding=\"async\" width=\"550\" height=\"550\" src=\"https:\/\/www.autoclima.com\/wp-content\/uploads\/autoclima-K60.png\" class=\"attachment-full size-full wp-post-image\" alt=\"\" srcset=\"https:\/\/www.autoclima.com\/wp-content\/uploads\/autoclima-K60-200x200.png 200w, https:\/\/www.autoclima.com\/wp-content\/uploads\/autoclima-K60-400x400.png 400w, https:\/\/www.autoclima.com\/wp-content\/uploads\/autoclima-K60.png 550w\" sizes=\"(min-width: 2200px) 100vw, (min-width: 1000px) 200px, (min-width: 928px) 240px, (min-width: 856px) 300px, (min-width: 784px) 400px, (min-width: 712px) 600px, (min-width: 640px) 712px, \" \/>\t\t\t<\/a>\n\t\t\t\t\t\t\t<\/div>\n<div class=\"fusion-portfolio-content\"><h2 class=\"entry-title fusion-post-title\"><a href=\"https:\/\/www.autoclima.com\/pl\/applicazioni\/kondensator-k-60-2\/\">Kondensator K 60<\/a><\/h2><div class=\"fusion-post-content\"><\/div><\/div><\/div><\/article><article id=\"portfolio-1-post-20408\" class=\"fusion-portfolio-post mezzi-agricoli-e-movimento-terra parowniki-skraplacze fusion-col-spacing post-20408\"><div class=\"fusion-portfolio-content-wrapper\" style=\"border:none;\"><span class=\"vcard rich-snippet-hidden\"><span class=\"fn\"><a href=\"https:\/\/www.autoclima.com\/pl\/author\/veronica-arato\/\" title=\"Wpisy od veronica.arato\" rel=\"author\">veronica.arato<\/a><\/span><\/span><span class=\"updated rich-snippet-hidden\">2026-04-29T12:35:29+02:00<\/span><div  class=\"fusion-image-wrapper\" aria-haspopup=\"true\">\n\t\t\t\t\t\t\t<a href=\"https:\/\/www.autoclima.com\/pl\/aplikacje\/kondensator-kt-46-2\/\" aria-label=\"Kondensator KT 46\">\n\t\t\t\t\t\t\t<img decoding=\"async\" width=\"3043\" height=\"1750\" src=\"https:\/\/www.autoclima.com\/wp-content\/uploads\/KT-46-2-e1682512384926.png\" class=\"attachment-full size-full wp-post-image\" alt=\"\" \/>\t\t\t<\/a>\n\t\t\t\t\t\t\t<\/div>\n<div class=\"fusion-portfolio-content\"><h2 class=\"entry-title fusion-post-title\"><a href=\"https:\/\/www.autoclima.com\/pl\/aplikacje\/kondensator-kt-46-2\/\">Kondensator KT 46<\/a><\/h2><div class=\"fusion-post-content\"><\/div><\/div><\/div><\/article><article id=\"portfolio-1-post-20424\" class=\"fusion-portfolio-post mezzi-agricoli-e-movimento-terra parowniki-skraplacze fusion-col-spacing post-20424\"><div class=\"fusion-portfolio-content-wrapper\" style=\"border:none;\"><span class=\"vcard rich-snippet-hidden\"><span class=\"fn\"><a href=\"https:\/\/www.autoclima.com\/pl\/author\/veronica-arato\/\" title=\"Wpisy od veronica.arato\" rel=\"author\">veronica.arato<\/a><\/span><\/span><span class=\"updated rich-snippet-hidden\">2026-04-29T12:35:48+02:00<\/span><div  class=\"fusion-image-wrapper\" aria-haspopup=\"true\">\n\t\t\t\t\t\t\t<a href=\"https:\/\/www.autoclima.com\/pl\/aplikacje\/kondensator-kt-55-2\/\" aria-label=\"Kondensator KT 55\">\n\t\t\t\t\t\t\t<img decoding=\"async\" width=\"3199\" height=\"1796\" src=\"https:\/\/www.autoclima.com\/wp-content\/uploads\/KT55-e1682504662142.png\" class=\"attachment-full size-full wp-post-image\" alt=\"\" \/>\t\t\t<\/a>\n\t\t\t\t\t\t\t<\/div>\n<div class=\"fusion-portfolio-content\"><h2 class=\"entry-title fusion-post-title\"><a href=\"https:\/\/www.autoclima.com\/pl\/aplikacje\/kondensator-kt-55-2\/\">Kondensator KT 55<\/a><\/h2><div class=\"fusion-post-content\"><\/div><\/div><\/div><\/article><article id=\"portfolio-1-post-20113\" class=\"fusion-portfolio-post parowniki-skraplacze mezzi-agricoli-e-movimento-terra fusion-col-spacing post-20113\"><div class=\"fusion-portfolio-content-wrapper\" style=\"border:none;\"><span class=\"vcard rich-snippet-hidden\"><span class=\"fn\"><a href=\"https:\/\/www.autoclima.com\/pl\/author\/ioadv\/\" title=\"Wpisy od ioadv\" rel=\"author\">ioadv<\/a><\/span><\/span><span class=\"updated rich-snippet-hidden\">2026-04-29T12:25:54+02:00<\/span><div  class=\"fusion-image-wrapper\" aria-haspopup=\"true\">\n\t\t\t\t\t\t\t<a href=\"https:\/\/www.autoclima.com\/pl\/aplikacje\/kondensator-kt-75-3\/\" aria-label=\"Kondensator KT 75\">\n\t\t\t\t\t\t\t<img decoding=\"async\" width=\"550\" height=\"550\" src=\"https:\/\/www.autoclima.com\/wp-content\/uploads\/autoclima-KT75.png\" class=\"attachment-full size-full wp-post-image\" alt=\"\" srcset=\"https:\/\/www.autoclima.com\/wp-content\/uploads\/autoclima-KT75-200x200.png 200w, https:\/\/www.autoclima.com\/wp-content\/uploads\/autoclima-KT75-400x400.png 400w, https:\/\/www.autoclima.com\/wp-content\/uploads\/autoclima-KT75.png 550w\" sizes=\"(min-width: 2200px) 100vw, (min-width: 1000px) 200px, (min-width: 928px) 240px, (min-width: 856px) 300px, (min-width: 784px) 400px, (min-width: 712px) 600px, (min-width: 640px) 712px, \" \/>\t\t\t<\/a>\n\t\t\t\t\t\t\t<\/div>\n<div class=\"fusion-portfolio-content\"><h2 class=\"entry-title fusion-post-title\"><a href=\"https:\/\/www.autoclima.com\/pl\/aplikacje\/kondensator-kt-75-3\/\">Kondensator KT 75<\/a><\/h2><div class=\"fusion-post-content\"><\/div><\/div><\/div><\/article><article id=\"portfolio-1-post-20286\" class=\"fusion-portfolio-post mezzi-agricoli-e-movimento-terra akcesoria fusion-col-spacing post-20286\"><div class=\"fusion-portfolio-content-wrapper\" style=\"border:none;\"><span class=\"vcard rich-snippet-hidden\"><span class=\"fn\"><a href=\"https:\/\/www.autoclima.com\/pl\/author\/veronica-arato\/\" title=\"Wpisy od veronica.arato\" rel=\"author\">veronica.arato<\/a><\/span><\/span><span class=\"updated rich-snippet-hidden\">2026-04-29T12:33:57+02:00<\/span><div  class=\"fusion-image-wrapper\" aria-haspopup=\"true\">\n\t\t\t\t\t\t\t<a href=\"https:\/\/www.autoclima.com\/pl\/aplikacje\/przod-ev-evh-40-1-heavy-duty-z-dwoch-stron-2\/\" aria-label=\"Prz\u00f3d EV\/EVH 40\/1 Heavy Duty z dw\u00f3ch stron\">\n\t\t\t\t\t\t\t<img decoding=\"async\" width=\"1953\" height=\"1278\" src=\"https:\/\/www.autoclima.com\/wp-content\/uploads\/2027082278_OK-e1687166561781.png\" class=\"attachment-full size-full wp-post-image\" alt=\"\" \/>\t\t\t<\/a>\n\t\t\t\t\t\t\t<\/div>\n<div class=\"fusion-portfolio-content\"><h2 class=\"entry-title fusion-post-title\"><a href=\"https:\/\/www.autoclima.com\/pl\/aplikacje\/przod-ev-evh-40-1-heavy-duty-z-dwoch-stron-2\/\">Prz\u00f3d EV\/EVH 40\/1 Heavy Duty z dw\u00f3ch stron<\/a><\/h2><div class=\"fusion-post-content\"><\/div><\/div><\/div><\/article><article id=\"portfolio-1-post-20335\" class=\"fusion-portfolio-post mezzi-agricoli-e-movimento-terra akcesoria fusion-col-spacing post-20335\"><div class=\"fusion-portfolio-content-wrapper\" style=\"border:none;\"><span class=\"vcard rich-snippet-hidden\"><span class=\"fn\"><a href=\"https:\/\/www.autoclima.com\/pl\/author\/veronica-arato\/\" title=\"Wpisy od veronica.arato\" rel=\"author\">veronica.arato<\/a><\/span><\/span><span class=\"updated rich-snippet-hidden\">2026-04-29T12:34:34+02:00<\/span><div  class=\"fusion-image-wrapper\" aria-haspopup=\"true\">\n\t\t\t\t\t\t\t<a href=\"https:\/\/www.autoclima.com\/pl\/aplikacje\/panel-przedni-ev-evh-40-1-heavy-duty-do-montazu-na-scianie-2\/\" aria-label=\"Panel przedni EV\/EVH 40\/1 Heavy Duty do monta\u017cu na \u015bcianie\">\n\t\t\t\t\t\t\t<img decoding=\"async\" width=\"1666\" height=\"1245\" src=\"https:\/\/www.autoclima.com\/wp-content\/uploads\/2027082107_2-e1687165443777.png\" class=\"attachment-full size-full wp-post-image\" alt=\"\" \/>\t\t\t<\/a>\n\t\t\t\t\t\t\t<\/div>\n<div class=\"fusion-portfolio-content\"><h2 class=\"entry-title fusion-post-title\"><a href=\"https:\/\/www.autoclima.com\/pl\/aplikacje\/panel-przedni-ev-evh-40-1-heavy-duty-do-montazu-na-scianie-2\/\">Panel przedni EV\/EVH 40\/1 Heavy Duty do monta\u017cu na \u015bcianie<\/a><\/h2><div class=\"fusion-post-content\"><\/div><\/div><\/div><\/article><article id=\"portfolio-1-post-19475\" class=\"fusion-portfolio-post mezzi-agricoli-e-movimento-terra akcesoria fusion-col-spacing post-19475\"><div class=\"fusion-portfolio-content-wrapper\" style=\"border:none;\"><span class=\"vcard rich-snippet-hidden\"><span class=\"fn\"><a href=\"https:\/\/www.autoclima.com\/pl\/author\/ioadv\/\" title=\"Wpisy od ioadv\" rel=\"author\">ioadv<\/a><\/span><\/span><span class=\"updated rich-snippet-hidden\">2026-04-29T12:05:22+02:00<\/span><div  class=\"fusion-image-wrapper\" aria-haspopup=\"true\">\n\t\t\t\t\t\t\t<a href=\"https:\/\/www.autoclima.com\/pl\/applicazioni\/zakres-polecen-2\/\" aria-label=\"Zakres polece\u0144\">\n\t\t\t\t\t\t\t<img decoding=\"async\" width=\"550\" height=\"550\" src=\"https:\/\/www.autoclima.com\/wp-content\/uploads\/autoclima-comandi.png\" class=\"attachment-full size-full wp-post-image\" alt=\"\" srcset=\"https:\/\/www.autoclima.com\/wp-content\/uploads\/autoclima-comandi-200x200.png 200w, https:\/\/www.autoclima.com\/wp-content\/uploads\/autoclima-comandi-400x400.png 400w, https:\/\/www.autoclima.com\/wp-content\/uploads\/autoclima-comandi.png 550w\" sizes=\"(min-width: 2200px) 100vw, (min-width: 1000px) 200px, (min-width: 928px) 240px, (min-width: 856px) 300px, (min-width: 784px) 400px, (min-width: 712px) 600px, (min-width: 640px) 712px, \" \/>\t\t\t<\/a>\n\t\t\t\t\t\t\t<\/div>\n<div class=\"fusion-portfolio-content\"><h2 class=\"entry-title fusion-post-title\"><a href=\"https:\/\/www.autoclima.com\/pl\/applicazioni\/zakres-polecen-2\/\">Zakres polece\u0144<\/a><\/h2><div class=\"fusion-post-content\"><\/div><\/div><\/div><\/article><article id=\"portfolio-1-post-19495\" class=\"fusion-portfolio-post mezzi-agricoli-e-movimento-terra jednostka-hydrauliczna fusion-col-spacing post-19495\"><div class=\"fusion-portfolio-content-wrapper\" style=\"border:none;\"><span class=\"vcard rich-snippet-hidden\"><span class=\"fn\"><a href=\"https:\/\/www.autoclima.com\/pl\/author\/ioadv\/\" title=\"Wpisy od ioadv\" rel=\"author\">ioadv<\/a><\/span><\/span><span class=\"updated rich-snippet-hidden\">2026-04-29T12:05:45+02:00<\/span><div  class=\"fusion-image-wrapper\" aria-haspopup=\"true\">\n\t\t\t\t\t\t\t<a href=\"https:\/\/www.autoclima.com\/pl\/applicazioni\/jednostka-hydrauliczna-2\/\" aria-label=\"Jednostka hydrauliczna\">\n\t\t\t\t\t\t\t<img decoding=\"async\" width=\"575\" height=\"434\" src=\"https:\/\/www.autoclima.com\/wp-content\/uploads\/Gruppo_idraulico-removebg-preview-e1682072178893.png\" class=\"attachment-full size-full wp-post-image\" alt=\"\" \/>\t\t\t<\/a>\n\t\t\t\t\t\t\t<\/div>\n<div class=\"fusion-portfolio-content\"><h2 class=\"entry-title fusion-post-title\"><a href=\"https:\/\/www.autoclima.com\/pl\/applicazioni\/jednostka-hydrauliczna-2\/\">Jednostka hydrauliczna<\/a><\/h2><div class=\"fusion-post-content\"><\/div><\/div><\/div><\/article><\/div><\/div><\/div><\/div><\/div><\/div><div class=\"fusion-fullwidth fullwidth-box fusion-builder-row-4 fusion-flex-container nonhundred-percent-fullwidth non-hundred-percent-height-scrolling features-list-disabled\" style=\"--awb-border-radius-top-left:0px;--awb-border-radius-top-right:0px;--awb-border-radius-bottom-right:0px;--awb-border-radius-bottom-left:0px;--awb-padding-top:200px;--awb-padding-bottom:60px;--awb-margin-top:-157px;--awb-background-color:#e7f0fa;--awb-flex-wrap:wrap;\" ><div class=\"fusion-builder-row fusion-row fusion-flex-align-items-flex-start fusion-flex-content-wrap\" style=\"max-width:1248px;margin-left: calc(-4% \/ 2 );margin-right: calc(-4% \/ 2 );\"><div class=\"fusion-layout-column fusion_builder_column fusion-builder-column-6 fusion_builder_column_1_5 1_5 fusion-flex-column fusion-no-small-visibility fusion-no-medium-visibility\" style=\"--awb-bg-size:cover;--awb-width-large:20%;--awb-margin-top-large:0px;--awb-spacing-right-large:9.6%;--awb-margin-bottom-large:20px;--awb-spacing-left-large:9.6%;--awb-width-medium:20%;--awb-order-medium:0;--awb-spacing-right-medium:9.6%;--awb-spacing-left-medium:9.6%;--awb-width-small:100%;--awb-order-small:0;--awb-spacing-right-small:1.92%;--awb-spacing-left-small:1.92%;\"><div class=\"fusion-column-wrapper fusion-column-has-shadow fusion-flex-justify-content-flex-start fusion-content-layout-column\"><\/div><\/div><div class=\"fusion-layout-column fusion_builder_column fusion-builder-column-7 fusion_builder_column_3_5 3_5 fusion-flex-column fusion-animated\" style=\"--awb-bg-size:cover;--awb-width-large:60%;--awb-margin-top-large:0px;--awb-spacing-right-large:3.2%;--awb-margin-bottom-large:20px;--awb-spacing-left-large:3.2%;--awb-width-medium:100%;--awb-order-medium:0;--awb-spacing-right-medium:1.92%;--awb-spacing-left-medium:1.92%;--awb-width-small:100%;--awb-order-small:0;--awb-spacing-right-small:1.92%;--awb-spacing-left-small:1.92%;\" data-animationType=\"fadeIn\" data-animationDuration=\"1.5\" data-animationOffset=\"top-into-view\"><div class=\"fusion-column-wrapper fusion-column-has-shadow fusion-flex-justify-content-flex-start fusion-content-layout-column\"><div class=\"fusion-title title fusion-title-3 fusion-sep-none fusion-title-center fusion-title-text fusion-title-size-three\" style=\"--awb-margin-top:0px;--awb-margin-bottom:30px;--awb-margin-top-small:10px;--awb-margin-right-small:10px;--awb-margin-bottom-small:10px;--awb-margin-left-small:0px;--awb-font-size:50px;\"><h3 class=\"fusion-title-heading title-heading-center fusion-responsive-typography-calculated\" style=\"margin:0;font-size:1em;--fontSize:50;line-height:1.2;\">Wszechstronny katalog<\/h3><\/div><\/div><\/div><div class=\"fusion-layout-column fusion_builder_column fusion-builder-column-8 fusion_builder_column_1_5 1_5 fusion-flex-column fusion-no-small-visibility fusion-no-medium-visibility\" style=\"--awb-bg-size:cover;--awb-width-large:20%;--awb-margin-top-large:0px;--awb-spacing-right-large:9.6%;--awb-margin-bottom-large:20px;--awb-spacing-left-large:9.6%;--awb-width-medium:20%;--awb-order-medium:0;--awb-spacing-right-medium:9.6%;--awb-spacing-left-medium:9.6%;--awb-width-small:100%;--awb-order-small:0;--awb-spacing-right-small:1.92%;--awb-spacing-left-small:1.92%;\"><div class=\"fusion-column-wrapper fusion-column-has-shadow fusion-flex-justify-content-flex-start fusion-content-layout-column\"><\/div><\/div><div class=\"fusion-layout-column fusion_builder_column fusion-builder-column-9 fusion_builder_column_1_2 1_2 fusion-flex-column fusion-animated\" style=\"--awb-bg-size:cover;--awb-width-large:50%;--awb-margin-top-large:0px;--awb-spacing-right-large:3.84%;--awb-margin-bottom-large:20px;--awb-spacing-left-large:3.84%;--awb-width-medium:50%;--awb-order-medium:0;--awb-spacing-right-medium:3.84%;--awb-spacing-left-medium:3.84%;--awb-width-small:100%;--awb-order-small:0;--awb-spacing-right-small:1.92%;--awb-spacing-left-small:1.92%;\" data-animationType=\"fadeInLeft\" data-animationDuration=\"1.5\" data-animationOffset=\"top-into-view\"><div class=\"fusion-column-wrapper fusion-column-has-shadow fusion-flex-justify-content-flex-start fusion-content-layout-column\"><div class=\"fusion-builder-row fusion-builder-row-inner fusion-row fusion-flex-align-items-flex-start fusion-flex-content-wrap\" style=\"--awb-flex-grow:0;--awb-flex-grow-medium:0;--awb-flex-grow-small:0;--awb-flex-shrink:0;--awb-flex-shrink-medium:0;--awb-flex-shrink-small:0;width:104% !important;max-width:104% !important;margin-left: calc(-4% \/ 2 );margin-right: calc(-4% \/ 2 );\"><div class=\"fusion-layout-column fusion_builder_column_inner fusion-builder-nested-column-0 fusion-flex-column\" style=\"--awb-bg-size:cover;--awb-width-large:auto;--awb-margin-top-large:0px;--awb-spacing-right-large:2%;--awb-margin-bottom-large:20px;--awb-spacing-left-large:2%;--awb-width-medium:auto;--awb-order-medium:0;--awb-spacing-right-medium:2%;--awb-spacing-left-medium:2%;--awb-width-small:100%;--awb-order-small:0;--awb-spacing-right-small:1.92%;--awb-spacing-left-small:1.92%;\"><div class=\"fusion-column-wrapper fusion-column-has-shadow fusion-flex-justify-content-flex-start fusion-content-layout-column\"><i class=\"fb-icon-element-1 fb-icon-element fontawesome-icon fa-bullseye fas circle-yes fusion-text-flow feature-icon\" style=\"--awb-iconcolor:#e53838;--awb-iconcolor-hover:#e53838;--awb-circlecolor:#d9e9fc;--awb-circlecolor-hover:#d9e9fc;--awb-circlebordercolor:rgba(255,255,255,0.5);--awb-circlebordercolor-hover:rgba(255,255,255,0.5);--awb-circlebordersize:1px;--awb-font-size:28.16px;--awb-width:56.32px;--awb-height:56.32px;--awb-line-height:54.32px;--awb-margin-right:16px;\"><\/i><\/div><\/div><div class=\"fusion-layout-column fusion_builder_column_inner fusion-builder-nested-column-1 fusion_builder_column_inner_5_6 5_6 fusion-flex-column\" style=\"--awb-bg-size:cover;--awb-width-large:83.333333333333%;--awb-margin-top-large:12px;--awb-spacing-right-large:2.304%;--awb-margin-bottom-large:20px;--awb-spacing-left-large:2.304%;--awb-width-medium:83.333333333333%;--awb-order-medium:0;--awb-spacing-right-medium:2.304%;--awb-spacing-left-medium:2.304%;--awb-width-small:100%;--awb-order-small:0;--awb-spacing-right-small:1.92%;--awb-spacing-left-small:1.92%;\"><div class=\"fusion-column-wrapper fusion-column-has-shadow fusion-flex-justify-content-flex-start fusion-content-layout-column\"><div class=\"accordian fusion-accordian feature-toggle\" style=\"--awb-border-size:1px;--awb-icon-size:16px;--awb-content-font-size:16px;--awb-icon-alignment:right;--awb-hover-color:#f9f9fb;--awb-border-color:#e2e2e2;--awb-background-color:#ffffff;--awb-divider-color:#e2e2e2;--awb-divider-hover-color:#e2e2e2;--awb-icon-color:#a0aebf;--awb-title-color:#4d5259;--awb-content-color:#4d5259;--awb-icon-box-color:#212934;--awb-toggle-hover-accent-color:#4d5259;--awb-title-font-family:&quot;Apercu Bold&quot;;--awb-title-font-weight:700;--awb-title-font-style:normal;--awb-title-font-size:16px;--awb-content-font-family:&quot;Apercu Regular&quot;;--awb-content-font-style:normal;--awb-content-font-weight:400;\"><div class=\"panel-group fusion-toggle-icon-right fusion-toggle-icon-unboxed\" id=\"accordion-19495-1\"><div class=\"fusion-panel panel-default panel-99c09a09cd18cc03f fusion-toggle-no-divider\"><div class=\"panel-heading\"><h4 class=\"panel-title toggle\" id=\"toggle_99c09a09cd18cc03f\"><a aria-expanded=\"false\" aria-controls=\"99c09a09cd18cc03f\" role=\"button\" data-toggle=\"collapse\" data-target=\"#99c09a09cd18cc03f\" href=\"#99c09a09cd18cc03f\"><span class=\"fusion-toggle-icon-wrapper\" aria-hidden=\"true\"><i class=\"fa-fusion-box active-icon awb-icon-minus\" aria-hidden=\"true\"><\/i><i class=\"fa-fusion-box inactive-icon awb-icon-plus\" aria-hidden=\"true\"><\/i><\/span><span class=\"fusion-toggle-heading\">SPECYFICZNE ROZWI\u0104ZANIA TRANSPORTOWE<\/span><\/a><\/h4><\/div><div id=\"99c09a09cd18cc03f\" class=\"panel-collapse collapse \" aria-labelledby=\"toggle_99c09a09cd18cc03f\"><div class=\"panel-body toggle-content fusion-clearfix\"><\/div><\/div><\/div><\/div><\/div><\/div><\/div><\/div><div class=\"fusion-separator fusion-full-width-sep\" style=\"align-self: center;margin-left: auto;margin-right: auto;margin-top:15px;margin-bottom:15px;width:100%;\"><div class=\"fusion-separator-border sep-single sep-solid\" style=\"--awb-height:20px;--awb-amount:20px;--awb-sep-color:#c5d6ea;border-color:#c5d6ea;border-top-width:1px;\"><\/div><\/div><\/div><\/div><div class=\"fusion-layout-column fusion_builder_column fusion-builder-column-10 fusion_builder_column_1_2 1_2 fusion-flex-column fusion-animated\" style=\"--awb-bg-size:cover;--awb-width-large:50%;--awb-margin-top-large:0px;--awb-spacing-right-large:3.84%;--awb-margin-bottom-large:20px;--awb-spacing-left-large:3.84%;--awb-width-medium:50%;--awb-order-medium:0;--awb-spacing-right-medium:3.84%;--awb-spacing-left-medium:3.84%;--awb-width-small:100%;--awb-order-small:0;--awb-spacing-right-small:1.92%;--awb-spacing-left-small:1.92%;\" data-animationType=\"fadeInRight\" data-animationDuration=\"1.5\" data-animationOffset=\"top-into-view\"><div class=\"fusion-column-wrapper fusion-column-has-shadow fusion-flex-justify-content-flex-start fusion-content-layout-column\"><div class=\"fusion-builder-row fusion-builder-row-inner fusion-row fusion-flex-align-items-flex-start fusion-flex-content-wrap\" style=\"--awb-flex-grow:0;--awb-flex-grow-medium:0;--awb-flex-grow-small:0;--awb-flex-shrink:0;--awb-flex-shrink-medium:0;--awb-flex-shrink-small:0;width:104% !important;max-width:104% !important;margin-left: calc(-4% \/ 2 );margin-right: calc(-4% \/ 2 );\"><div class=\"fusion-layout-column fusion_builder_column_inner fusion-builder-nested-column-2 fusion-flex-column\" style=\"--awb-bg-size:cover;--awb-width-large:auto;--awb-margin-top-large:0px;--awb-spacing-right-large:2%;--awb-margin-bottom-large:20px;--awb-spacing-left-large:2%;--awb-width-medium:auto;--awb-order-medium:0;--awb-spacing-right-medium:2%;--awb-spacing-left-medium:2%;--awb-width-small:100%;--awb-order-small:0;--awb-spacing-right-small:1.92%;--awb-spacing-left-small:1.92%;\"><div class=\"fusion-column-wrapper fusion-column-has-shadow fusion-flex-justify-content-flex-start fusion-content-layout-column\"><i class=\"fb-icon-element-2 fb-icon-element fontawesome-icon fa-cogs fas circle-yes fusion-text-flow feature-icon\" style=\"--awb-iconcolor:#e53838;--awb-iconcolor-hover:#e53838;--awb-circlecolor:#d9e9fc;--awb-circlecolor-hover:#d9e9fc;--awb-circlebordercolor:rgba(255,255,255,0.5);--awb-circlebordercolor-hover:rgba(255,255,255,0.5);--awb-circlebordersize:1px;--awb-font-size:28.16px;--awb-width:56.32px;--awb-height:56.32px;--awb-line-height:54.32px;--awb-margin-right:16px;\"><\/i><\/div><\/div><div class=\"fusion-layout-column fusion_builder_column_inner fusion-builder-nested-column-3 fusion_builder_column_inner_5_6 5_6 fusion-flex-column\" style=\"--awb-bg-size:cover;--awb-width-large:83.333333333333%;--awb-margin-top-large:12px;--awb-spacing-right-large:2.304%;--awb-margin-bottom-large:20px;--awb-spacing-left-large:2.304%;--awb-width-medium:83.333333333333%;--awb-order-medium:0;--awb-spacing-right-medium:2.304%;--awb-spacing-left-medium:2.304%;--awb-width-small:100%;--awb-order-small:0;--awb-spacing-right-small:1.92%;--awb-spacing-left-small:1.92%;\"><div class=\"fusion-column-wrapper fusion-column-has-shadow fusion-flex-justify-content-flex-start fusion-content-layout-column\"><div class=\"accordian fusion-accordian feature-toggle\" style=\"--awb-border-size:1px;--awb-icon-size:16px;--awb-content-font-size:16px;--awb-icon-alignment:right;--awb-hover-color:#f9f9fb;--awb-border-color:#e2e2e2;--awb-background-color:#ffffff;--awb-divider-color:#e2e2e2;--awb-divider-hover-color:#e2e2e2;--awb-icon-color:#a0aebf;--awb-title-color:#4d5259;--awb-content-color:#4d5259;--awb-icon-box-color:#212934;--awb-toggle-hover-accent-color:#4d5259;--awb-title-font-family:&quot;Apercu Bold&quot;;--awb-title-font-weight:700;--awb-title-font-style:normal;--awb-title-font-size:16px;--awb-content-font-family:&quot;Apercu Regular&quot;;--awb-content-font-style:normal;--awb-content-font-weight:400;\"><div class=\"panel-group fusion-toggle-icon-right fusion-toggle-icon-unboxed\" id=\"accordion-19495-2\"><div class=\"fusion-panel panel-default panel-e4c1c46d5943d0ccd fusion-toggle-no-divider\"><div class=\"panel-heading\"><h4 class=\"panel-title toggle\" id=\"toggle_e4c1c46d5943d0ccd\"><a aria-expanded=\"false\" aria-controls=\"e4c1c46d5943d0ccd\" role=\"button\" data-toggle=\"collapse\" data-target=\"#e4c1c46d5943d0ccd\" href=\"#e4c1c46d5943d0ccd\"><span class=\"fusion-toggle-icon-wrapper\" aria-hidden=\"true\"><i class=\"fa-fusion-box active-icon awb-icon-minus\" aria-hidden=\"true\"><\/i><i class=\"fa-fusion-box inactive-icon awb-icon-plus\" aria-hidden=\"true\"><\/i><\/span><span class=\"fusion-toggle-heading\">KOMPLETNE ZESTAWY Z WSZYSTKIMI AKCESORIAMI<\/span><\/a><\/h4><\/div><div id=\"e4c1c46d5943d0ccd\" class=\"panel-collapse collapse \" aria-labelledby=\"toggle_e4c1c46d5943d0ccd\"><div class=\"panel-body toggle-content fusion-clearfix\"><\/div><\/div><\/div><\/div><\/div><\/div><\/div><\/div><div class=\"fusion-separator fusion-full-width-sep\" style=\"align-self: center;margin-left: auto;margin-right: auto;margin-top:15px;margin-bottom:15px;width:100%;\"><div class=\"fusion-separator-border sep-single sep-solid\" style=\"--awb-height:20px;--awb-amount:20px;--awb-sep-color:#c5d6ea;border-color:#c5d6ea;border-top-width:1px;\"><\/div><\/div><\/div><\/div><\/div><\/div><div class=\"fusion-fullwidth fullwidth-box fusion-builder-row-5 fusion-flex-container nonhundred-percent-fullwidth non-hundred-percent-height-scrolling\" style=\"--awb-background-position:center top;--awb-border-radius-top-left:0px;--awb-border-radius-top-right:0px;--awb-border-radius-bottom-right:0px;--awb-border-radius-bottom-left:0px;--awb-margin-top:90px;--awb-margin-top-medium:30px;--awb-min-height:470px;--awb-flex-wrap:wrap;\" ><div class=\"fusion-builder-row fusion-row fusion-flex-align-items-center fusion-flex-align-content-center fusion-flex-content-wrap\" style=\"max-width:1248px;margin-left: calc(-4% \/ 2 );margin-right: calc(-4% \/ 2 );\"><div class=\"fusion-layout-column fusion_builder_column fusion-builder-column-11 fusion_builder_column_2_5 2_5 fusion-flex-column fusion-flex-align-self-stretch fusion-animated\" style=\"--awb-padding-top:20px;--awb-padding-right:20px;--awb-padding-bottom:20px;--awb-padding-left:20px;--awb-overflow:hidden;--awb-bg-size:cover;--awb-border-radius:20px 20px 20px 20px;--awb-width-large:40%;--awb-margin-top-large:0px;--awb-spacing-right-large:4.8%;--awb-margin-bottom-large:30px;--awb-spacing-left-large:4.8%;--awb-width-medium:100%;--awb-order-medium:0;--awb-spacing-right-medium:1.92%;--awb-spacing-left-medium:1.92%;--awb-width-small:100%;--awb-order-small:0;--awb-spacing-right-small:1.92%;--awb-spacing-left-small:1.92%;\" data-animationType=\"fadeInLeft\" data-animationDuration=\"1.5\" data-animationOffset=\"top-into-view\"><div class=\"fusion-column-wrapper fusion-column-has-shadow fusion-flex-justify-content-center fusion-content-layout-column\"><div class=\"fusion-title title fusion-title-4 fusion-sep-none fusion-title-text fusion-title-size-div uppercase-text\" style=\"--awb-text-color:#e53838;--awb-margin-bottom:0px;--awb-margin-top-small:10px;--awb-margin-right-small:10px;--awb-margin-bottom-small:10px;--awb-margin-left-small:0px;--awb-font-size:16px;\"><div class=\"fusion-title-heading title-heading-left title-heading-tag fusion-responsive-typography-calculated\" style=\"font-family:&quot;Apercu Bold&quot;;font-style:normal;font-weight:400;margin:0;letter-spacing:1.5px;font-size:1em;--fontSize:16;--minFontSize:16;line-height:1.4;\">W akcji<\/div><\/div><div class=\"fusion-title title fusion-title-5 fusion-sep-none fusion-title-text fusion-title-size-two\" style=\"--awb-text-color:#426da9;--awb-margin-top-small:10px;--awb-margin-right-small:10px;--awb-margin-bottom-small:10px;--awb-margin-left-small:0px;--awb-font-size:32px;\"><h2 class=\"fusion-title-heading title-heading-left fusion-responsive-typography-calculated\" style=\"margin:0;font-size:1em;--fontSize:32;line-height:1.2;\">Zobacz zastosowanie naszych klimatyzator\u00f3w w maszynach rolniczych i budowlanych<\/h2><\/div><\/div><\/div><div class=\"fusion-layout-column fusion_builder_column fusion-builder-column-12 fusion_builder_column_3_5 3_5 fusion-flex-column fusion-animated\" style=\"--awb-bg-size:cover;--awb-width-large:60%;--awb-margin-top-large:0px;--awb-spacing-right-large:3.2%;--awb-margin-bottom-large:20px;--awb-spacing-left-large:3.2%;--awb-width-medium:100%;--awb-order-medium:0;--awb-spacing-right-medium:1.92%;--awb-spacing-left-medium:1.92%;--awb-width-small:100%;--awb-order-small:0;--awb-spacing-right-small:1.92%;--awb-spacing-left-small:1.92%;\" data-animationType=\"fadeInRight\" data-animationDuration=\"1.5\" data-animationOffset=\"top-into-view\"><div class=\"fusion-column-wrapper fusion-column-has-shadow fusion-flex-justify-content-flex-start fusion-content-layout-column\"><div class=\"fusion-slider-sc custom-images-slider\"><div class=\"fusion-flexslider-loading flexslider flexslider-hover-type-none\" data-slideshow_autoplay=\"0\" data-slideshow_smooth_height=\"0\" data-slideshow_speed=\"7000\" style=\"max-width:100%;height:100%;\"><ul class=\"slides\"><li class=\"image\"><span class=\"fusion-image-hover-element hover-type-none\"><img decoding=\"async\" src=\"https:\/\/www.autoclima.com\/wp-content\/uploads\/01-2.jpg\" width=\"680\" height=\"490\" class=\"wp-image-1200\" srcset=\"https:\/\/www.autoclima.com\/wp-content\/uploads\/01-2-200x144.jpg 200w, https:\/\/www.autoclima.com\/wp-content\/uploads\/01-2-400x288.jpg 400w, https:\/\/www.autoclima.com\/wp-content\/uploads\/01-2-600x432.jpg 600w, https:\/\/www.autoclima.com\/wp-content\/uploads\/01-2.jpg 680w\" sizes=\"(max-width: 640px) 100vw, 680px\" \/><\/span><\/li><li class=\"image\"><span class=\"fusion-image-hover-element hover-type-none\"><img decoding=\"async\" src=\"https:\/\/www.autoclima.com\/wp-content\/uploads\/02-2.jpg\" width=\"680\" height=\"490\" class=\"wp-image-1201\" srcset=\"https:\/\/www.autoclima.com\/wp-content\/uploads\/02-2-200x144.jpg 200w, https:\/\/www.autoclima.com\/wp-content\/uploads\/02-2-400x288.jpg 400w, https:\/\/www.autoclima.com\/wp-content\/uploads\/02-2-600x432.jpg 600w, https:\/\/www.autoclima.com\/wp-content\/uploads\/02-2.jpg 680w\" sizes=\"(max-width: 640px) 100vw, 680px\" \/><\/span><\/li><li class=\"image\"><span class=\"fusion-image-hover-element hover-type-none\"><img decoding=\"async\" src=\"https:\/\/www.autoclima.com\/wp-content\/uploads\/03-1.jpg\" width=\"680\" height=\"490\" class=\"wp-image-1202\" srcset=\"https:\/\/www.autoclima.com\/wp-content\/uploads\/03-1-200x144.jpg 200w, https:\/\/www.autoclima.com\/wp-content\/uploads\/03-1-400x288.jpg 400w, https:\/\/www.autoclima.com\/wp-content\/uploads\/03-1-600x432.jpg 600w, https:\/\/www.autoclima.com\/wp-content\/uploads\/03-1.jpg 680w\" sizes=\"(max-width: 640px) 100vw, 680px\" \/><\/span><\/li><li class=\"image\"><span class=\"fusion-image-hover-element hover-type-none\"><img decoding=\"async\" src=\"https:\/\/www.autoclima.com\/wp-content\/uploads\/04-1.jpg\" width=\"680\" height=\"490\" class=\"wp-image-1203\" srcset=\"https:\/\/www.autoclima.com\/wp-content\/uploads\/04-1-200x144.jpg 200w, https:\/\/www.autoclima.com\/wp-content\/uploads\/04-1-400x288.jpg 400w, https:\/\/www.autoclima.com\/wp-content\/uploads\/04-1-600x432.jpg 600w, https:\/\/www.autoclima.com\/wp-content\/uploads\/04-1.jpg 680w\" sizes=\"(max-width: 640px) 100vw, 680px\" \/><\/span><\/li><\/ul><\/div><\/div><\/div><\/div><\/div><\/div><div class=\"fusion-fullwidth fullwidth-box fusion-builder-row-6 fusion-flex-container nonhundred-percent-fullwidth non-hundred-percent-height-scrolling fusion-animated\" style=\"--awb-border-radius-top-left:0px;--awb-border-radius-top-right:0px;--awb-border-radius-bottom-right:0px;--awb-border-radius-bottom-left:0px;--awb-padding-top:90px;--awb-padding-bottom:90px;--awb-margin-top:0px;--awb-margin-bottom:0px;--awb-background-image:linear-gradient(180deg, rgba(255,255,255,0) 70%,#e7f0fa 100%);--awb-flex-wrap:wrap;\" data-animationType=\"fadeInUp\" data-animationDuration=\"0.7\" data-animationOffset=\"top-into-view\" ><div class=\"fusion-builder-row fusion-row fusion-flex-align-items-flex-start fusion-flex-content-wrap\" style=\"max-width:calc( 1200px + 30px );margin-left: calc(-30px \/ 2 );margin-right: calc(-30px \/ 2 );\"><div class=\"fusion-layout-column fusion_builder_column fusion-builder-column-13 fusion_builder_column_1_1 1_1 fusion-flex-column fusion-column-inner-bg-wrapper fusion-animated neumorphism-card\" style=\"--awb-padding-top:20px;--awb-padding-right:80px;--awb-padding-bottom:20px;--awb-padding-left:80px;--awb-overflow:hidden;--awb-inner-bg-size:cover;--awb-border-radius:20px 20px 20px 20px;--awb-inner-bg-border-radius:20px 20px 20px 20px;--awb-inner-bg-overflow:hidden;--awb-filter:opacity(100%);--awb-filter-transition:filter 0.3s ease;--awb-filter-hover:opacity(75%);--awb-width-large:100%;--awb-margin-top-large:0px;--awb-spacing-right-large:15px;--awb-margin-bottom-large:20px;--awb-spacing-left-large:15px;--awb-width-medium:100%;--awb-order-medium:0;--awb-spacing-right-medium:15px;--awb-spacing-left-medium:15px;--awb-width-small:100%;--awb-order-small:0;--awb-spacing-right-small:15px;--awb-spacing-left-small:15px;\" data-animationType=\"fadeInUp\" data-animationDuration=\"1.5\" data-animationOffset=\"top-into-view\"><span class=\"fusion-column-inner-bg hover-type-none\"><a class=\"fusion-column-anchor\" href=\"http:\/\/impianti.autoclima.com\" rel=\"noopener noreferrer\" target=\"_blank\"><span class=\"fusion-column-inner-bg-image\"><\/span><\/a><\/span><div class=\"fusion-column-wrapper fusion-column-has-shadow fusion-flex-justify-content-flex-start fusion-content-layout-column\"><div class=\"fusion-title title fusion-title-6 fusion-sep-none fusion-title-center fusion-title-text fusion-title-size-six uppercase-text\" style=\"--awb-text-color:#e53838;--awb-margin-bottom:5px;--awb-margin-top-small:10px;--awb-margin-right-small:10px;--awb-margin-bottom-small:10px;--awb-margin-left-small:0px;--awb-font-size:12px;\"><h6 class=\"fusion-title-heading title-heading-center fusion-responsive-typography-calculated\" style=\"margin:0;font-size:1em;--fontSize:12;--minFontSize:12;line-height:1.2;\">Klimatyzatory i komponenty uniwersalne<\/h6><\/div><div class=\"fusion-title title fusion-title-7 fusion-sep-none fusion-title-center fusion-title-text fusion-title-size-three\" style=\"--awb-text-color:#426da9;--awb-margin-bottom:20px;--awb-margin-top-small:10px;--awb-margin-right-small:10px;--awb-margin-bottom-small:10px;--awb-margin-left-small:0px;--awb-font-size:28px;\"><h3 class=\"fusion-title-heading title-heading-center fusion-responsive-typography-calculated\" style=\"margin:0;font-size:1em;--fontSize:28;line-height:1.2;\">Zobacz nasz katalog urz\u0105dze\u0144<\/h3><\/div><div class=\"fusion-text fusion-text-2\"><p style=\"text-align: center;\">Katalog oferuje r\u00f3wnie\u017c typowe rozwi\u0105zania dla rynku wt\u00f3rnego w postaci kompletnych zestaw\u00f3w z ka\u017cdym akcesorium.<\/p>\n<\/div><div style=\"text-align:center;\"><a class=\"fusion-button button-flat button-small button-custom fusion-button-default button-1 fusion-button-default-span fusion-button-default-type\" style=\"--button_accent_color:#607389;--button_border_color:#607389;--button_accent_hover_color:#426da9;--button_border_hover_color:#426da9;--button_gradient_top_color:rgba(66,109,169,0);--button_gradient_bottom_color:rgba(66,109,169,0);--button_gradient_top_color_hover:rgba(231,240,250,0);--button_gradient_bottom_color_hover:rgba(231,240,250,0);--button_text_transform:uppercase;\" target=\"_blank\" rel=\"noopener noreferrer\" href=\"http:\/\/impianti.autoclima.com\"><span class=\"fusion-button-text awb-button__text awb-button__text--default\">Odwied\u017a stron\u0119<\/span><i class=\"fa-external-link-alt fas awb-button__icon awb-button__icon--default button-icon-right\" aria-hidden=\"true\"><\/i><\/a><\/div><\/div><\/div><\/div><\/div>\n<div class=\"fusion-fullwidth fullwidth-box fusion-builder-row-7 fusion-flex-container fusion-parallax-none nonhundred-percent-fullwidth non-hundred-percent-height-scrolling\" style=\"--awb-background-position:center top;--awb-border-radius-top-left:0px;--awb-border-radius-top-right:0px;--awb-border-radius-bottom-right:0px;--awb-border-radius-bottom-left:0px;--awb-padding-top:80px;--awb-min-height:470px;--awb-background-image:url(&quot;http:\/\/www.autoclima.com\/wp-content\/uploads\/Autoclima-image-azienda-prefooter.jpg&quot;);--awb-background-size:cover;--awb-flex-wrap:wrap;\" ><div class=\"fusion-builder-row fusion-row fusion-flex-align-items-center fusion-flex-align-content-center fusion-flex-content-wrap\" style=\"max-width:1248px;margin-left: calc(-4% \/ 2 );margin-right: calc(-4% \/ 2 );\"><div class=\"fusion-layout-column fusion_builder_column fusion-builder-column-14 fusion_builder_column_1_2 1_2 fusion-flex-column fusion-flex-align-self-stretch fusion-animated\" style=\"--awb-padding-top:20px;--awb-padding-right:20px;--awb-padding-bottom:20px;--awb-padding-left:20px;--awb-overflow:hidden;--awb-bg-size:cover;--awb-border-radius:20px 20px 20px 20px;--awb-width-large:50%;--awb-margin-top-large:0px;--awb-spacing-right-large:3.84%;--awb-margin-bottom-large:30px;--awb-spacing-left-large:3.84%;--awb-width-medium:100%;--awb-order-medium:0;--awb-spacing-right-medium:1.92%;--awb-spacing-left-medium:1.92%;--awb-width-small:100%;--awb-order-small:0;--awb-spacing-right-small:1.92%;--awb-spacing-left-small:1.92%;\" data-animationType=\"fadeInRight\" data-animationDuration=\"1.5\" data-animationOffset=\"top-into-view\"><div class=\"fusion-column-wrapper fusion-column-has-shadow fusion-flex-justify-content-center fusion-content-layout-column\"><div class=\"fusion-title title fusion-title-8 fusion-sep-none fusion-title-text fusion-title-size-div uppercase-text\" style=\"--awb-text-color:#ffffff;--awb-margin-bottom:0px;--awb-margin-top-small:10px;--awb-margin-right-small:10px;--awb-margin-bottom-small:10px;--awb-margin-left-small:0px;--awb-font-size:16px;\"><div class=\"fusion-title-heading title-heading-left title-heading-tag fusion-responsive-typography-calculated\" style=\"font-family:&quot;Apercu Bold&quot;;font-style:normal;font-weight:400;margin:0;letter-spacing:1.5px;font-size:1em;--fontSize:16;--minFontSize:16;line-height:1.4;\">Autoclima: Firma<\/div><\/div><div class=\"fusion-title title fusion-title-9 fusion-sep-none fusion-title-text fusion-title-size-three bordered-title bordered-title--red\" style=\"--awb-text-color:#ffffff;--awb-margin-top-small:10px;--awb-margin-right-small:10px;--awb-margin-bottom-small:10px;--awb-margin-left-small:0px;--awb-font-size:52px;\"><h3 class=\"fusion-title-heading title-heading-left fusion-responsive-typography-calculated\" style=\"margin:0;font-size:1em;--fontSize:52;line-height:1.2;\">Autoclima zawsze blisko swoich klient\u00f3w<\/h3><\/div><div class=\"fusion-builder-row fusion-builder-row-inner fusion-row fusion-flex-align-items-center fusion-flex-align-content-center fusion-flex-content-wrap\" style=\"--awb-flex-grow:0;--awb-flex-grow-medium:0;--awb-flex-grow-small:0;--awb-flex-shrink:0;--awb-flex-shrink-medium:0;--awb-flex-shrink-small:0;width:104% !important;max-width:104% !important;margin-left: calc(-4% \/ 2 );margin-right: calc(-4% \/ 2 );\"><div class=\"fusion-layout-column fusion_builder_column_inner fusion-builder-nested-column-4 fusion_builder_column_inner_1_1 1_1 fusion-flex-column\" style=\"--awb-padding-left:70px;--awb-bg-size:cover;--awb-width-large:100%;--awb-margin-top-large:20px;--awb-spacing-right-large:1.92%;--awb-margin-bottom-large:0px;--awb-spacing-left-large:1.92%;--awb-width-medium:100%;--awb-order-medium:0;--awb-spacing-right-medium:1.92%;--awb-spacing-left-medium:1.92%;--awb-width-small:100%;--awb-order-small:0;--awb-spacing-right-small:1.92%;--awb-spacing-left-small:1.92%;\"><div class=\"fusion-column-wrapper fusion-column-has-shadow fusion-flex-justify-content-flex-start fusion-content-layout-column\"><div class=\"fusion-text fusion-text-3\" style=\"--awb-text-color:#ffffff;\"><p>Autoclima przywi\u0105zuje najwy\u017csz\u0105 wag\u0119 do obecno\u015bci u boku swoich klient\u00f3w w fazie <strong>definiowania produktu, monta\u017cu i u\u017cytkowania<\/strong>.<\/p>\n<p>Aktywna pomoc udzielana w fazie przedsprzeda\u017cowej zapewnia klientowi<strong>mo\u017cliwo\u015b\u0107 dostosowania<\/strong> i<strong>dopasowania systemu<\/strong> do potrzeb u\u017cytkownik\u00f3w, co w po\u0142\u0105czeniu z<strong>pomoc\u0105 podczas monta\u017cu<\/strong> i <strong>kontrol\u0105 posprzeda\u017cow\u0105<\/strong> pozwala firmie Autoclima zapewni\u0107 swoim klientom wysoki poziom wsparcia i obs\u0142ugi.<\/p>\n<\/div><\/div><\/div><\/div><\/div><\/div><\/div><\/div>\n<\/p>\n","protected":false},"excerpt":{"rendered":"","protected":false},"author":1,"featured_media":6241,"menu_order":8,"template":"","format":"standard","meta":{"footnotes":""},"portfolio_category":[218],"portfolio_skills":[],"portfolio_tags":[],"class_list":["post-8415","avada_portfolio","type-avada_portfolio","status-publish","format-standard","has-post-thumbnail","hentry","portfolio_category-aplikacje"],"_links":{"self":[{"href":"https:\/\/www.autoclima.com\/pl\/wp-json\/wp\/v2\/avada_portfolio\/8415","targetHints":{"allow":["GET"]}}],"collection":[{"href":"https:\/\/www.autoclima.com\/pl\/wp-json\/wp\/v2\/avada_portfolio"}],"about":[{"href":"https:\/\/www.autoclima.com\/pl\/wp-json\/wp\/v2\/types\/avada_portfolio"}],"author":[{"embeddable":true,"href":"https:\/\/www.autoclima.com\/pl\/wp-json\/wp\/v2\/users\/1"}],"version-history":[{"count":7,"href":"https:\/\/www.autoclima.com\/pl\/wp-json\/wp\/v2\/avada_portfolio\/8415\/revisions"}],"predecessor-version":[{"id":20450,"href":"https:\/\/www.autoclima.com\/pl\/wp-json\/wp\/v2\/avada_portfolio\/8415\/revisions\/20450"}],"wp:featuredmedia":[{"embeddable":true,"href":"https:\/\/www.autoclima.com\/pl\/wp-json\/wp\/v2\/media\/6241"}],"wp:attachment":[{"href":"https:\/\/www.autoclima.com\/pl\/wp-json\/wp\/v2\/media?parent=8415"}],"wp:term":[{"taxonomy":"portfolio_category","embeddable":true,"href":"https:\/\/www.autoclima.com\/pl\/wp-json\/wp\/v2\/portfolio_category?post=8415"},{"taxonomy":"portfolio_skills","embeddable":true,"href":"https:\/\/www.autoclima.com\/pl\/wp-json\/wp\/v2\/portfolio_skills?post=8415"},{"taxonomy":"portfolio_tags","embeddable":true,"href":"https:\/\/www.autoclima.com\/pl\/wp-json\/wp\/v2\/portfolio_tags?post=8415"}],"curies":[{"name":"wp","href":"https:\/\/api.w.org\/{rel}","templated":true}]}}