{"id":5844,"date":"2022-04-19T12:30:22","date_gmt":"2022-04-19T10:30:22","guid":{"rendered":"https:\/\/www.autoclima.com\/applicazioni\/machines-agricoles-et-de-chantier\/"},"modified":"2026-04-29T12:36:30","modified_gmt":"2026-04-29T10:36:30","slug":"machines-agricoles-et-de-chantier","status":"publish","type":"avada_portfolio","link":"https:\/\/www.autoclima.com\/fr\/applicazioni\/machines-agricoles-et-de-chantier\/","title":{"rendered":"Mat\u00e9riel agricole et de terrassement"},"content":{"rendered":"<p><div class=\"fusion-bg-parallax\" data-bg-align=\"right center\" data-direction=\"down\" data-mute=\"false\" data-opacity=\"100\" data-velocity=\"-0.3\" data-mobile-enabled=\"false\" data-break_parents=\"0\" data-bg-image=\"http:\/\/www.autoclima.com\/wp-content\/uploads\/Autoclima-hero-movimento-terra.jpg\" data-bg-repeat=\"false\" ><\/div><div class=\"fusion-fullwidth fullwidth-box fusion-builder-row-1 fusion-flex-container fusion-parallax-down hundred-percent-fullwidth non-hundred-percent-height-scrolling\" style=\"--awb-background-position:right center;--awb-border-radius-top-left:0px;--awb-border-radius-top-right:0px;--awb-border-radius-bottom-right:0px;--awb-border-radius-bottom-left:0px;--awb-padding-top:170px;--awb-padding-bottom:250px;--awb-padding-top-medium:80px;--awb-padding-top-small:40px;--awb-background-image:url(&quot;http:\/\/www.autoclima.com\/wp-content\/uploads\/Autoclima-hero-movimento-terra.jpg&quot;);--awb-background-size:cover;--awb-flex-wrap:wrap;\" ><div class=\"fusion-builder-row fusion-row fusion-flex-align-items-flex-start fusion-flex-align-content-flex-start fusion-flex-content-wrap\" style=\"width:104% !important;max-width:104% !important;margin-left: calc(-4% \/ 2 );margin-right: calc(-4% \/ 2 );\"><div class=\"fusion-layout-column fusion_builder_column fusion-builder-column-0 fusion_builder_column_1_1 1_1 fusion-flex-column fusion-animated hide\" style=\"--awb-bg-size:cover;--awb-width-large:100%;--awb-margin-top-large:0px;--awb-spacing-right-large:1.92%;--awb-margin-bottom-large:0px;--awb-spacing-left-large:1.92%;--awb-width-medium:100%;--awb-order-medium:0;--awb-spacing-right-medium:1.92%;--awb-spacing-left-medium:1.92%;--awb-width-small:100%;--awb-order-small:0;--awb-spacing-right-small:1.92%;--awb-spacing-left-small:1.92%;\" data-animationType=\"fadeInDown\" data-animationDuration=\"1.5\" data-animationOffset=\"top-into-view\"><div class=\"fusion-column-wrapper fusion-column-has-shadow fusion-flex-justify-content-flex-start fusion-content-layout-column\"><nav class=\"fusion-breadcrumbs fusion-no-small-visibility fusion-breadcrumbs-1 custom-breadcrumbs\" style=\"--awb-alignment:center;--awb-font-size:13px;--awb-text-hover-color:#ffffff;--awb-text-color:#ffffff;--awb-breadcrumb-sep:&#039;&gt;&#039;;text-align:center;\" aria-label=\"Breadcrumb\"><ol class=\"awb-breadcrumb-list\"><li class=\"fusion-breadcrumb-item awb-breadcrumb-sep awb-home\" ><a href=\"https:\/\/www.autoclima.com\/fr\/\" class=\"fusion-breadcrumb-link\"><span >Accueil<\/span><\/a><\/li><\/ol><\/nav><\/div><\/div><div class=\"fusion-layout-column fusion_builder_column fusion-builder-column-1 fusion_builder_column_1_4 1_4 fusion-flex-column fusion-no-small-visibility fusion-no-medium-visibility\" style=\"--awb-bg-size:cover;--awb-width-large:25%;--awb-margin-top-large:0px;--awb-spacing-right-large:7.68%;--awb-margin-bottom-large:20px;--awb-spacing-left-large:7.68%;--awb-width-medium:25%;--awb-order-medium:0;--awb-spacing-right-medium:7.68%;--awb-spacing-left-medium:7.68%;--awb-width-small:100%;--awb-order-small:0;--awb-spacing-right-small:1.92%;--awb-spacing-left-small:1.92%;\"><div class=\"fusion-column-wrapper fusion-column-has-shadow fusion-flex-justify-content-flex-start fusion-content-layout-column\"><\/div><\/div><div class=\"fusion-layout-column fusion_builder_column fusion-builder-column-2 fusion_builder_column_1_2 1_2 fusion-flex-column fusion-animated\" style=\"--awb-bg-size:cover;--awb-width-large:50%;--awb-margin-top-large:0px;--awb-spacing-right-large:3.84%;--awb-margin-bottom-large:20px;--awb-spacing-left-large:3.84%;--awb-width-medium:100%;--awb-order-medium:0;--awb-spacing-right-medium:1.92%;--awb-spacing-left-medium:1.92%;--awb-width-small:100%;--awb-order-small:0;--awb-spacing-right-small:1.92%;--awb-spacing-left-small:1.92%;\" data-animationType=\"fadeInDown\" data-animationDuration=\"1.5\" data-animationOffset=\"top-into-view\"><div class=\"fusion-column-wrapper fusion-column-has-shadow fusion-flex-justify-content-flex-start fusion-content-layout-column\"><div class=\"fusion-title title fusion-title-1 fusion-sep-none fusion-title-center fusion-title-text fusion-title-size-one\" style=\"--awb-text-color:#ffffff;--awb-margin-top-small:10px;--awb-margin-right-small:0px;--awb-margin-bottom-small:10px;--awb-margin-left-small:0px;--awb-font-size:50px;\"><h1 class=\"fusion-title-heading title-heading-center fusion-responsive-typography-calculated\" style=\"margin:0;font-size:1em;--fontSize:50;line-height:1.3;\">Climatiseurs pour \u00e9quipements agricoles et de terrassement<\/h1><\/div><div class=\"fusion-text fusion-text-1\" style=\"--awb-font-size:20px;--awb-text-color:#ffffff;\"><p style=\"text-align: center;\">Autoclima fabrique des syst\u00e8mes de climatisation et vend des pi\u00e8ces d\u00e9tach\u00e9es destin\u00e9es \u00e0 des applications pour toutes les machines agricoles et de construction.<\/p>\n<\/div><\/div><\/div><div class=\"fusion-layout-column fusion_builder_column fusion-builder-column-3 fusion_builder_column_1_4 1_4 fusion-flex-column fusion-no-small-visibility fusion-no-medium-visibility\" style=\"--awb-bg-size:cover;--awb-width-large:25%;--awb-margin-top-large:0px;--awb-spacing-right-large:7.68%;--awb-margin-bottom-large:20px;--awb-spacing-left-large:7.68%;--awb-width-medium:25%;--awb-order-medium:0;--awb-spacing-right-medium:7.68%;--awb-spacing-left-medium:7.68%;--awb-width-small:100%;--awb-order-small:0;--awb-spacing-right-small:1.92%;--awb-spacing-left-small:1.92%;\"><div class=\"fusion-column-wrapper fusion-column-has-shadow fusion-flex-justify-content-flex-start fusion-content-layout-column\"><\/div><\/div><\/div><\/div><div class=\"fusion-fullwidth fullwidth-box fusion-builder-row-2 fusion-flex-container hundred-percent-fullwidth non-hundred-percent-height-scrolling fusion-animated\" style=\"--awb-border-radius-top-left:0px;--awb-border-radius-top-right:0px;--awb-border-radius-bottom-right:0px;--awb-border-radius-bottom-left:0px;--awb-padding-bottom:0px;--awb-margin-top:-220px;--awb-margin-bottom:0px;--awb-flex-wrap:wrap;\" data-animationType=\"fadeIn\" data-animationDuration=\"1.5\" data-animationOffset=\"top-into-view\" ><div class=\"fusion-builder-row fusion-row fusion-flex-align-items-flex-start fusion-flex-content-wrap\" style=\"width:104% !important;max-width:104% !important;margin-left: calc(-4% \/ 2 );margin-right: calc(-4% \/ 2 );\"><div class=\"fusion-layout-column fusion_builder_column fusion-builder-column-4 fusion_builder_column_1_1 1_1 fusion-flex-column\" style=\"--awb-bg-size:cover;--awb-width-large:100%;--awb-margin-top-large:0px;--awb-spacing-right-large:1.92%;--awb-margin-bottom-large:0px;--awb-spacing-left-large:1.92%;--awb-width-medium:100%;--awb-order-medium:0;--awb-spacing-right-medium:1.92%;--awb-spacing-left-medium:1.92%;--awb-width-small:100%;--awb-order-small:0;--awb-spacing-right-small:1.92%;--awb-spacing-left-small:1.92%;\"><div class=\"fusion-column-wrapper fusion-column-has-shadow fusion-flex-justify-content-flex-start fusion-content-layout-column\"><div class=\"fusion-title title fusion-title-2 fusion-sep-none fusion-title-text fusion-title-size-two\" style=\"--awb-text-color:#ffffff;--awb-margin-top:0px;--awb-margin-bottom:30px;--awb-margin-top-small:0px;--awb-margin-right-small:0px;--awb-margin-bottom-small:10px;--awb-margin-left-small:0px;--awb-font-size:27px;\"><h2 class=\"fusion-title-heading title-heading-left fusion-responsive-typography-calculated\" style=\"margin:0;font-size:1em;--fontSize:27;line-height:1.2;\">Trouvez le produit qui vous convient :<\/h2><\/div><\/div><\/div><\/div><\/div><div class=\"fusion-fullwidth fullwidth-box fusion-builder-row-3 fusion-flex-container hundred-percent-fullwidth non-hundred-percent-height-scrolling fusion-animated\" style=\"--awb-border-radius-top-left:0px;--awb-border-radius-top-right:0px;--awb-border-radius-bottom-right:0px;--awb-border-radius-bottom-left:0px;--awb-padding-top:0px;--awb-padding-right:0px;--awb-padding-bottom:0px;--awb-padding-left:0px;--awb-margin-top:0px;--awb-margin-bottom:0px;--awb-flex-wrap:wrap;\" data-animationType=\"fadeInLeft\" data-animationDuration=\"1.5\" data-animationOffset=\"top-into-view\" ><div class=\"fusion-builder-row fusion-row fusion-flex-align-items-flex-start fusion-flex-content-wrap\" style=\"width:calc( 100% + 0px ) !important;max-width:calc( 100% + 0px ) !important;margin-left: calc(-0px \/ 2 );margin-right: calc(-0px \/ 2 );\"><div class=\"fusion-layout-column fusion_builder_column fusion-builder-column-5 fusion_builder_column_1_1 1_1 fusion-flex-column\" style=\"--awb-bg-size:cover;--awb-width-large:100%;--awb-margin-top-large:0px;--awb-spacing-right-large:0px;--awb-margin-bottom-large:0px;--awb-spacing-left-large:0px;--awb-width-medium:100%;--awb-order-medium:0;--awb-spacing-right-medium:0px;--awb-spacing-left-medium:0px;--awb-width-small:100%;--awb-order-small:0;--awb-spacing-right-small:0px;--awb-spacing-left-small:0px;\"><div class=\"fusion-column-wrapper fusion-column-has-shadow fusion-flex-justify-content-flex-start fusion-content-layout-column\"><style type=\"text\/css\">.fusion-portfolio-wrapper#fusion-portfolio-1 .fusion-portfolio-content{  text-align: center; }<\/style><div class=\"fusion-recent-works fusion-portfolio-element fusion-portfolio fusion-portfolio-1 fusion-portfolio-grid fusion-portfolio-paging-none fusion-portfolio-six fusion-portfolio-unboxed fusion-portfolio-text mini-card-list\" data-id=\"-rw-1\" data-columns=\"six\"><div><ul class=\"fusion-filters\" role=\"menu\" aria-label=\"Prodotti Filters\"><li role=\"presentation\" class=\"fusion-filter fusion-filter-all fusion-active\"><a href=\"#\" data-filter=\"*\" role=\"menuitem\">Tous<\/a><\/li><li role=\"presentation\" class=\"fusion-filter fusion-hidden\"><a href=\"#\" data-filter=\".accessoires\" role=\"menuitem\">Accessoires<\/a><\/li><li role=\"presentation\" class=\"fusion-filter fusion-hidden\"><a href=\"#\" data-filter=\".accessoires\" role=\"menuitem\">Accessoires<\/a><\/li><li role=\"presentation\" class=\"fusion-filter fusion-hidden\"><a href=\"#\" data-filter=\".evaporateurs-condenseurs\" role=\"menuitem\">Evaporateurs \/ Condenseurs<\/a><\/li><li role=\"presentation\" class=\"fusion-filter fusion-hidden\"><a href=\"#\" data-filter=\".accessoires\" role=\"menuitem\">Accessoires<\/a><\/li><li role=\"presentation\" class=\"fusion-filter fusion-hidden\"><a href=\"#\" data-filter=\".accessoires\" role=\"menuitem\">Accessoires<\/a><\/li><li role=\"presentation\" class=\"fusion-filter fusion-hidden\"><a href=\"#\" data-filter=\".evaporateurs-condenseurs\" role=\"menuitem\">\u00c9vaporateurs \/ Condenseurs<\/a><\/li><li role=\"presentation\" class=\"fusion-filter fusion-hidden\"><a href=\"#\" data-filter=\".accessoires\" role=\"menuitem\">Accessoires<\/a><\/li><li role=\"presentation\" class=\"fusion-filter fusion-hidden\"><a href=\"#\" data-filter=\".groupes-de-toit-fr\" role=\"menuitem\">Groupes de toit<\/a><\/li><li role=\"presentation\" class=\"fusion-filter fusion-hidden\"><a href=\"#\" data-filter=\".groupes-hydrauliques\" role=\"menuitem\">Groupes hydrauliques<\/a><\/li><li role=\"presentation\" class=\"fusion-filter fusion-hidden\"><a href=\"#\" data-filter=\".bloc-electrique-12v-24v\" role=\"menuitem\">Bloc \u00e9lectrique 12V-24V<\/a><\/li><\/ul><\/div><style type=\"text\/css\">.fusion-portfolio-1 .fusion-portfolio-wrapper .fusion-col-spacing{padding:0px;}<\/style><div class=\"fusion-portfolio-wrapper\" id=\"fusion-portfolio-1\" data-picturesize=\"auto\" data-pages=\"0\" style=\"margin:-0px;\"><article id=\"portfolio-1-post-19386\" class=\"fusion-portfolio-post accessoires midibus-et-minibus fusion-col-spacing post-19386\"><div class=\"fusion-portfolio-content-wrapper\" style=\"border:none;\"><span class=\"vcard rich-snippet-hidden\"><span class=\"fn\"><a href=\"https:\/\/www.autoclima.com\/fr\/author\/ioadv\/\" title=\"Articles par ioadv\" rel=\"author\">ioadv<\/a><\/span><\/span><span class=\"updated rich-snippet-hidden\">2026-04-29T12:04:16+02:00<\/span><div  class=\"fusion-image-wrapper\" aria-haspopup=\"true\">\n\t\t\t\t\t\t\t<a href=\"https:\/\/www.autoclima.com\/fr\/applicazioni\/filtres-a-air\/\" aria-label=\"Filtres \u00e0 air\">\n\t\t\t\t\t\t\t<img decoding=\"async\" width=\"550\" height=\"550\" src=\"https:\/\/www.autoclima.com\/wp-content\/uploads\/autoclima-filtri-aria.png\" class=\"attachment-full size-full wp-post-image\" alt=\"\" srcset=\"https:\/\/www.autoclima.com\/wp-content\/uploads\/autoclima-filtri-aria-200x200.png 200w, https:\/\/www.autoclima.com\/wp-content\/uploads\/autoclima-filtri-aria-400x400.png 400w, https:\/\/www.autoclima.com\/wp-content\/uploads\/autoclima-filtri-aria.png 550w\" sizes=\"(min-width: 2200px) 100vw, (min-width: 1000px) 200px, (min-width: 928px) 240px, (min-width: 856px) 300px, (min-width: 784px) 400px, (min-width: 712px) 600px, (min-width: 640px) 712px, \" \/>\t\t\t<\/a>\n\t\t\t\t\t\t\t<\/div>\n<div class=\"fusion-portfolio-content\"><h2 class=\"entry-title fusion-post-title\"><a href=\"https:\/\/www.autoclima.com\/fr\/applicazioni\/filtres-a-air\/\">Filtres \u00e0 air<\/a><\/h2><div class=\"fusion-post-content\"><\/div><\/div><\/div><\/article><article id=\"portfolio-1-post-18830\" class=\"fusion-portfolio-post midibus-et-minibus accessoires fusion-col-spacing post-18830\"><div class=\"fusion-portfolio-content-wrapper\" style=\"border:none;\"><span class=\"vcard rich-snippet-hidden\"><span class=\"fn\"><a href=\"https:\/\/www.autoclima.com\/fr\/author\/ioadv\/\" title=\"Articles par ioadv\" rel=\"author\">ioadv<\/a><\/span><\/span><span class=\"updated rich-snippet-hidden\">2026-04-29T11:57:09+02:00<\/span><div  class=\"fusion-image-wrapper\" aria-haspopup=\"true\">\n\t\t\t\t\t\t\t<a href=\"https:\/\/www.autoclima.com\/fr\/applicazioni\/conduits-dair\/\" aria-label=\"Conduits d&rsquo;air\">\n\t\t\t\t\t\t\t<img decoding=\"async\" width=\"550\" height=\"550\" src=\"https:\/\/www.autoclima.com\/wp-content\/uploads\/autoclima-canaline-aria.png\" class=\"attachment-full size-full wp-post-image\" alt=\"\" srcset=\"https:\/\/www.autoclima.com\/wp-content\/uploads\/autoclima-canaline-aria-200x200.png 200w, https:\/\/www.autoclima.com\/wp-content\/uploads\/autoclima-canaline-aria-400x400.png 400w, https:\/\/www.autoclima.com\/wp-content\/uploads\/autoclima-canaline-aria.png 550w\" sizes=\"(min-width: 2200px) 100vw, (min-width: 1000px) 200px, (min-width: 928px) 240px, (min-width: 856px) 300px, (min-width: 784px) 400px, (min-width: 712px) 600px, (min-width: 640px) 712px, \" \/>\t\t\t<\/a>\n\t\t\t\t\t\t\t<\/div>\n<div class=\"fusion-portfolio-content\"><h2 class=\"entry-title fusion-post-title\"><a href=\"https:\/\/www.autoclima.com\/fr\/applicazioni\/conduits-dair\/\">Conduits d&rsquo;air<\/a><\/h2><div class=\"fusion-post-content\"><\/div><\/div><\/div><\/article><article id=\"portfolio-1-post-19379\" class=\"fusion-portfolio-post midibus-et-minibus accessoires fusion-col-spacing post-19379\"><div class=\"fusion-portfolio-content-wrapper\" style=\"border:none;\"><span class=\"vcard rich-snippet-hidden\"><span class=\"fn\"><a href=\"https:\/\/www.autoclima.com\/fr\/author\/ioadv\/\" title=\"Articles par ioadv\" rel=\"author\">ioadv<\/a><\/span><\/span><span class=\"updated rich-snippet-hidden\">2026-04-29T12:04:14+02:00<\/span><div  class=\"fusion-image-wrapper\" aria-haspopup=\"true\">\n\t\t\t\t\t\t\t<a href=\"https:\/\/www.autoclima.com\/fr\/applicazioni\/conduits-dair-easy-air\/\" aria-label=\"Conduits d&rsquo;air Easy Air\">\n\t\t\t\t\t\t\t<img decoding=\"async\" width=\"550\" height=\"550\" src=\"https:\/\/www.autoclima.com\/wp-content\/uploads\/autoclima-easy-air-1.png\" class=\"attachment-full size-full wp-post-image\" alt=\"\" srcset=\"https:\/\/www.autoclima.com\/wp-content\/uploads\/autoclima-easy-air-1-200x200.png 200w, https:\/\/www.autoclima.com\/wp-content\/uploads\/autoclima-easy-air-1-400x400.png 400w, https:\/\/www.autoclima.com\/wp-content\/uploads\/autoclima-easy-air-1.png 550w\" sizes=\"(min-width: 2200px) 100vw, (min-width: 1000px) 200px, (min-width: 928px) 240px, (min-width: 856px) 300px, (min-width: 784px) 400px, (min-width: 712px) 600px, (min-width: 640px) 712px, \" \/>\t\t\t<\/a>\n\t\t\t\t\t\t\t<\/div>\n<div class=\"fusion-portfolio-content\"><h2 class=\"entry-title fusion-post-title\"><a href=\"https:\/\/www.autoclima.com\/fr\/applicazioni\/conduits-dair-easy-air\/\">Conduits d&rsquo;air Easy Air<\/a><\/h2><div class=\"fusion-post-content\"><\/div><\/div><\/div><\/article><article id=\"portfolio-1-post-19897\" class=\"fusion-portfolio-post accessoires midibus-et-minibus fusion-col-spacing post-19897\"><div class=\"fusion-portfolio-content-wrapper\" style=\"border:none;\"><span class=\"vcard rich-snippet-hidden\"><span class=\"fn\"><a href=\"https:\/\/www.autoclima.com\/fr\/author\/ioadv\/\" title=\"Articles par ioadv\" rel=\"author\">ioadv<\/a><\/span><\/span><span class=\"updated rich-snippet-hidden\">2026-04-29T12:21:40+02:00<\/span><div  class=\"fusion-image-wrapper\" aria-haspopup=\"true\">\n\t\t\t\t\t\t\t<a href=\"https:\/\/www.autoclima.com\/fr\/applicazioni\/gamme-de-commandes-3\/\" aria-label=\"Gamme de commandes\">\n\t\t\t\t\t\t\t<img decoding=\"async\" width=\"550\" height=\"550\" src=\"https:\/\/www.autoclima.com\/wp-content\/uploads\/autoclima-comandi.png\" class=\"attachment-full size-full wp-post-image\" alt=\"\" srcset=\"https:\/\/www.autoclima.com\/wp-content\/uploads\/autoclima-comandi-200x200.png 200w, https:\/\/www.autoclima.com\/wp-content\/uploads\/autoclima-comandi-400x400.png 400w, https:\/\/www.autoclima.com\/wp-content\/uploads\/autoclima-comandi.png 550w\" sizes=\"(min-width: 2200px) 100vw, (min-width: 1000px) 200px, (min-width: 928px) 240px, (min-width: 856px) 300px, (min-width: 784px) 400px, (min-width: 712px) 600px, (min-width: 640px) 712px, \" \/>\t\t\t<\/a>\n\t\t\t\t\t\t\t<\/div>\n<div class=\"fusion-portfolio-content\"><h2 class=\"entry-title fusion-post-title\"><a href=\"https:\/\/www.autoclima.com\/fr\/applicazioni\/gamme-de-commandes-3\/\">Gamme de commandes<\/a><\/h2><div class=\"fusion-post-content\"><\/div><\/div><\/div><\/article><article id=\"portfolio-1-post-19750\" class=\"fusion-portfolio-post midibus-et-minibus accessoires fusion-col-spacing post-19750\"><div class=\"fusion-portfolio-content-wrapper\" style=\"border:none;\"><span class=\"vcard rich-snippet-hidden\"><span class=\"fn\"><a href=\"https:\/\/www.autoclima.com\/fr\/author\/ioadv\/\" title=\"Articles par ioadv\" rel=\"author\">ioadv<\/a><\/span><\/span><span class=\"updated rich-snippet-hidden\">2026-04-29T12:18:22+02:00<\/span><div  class=\"fusion-image-wrapper\" aria-haspopup=\"true\">\n\t\t\t\t\t\t\t<a href=\"https:\/\/www.autoclima.com\/fr\/applicazioni\/gamme-de-chauffage\/\" aria-label=\"Gamme de chauffage\">\n\t\t\t\t\t\t\t<img decoding=\"async\" width=\"550\" height=\"550\" src=\"https:\/\/www.autoclima.com\/wp-content\/uploads\/autoclima-riscaldatori.png\" class=\"attachment-full size-full wp-post-image\" alt=\"\" srcset=\"https:\/\/www.autoclima.com\/wp-content\/uploads\/autoclima-riscaldatori-200x200.png 200w, https:\/\/www.autoclima.com\/wp-content\/uploads\/autoclima-riscaldatori-400x400.png 400w, https:\/\/www.autoclima.com\/wp-content\/uploads\/autoclima-riscaldatori.png 550w\" sizes=\"(min-width: 2200px) 100vw, (min-width: 1000px) 200px, (min-width: 928px) 240px, (min-width: 856px) 300px, (min-width: 784px) 400px, (min-width: 712px) 600px, (min-width: 640px) 712px, \" \/>\t\t\t<\/a>\n\t\t\t\t\t\t\t<\/div>\n<div class=\"fusion-portfolio-content\"><h2 class=\"entry-title fusion-post-title\"><a href=\"https:\/\/www.autoclima.com\/fr\/applicazioni\/gamme-de-chauffage\/\">Gamme de chauffage<\/a><\/h2><div class=\"fusion-post-content\"><\/div><\/div><\/div><\/article><article id=\"portfolio-1-post-20319\" class=\"fusion-portfolio-post midibus-et-minibus accessoires vehicules-agricoles-et-de-terrassement vehicules-speciaux accessoires fusion-col-spacing post-20319\"><div class=\"fusion-portfolio-content-wrapper\" style=\"border:none;\"><span class=\"vcard rich-snippet-hidden\"><span class=\"fn\"><a href=\"https:\/\/www.autoclima.com\/fr\/author\/veronica-arato\/\" title=\"Articles par veronica.arato\" rel=\"author\">veronica.arato<\/a><\/span><\/span><span class=\"updated rich-snippet-hidden\">2026-04-29T12:34:24+02:00<\/span><div  class=\"fusion-image-wrapper\" aria-haspopup=\"true\">\n\t\t\t\t\t\t\t<a href=\"https:\/\/www.autoclima.com\/fr\/applicazioni\/gamme-de-chauffage-2\/\" aria-label=\"Gamme de chauffage\">\n\t\t\t\t\t\t\t<img decoding=\"async\" width=\"550\" height=\"550\" src=\"https:\/\/www.autoclima.com\/wp-content\/uploads\/autoclima-riscaldatori.png\" class=\"attachment-full size-full wp-post-image\" alt=\"\" srcset=\"https:\/\/www.autoclima.com\/wp-content\/uploads\/autoclima-riscaldatori-200x200.png 200w, https:\/\/www.autoclima.com\/wp-content\/uploads\/autoclima-riscaldatori-400x400.png 400w, https:\/\/www.autoclima.com\/wp-content\/uploads\/autoclima-riscaldatori.png 550w\" sizes=\"(min-width: 2200px) 100vw, (min-width: 1000px) 200px, (min-width: 928px) 240px, (min-width: 856px) 300px, (min-width: 784px) 400px, (min-width: 712px) 600px, (min-width: 640px) 712px, \" \/>\t\t\t<\/a>\n\t\t\t\t\t\t\t<\/div>\n<div class=\"fusion-portfolio-content\"><h2 class=\"entry-title fusion-post-title\"><a href=\"https:\/\/www.autoclima.com\/fr\/applicazioni\/gamme-de-chauffage-2\/\">Gamme de chauffage<\/a><\/h2><div class=\"fusion-post-content\"><\/div><\/div><\/div><\/article><article id=\"portfolio-1-post-19512\" class=\"fusion-portfolio-post midibus-et-minibus accessoires fusion-col-spacing post-19512\"><div class=\"fusion-portfolio-content-wrapper\" style=\"border:none;\"><span class=\"vcard rich-snippet-hidden\"><span class=\"fn\"><a href=\"https:\/\/www.autoclima.com\/fr\/author\/veronica-arato\/\" title=\"Articles par veronica.arato\" rel=\"author\">veronica.arato<\/a><\/span><\/span><span class=\"updated rich-snippet-hidden\">2026-04-29T12:05:55+02:00<\/span><div  class=\"fusion-image-wrapper\" aria-haspopup=\"true\">\n\t\t\t\t\t\t\t<a href=\"https:\/\/www.autoclima.com\/fr\/applicazioni\/saniclima-w200\/\" aria-label=\"Saniclima W200\">\n\t\t\t\t\t\t\t<img decoding=\"async\" width=\"550\" height=\"550\" src=\"https:\/\/www.autoclima.com\/wp-content\/uploads\/autoclima-saniclima-W200.png\" class=\"attachment-full size-full wp-post-image\" alt=\"\" srcset=\"https:\/\/www.autoclima.com\/wp-content\/uploads\/autoclima-saniclima-W200-200x200.png 200w, https:\/\/www.autoclima.com\/wp-content\/uploads\/autoclima-saniclima-W200-400x400.png 400w, https:\/\/www.autoclima.com\/wp-content\/uploads\/autoclima-saniclima-W200.png 550w\" sizes=\"(min-width: 2200px) 100vw, (min-width: 1000px) 200px, (min-width: 928px) 240px, (min-width: 856px) 300px, (min-width: 784px) 400px, (min-width: 712px) 600px, (min-width: 640px) 712px, \" \/>\t\t\t<\/a>\n\t\t\t\t\t\t\t<\/div>\n<div class=\"fusion-portfolio-content\"><h2 class=\"entry-title fusion-post-title\"><a href=\"https:\/\/www.autoclima.com\/fr\/applicazioni\/saniclima-w200\/\">Saniclima W200<\/a><\/h2><div class=\"fusion-post-content\"><\/div><\/div><\/div><\/article><article id=\"portfolio-1-post-19412\" class=\"fusion-portfolio-post vehicules-refrigeres accessoires fusion-col-spacing post-19412\"><div class=\"fusion-portfolio-content-wrapper\" style=\"border:none;\"><span class=\"vcard rich-snippet-hidden\"><span class=\"fn\"><a href=\"https:\/\/www.autoclima.com\/fr\/author\/ioadv\/\" title=\"Articles par ioadv\" rel=\"author\">ioadv<\/a><\/span><\/span><span class=\"updated rich-snippet-hidden\">2026-04-29T12:04:37+02:00<\/span><div  class=\"fusion-image-wrapper\" aria-haspopup=\"true\">\n\t\t\t\t\t\t\t<a href=\"https:\/\/www.autoclima.com\/fr\/applicazioni\/supports\/\" aria-label=\"Supports\">\n\t\t\t\t\t\t\t<img decoding=\"async\" width=\"550\" height=\"550\" src=\"https:\/\/www.autoclima.com\/wp-content\/uploads\/autoclima-staffaggi.png\" class=\"attachment-full size-full wp-post-image\" alt=\"\" srcset=\"https:\/\/www.autoclima.com\/wp-content\/uploads\/autoclima-staffaggi-200x200.png 200w, https:\/\/www.autoclima.com\/wp-content\/uploads\/autoclima-staffaggi-400x400.png 400w, https:\/\/www.autoclima.com\/wp-content\/uploads\/autoclima-staffaggi.png 550w\" sizes=\"(min-width: 2200px) 100vw, (min-width: 1000px) 200px, (min-width: 928px) 240px, (min-width: 856px) 300px, (min-width: 784px) 400px, (min-width: 712px) 600px, (min-width: 640px) 712px, \" \/>\t\t\t<\/a>\n\t\t\t\t\t\t\t<\/div>\n<div class=\"fusion-portfolio-content\"><h2 class=\"entry-title fusion-post-title\"><a href=\"https:\/\/www.autoclima.com\/fr\/applicazioni\/supports\/\">Supports<\/a><\/h2><div class=\"fusion-post-content\"><\/div><\/div><\/div><\/article><article id=\"portfolio-1-post-20257\" class=\"fusion-portfolio-post vehicules-speciaux accessoires fusion-col-spacing post-20257\"><div class=\"fusion-portfolio-content-wrapper\" style=\"border:none;\"><span class=\"vcard rich-snippet-hidden\"><span class=\"fn\"><a href=\"https:\/\/www.autoclima.com\/fr\/author\/veronica-arato\/\" title=\"Articles par veronica.arato\" rel=\"author\">veronica.arato<\/a><\/span><\/span><span class=\"updated rich-snippet-hidden\">2026-04-29T12:33:39+02:00<\/span><div  class=\"fusion-image-wrapper\" aria-haspopup=\"true\">\n\t\t\t\t\t\t\t<a href=\"https:\/\/www.autoclima.com\/fr\/applicazioni\/front-ev-evh-40-1-heavy-duty-deux-cotes\/\" aria-label=\"Front EV\/EVH 40\/1 Heavy Duty deux c\u00f4t\u00e9s\">\n\t\t\t\t\t\t\t<img decoding=\"async\" width=\"1953\" height=\"1278\" src=\"https:\/\/www.autoclima.com\/wp-content\/uploads\/2027082278_OK-e1687166561781.png\" class=\"attachment-full size-full wp-post-image\" alt=\"\" \/>\t\t\t<\/a>\n\t\t\t\t\t\t\t<\/div>\n<div class=\"fusion-portfolio-content\"><h2 class=\"entry-title fusion-post-title\"><a href=\"https:\/\/www.autoclima.com\/fr\/applicazioni\/front-ev-evh-40-1-heavy-duty-deux-cotes\/\">Front EV\/EVH 40\/1 Heavy Duty deux c\u00f4t\u00e9s<\/a><\/h2><div class=\"fusion-post-content\"><\/div><\/div><\/div><\/article><article id=\"portfolio-1-post-20242\" class=\"fusion-portfolio-post vehicules-speciaux accessoires fusion-col-spacing post-20242\"><div class=\"fusion-portfolio-content-wrapper\" style=\"border:none;\"><span class=\"vcard rich-snippet-hidden\"><span class=\"fn\"><a href=\"https:\/\/www.autoclima.com\/fr\/author\/veronica-arato\/\" title=\"Articles par veronica.arato\" rel=\"author\">veronica.arato<\/a><\/span><\/span><span class=\"updated rich-snippet-hidden\">2026-04-29T12:33:28+02:00<\/span><div  class=\"fusion-image-wrapper\" aria-haspopup=\"true\">\n\t\t\t\t\t\t\t<a href=\"https:\/\/www.autoclima.com\/fr\/applicazioni\/panneau-frontal-ev-evh-40-1-montage-mural-heavy-duty\/\" aria-label=\"Panneau frontal EV\/EVH 40\/1 Montage mural Heavy Duty\">\n\t\t\t\t\t\t\t<img decoding=\"async\" width=\"1666\" height=\"1245\" src=\"https:\/\/www.autoclima.com\/wp-content\/uploads\/2027082107_2-e1687165443777.png\" class=\"attachment-full size-full wp-post-image\" alt=\"\" \/>\t\t\t<\/a>\n\t\t\t\t\t\t\t<\/div>\n<div class=\"fusion-portfolio-content\"><h2 class=\"entry-title fusion-post-title\"><a href=\"https:\/\/www.autoclima.com\/fr\/applicazioni\/panneau-frontal-ev-evh-40-1-montage-mural-heavy-duty\/\">Panneau frontal EV\/EVH 40\/1 Montage mural Heavy Duty<\/a><\/h2><div class=\"fusion-post-content\"><\/div><\/div><\/div><\/article><article id=\"portfolio-1-post-20263\" class=\"fusion-portfolio-post vehicules-speciaux accessoires fusion-col-spacing post-20263\"><div class=\"fusion-portfolio-content-wrapper\" style=\"border:none;\"><span class=\"vcard rich-snippet-hidden\"><span class=\"fn\"><a href=\"https:\/\/www.autoclima.com\/fr\/author\/veronica-arato\/\" title=\"Articles par veronica.arato\" rel=\"author\">veronica.arato<\/a><\/span><\/span><span class=\"updated rich-snippet-hidden\">2026-04-29T12:33:39+02:00<\/span><div  class=\"fusion-image-wrapper\" aria-haspopup=\"true\">\n\t\t\t\t\t\t\t<a href=\"https:\/\/www.autoclima.com\/fr\/applicazioni\/casque-e-eh-50-evo-avec-buses\/\" aria-label=\"Casque E\/EH 50 EVO - Avec buses\">\n\t\t\t\t\t\t\t<img decoding=\"async\" width=\"2008\" height=\"1299\" src=\"https:\/\/www.autoclima.com\/wp-content\/uploads\/20270369-Frontale-con-bocchette_OK-e1687166798901.png\" class=\"attachment-full size-full wp-post-image\" alt=\"\" \/>\t\t\t<\/a>\n\t\t\t\t\t\t\t<\/div>\n<div class=\"fusion-portfolio-content\"><h2 class=\"entry-title fusion-post-title\"><a href=\"https:\/\/www.autoclima.com\/fr\/applicazioni\/casque-e-eh-50-evo-avec-buses\/\">Casque E\/EH 50 EVO - Avec buses<\/a><\/h2><div class=\"fusion-post-content\"><\/div><\/div><\/div><\/article><article id=\"portfolio-1-post-20240\" class=\"fusion-portfolio-post vehicules-speciaux accessoires fusion-col-spacing post-20240\"><div class=\"fusion-portfolio-content-wrapper\" style=\"border:none;\"><span class=\"vcard rich-snippet-hidden\"><span class=\"fn\"><a href=\"https:\/\/www.autoclima.com\/fr\/author\/veronica-arato\/\" title=\"Articles par veronica.arato\" rel=\"author\">veronica.arato<\/a><\/span><\/span><span class=\"updated rich-snippet-hidden\">2026-04-29T12:33:28+02:00<\/span><div  class=\"fusion-image-wrapper\" aria-haspopup=\"true\">\n\t\t\t\t\t\t\t<a href=\"https:\/\/www.autoclima.com\/fr\/applicazioni\/bandeau-e-eh-50-evo-avec-ports\/\" aria-label=\"Bandeau E\/EH 50 EVO - Avec ports\">\n\t\t\t\t\t\t\t<img decoding=\"async\" width=\"2008\" height=\"1299\" src=\"https:\/\/www.autoclima.com\/wp-content\/uploads\/20270370-Frontale-con-imbocchi_OK-e1687166902347.png\" class=\"attachment-full size-full wp-post-image\" alt=\"\" \/>\t\t\t<\/a>\n\t\t\t\t\t\t\t<\/div>\n<div class=\"fusion-portfolio-content\"><h2 class=\"entry-title fusion-post-title\"><a href=\"https:\/\/www.autoclima.com\/fr\/applicazioni\/bandeau-e-eh-50-evo-avec-ports\/\">Bandeau E\/EH 50 EVO - Avec ports<\/a><\/h2><div class=\"fusion-post-content\"><\/div><\/div><\/div><\/article><article id=\"portfolio-1-post-19246\" class=\"fusion-portfolio-post accessoires vehicules-speciaux fusion-col-spacing post-19246\"><div class=\"fusion-portfolio-content-wrapper\" style=\"border:none;\"><span class=\"vcard rich-snippet-hidden\"><span class=\"fn\"><a href=\"https:\/\/www.autoclima.com\/fr\/author\/ioadv\/\" title=\"Articles par ioadv\" rel=\"author\">ioadv<\/a><\/span><\/span><span class=\"updated rich-snippet-hidden\">2026-04-29T12:02:53+02:00<\/span><div  class=\"fusion-image-wrapper\" aria-haspopup=\"true\">\n\t\t\t\t\t\t\t<a href=\"https:\/\/www.autoclima.com\/fr\/applicazioni\/casque-ev-evh-70\/\" aria-label=\"Casque EV\/EVH 70\">\n\t\t\t\t\t\t\t<img decoding=\"async\" width=\"550\" height=\"550\" src=\"https:\/\/www.autoclima.com\/wp-content\/uploads\/autoclima-EV70-EVO-Accessori-Speciali.png\" class=\"attachment-full size-full wp-post-image\" alt=\"\" srcset=\"https:\/\/www.autoclima.com\/wp-content\/uploads\/autoclima-EV70-EVO-Accessori-Speciali-200x200.png 200w, https:\/\/www.autoclima.com\/wp-content\/uploads\/autoclima-EV70-EVO-Accessori-Speciali-400x400.png 400w, https:\/\/www.autoclima.com\/wp-content\/uploads\/autoclima-EV70-EVO-Accessori-Speciali.png 550w\" sizes=\"(min-width: 2200px) 100vw, (min-width: 1000px) 200px, (min-width: 928px) 240px, (min-width: 856px) 300px, (min-width: 784px) 400px, (min-width: 712px) 600px, (min-width: 640px) 712px, \" \/>\t\t\t<\/a>\n\t\t\t\t\t\t\t<\/div>\n<div class=\"fusion-portfolio-content\"><h2 class=\"entry-title fusion-post-title\"><a href=\"https:\/\/www.autoclima.com\/fr\/applicazioni\/casque-ev-evh-70\/\">Casque EV\/EVH 70<\/a><\/h2><div class=\"fusion-post-content\"><\/div><\/div><\/div><\/article><article id=\"portfolio-1-post-19805\" class=\"fusion-portfolio-post accessoires vehicules-speciaux fusion-col-spacing post-19805\"><div class=\"fusion-portfolio-content-wrapper\" style=\"border:none;\"><span class=\"vcard rich-snippet-hidden\"><span class=\"fn\"><a href=\"https:\/\/www.autoclima.com\/fr\/author\/ioadv\/\" title=\"Articles par ioadv\" rel=\"author\">ioadv<\/a><\/span><\/span><span class=\"updated rich-snippet-hidden\">2026-04-29T12:19:42+02:00<\/span><div  class=\"fusion-image-wrapper\" aria-haspopup=\"true\">\n\t\t\t\t\t\t\t<a href=\"https:\/\/www.autoclima.com\/fr\/applicazioni\/saniclima-w200-2\/\" aria-label=\"Saniclima W200\">\n\t\t\t\t\t\t\t<img decoding=\"async\" width=\"550\" height=\"550\" src=\"https:\/\/www.autoclima.com\/wp-content\/uploads\/autoclima-saniclima-W200.png\" class=\"attachment-full size-full wp-post-image\" alt=\"\" srcset=\"https:\/\/www.autoclima.com\/wp-content\/uploads\/autoclima-saniclima-W200-200x200.png 200w, https:\/\/www.autoclima.com\/wp-content\/uploads\/autoclima-saniclima-W200-400x400.png 400w, https:\/\/www.autoclima.com\/wp-content\/uploads\/autoclima-saniclima-W200.png 550w\" sizes=\"(min-width: 2200px) 100vw, (min-width: 1000px) 200px, (min-width: 928px) 240px, (min-width: 856px) 300px, (min-width: 784px) 400px, (min-width: 712px) 600px, (min-width: 640px) 712px, \" \/>\t\t\t<\/a>\n\t\t\t\t\t\t\t<\/div>\n<div class=\"fusion-portfolio-content\"><h2 class=\"entry-title fusion-post-title\"><a href=\"https:\/\/www.autoclima.com\/fr\/applicazioni\/saniclima-w200-2\/\">Saniclima W200<\/a><\/h2><div class=\"fusion-post-content\"><\/div><\/div><\/div><\/article><article id=\"portfolio-1-post-19576\" class=\"fusion-portfolio-post vehicules-speciaux accessoires fusion-col-spacing post-19576\"><div class=\"fusion-portfolio-content-wrapper\" style=\"border:none;\"><span class=\"vcard rich-snippet-hidden\"><span class=\"fn\"><a href=\"https:\/\/www.autoclima.com\/fr\/author\/ioadv\/\" title=\"Articles par ioadv\" rel=\"author\">ioadv<\/a><\/span><\/span><span class=\"updated rich-snippet-hidden\">2026-04-29T12:07:46+02:00<\/span><div  class=\"fusion-image-wrapper\" aria-haspopup=\"true\">\n\t\t\t\t\t\t\t<a href=\"https:\/\/www.autoclima.com\/fr\/applicazioni\/ventilateur-de-toit\/\" aria-label=\"Ventilateur de toit\">\n\t\t\t\t\t\t\t<img decoding=\"async\" width=\"550\" height=\"550\" src=\"https:\/\/www.autoclima.com\/wp-content\/uploads\/autoclima-aeratore-tetto.png\" class=\"attachment-full size-full wp-post-image\" alt=\"\" srcset=\"https:\/\/www.autoclima.com\/wp-content\/uploads\/autoclima-aeratore-tetto-200x200.png 200w, https:\/\/www.autoclima.com\/wp-content\/uploads\/autoclima-aeratore-tetto-400x400.png 400w, https:\/\/www.autoclima.com\/wp-content\/uploads\/autoclima-aeratore-tetto.png 550w\" sizes=\"(min-width: 2200px) 100vw, (min-width: 1000px) 200px, (min-width: 928px) 240px, (min-width: 856px) 300px, (min-width: 784px) 400px, (min-width: 712px) 600px, (min-width: 640px) 712px, \" \/>\t\t\t<\/a>\n\t\t\t\t\t\t\t<\/div>\n<div class=\"fusion-portfolio-content\"><h2 class=\"entry-title fusion-post-title\"><a href=\"https:\/\/www.autoclima.com\/fr\/applicazioni\/ventilateur-de-toit\/\">Ventilateur de toit<\/a><\/h2><div class=\"fusion-post-content\"><\/div><\/div><\/div><\/article><article id=\"portfolio-1-post-19403\" class=\"fusion-portfolio-post vehicules-speciaux accessoires fusion-col-spacing post-19403\"><div class=\"fusion-portfolio-content-wrapper\" style=\"border:none;\"><span class=\"vcard rich-snippet-hidden\"><span class=\"fn\"><a href=\"https:\/\/www.autoclima.com\/fr\/author\/ioadv\/\" title=\"Articles par ioadv\" rel=\"author\">ioadv<\/a><\/span><\/span><span class=\"updated rich-snippet-hidden\">2026-04-29T12:04:26+02:00<\/span><div  class=\"fusion-image-wrapper\" aria-haspopup=\"true\">\n\t\t\t\t\t\t\t<a href=\"https:\/\/www.autoclima.com\/fr\/applicazioni\/h220v\/\" aria-label=\"H220V\">\n\t\t\t\t\t\t\t<img decoding=\"async\" width=\"550\" height=\"550\" src=\"https:\/\/www.autoclima.com\/wp-content\/uploads\/autoclima-H220V.png\" class=\"attachment-full size-full wp-post-image\" alt=\"\" srcset=\"https:\/\/www.autoclima.com\/wp-content\/uploads\/autoclima-H220V-200x200.png 200w, https:\/\/www.autoclima.com\/wp-content\/uploads\/autoclima-H220V-400x400.png 400w, https:\/\/www.autoclima.com\/wp-content\/uploads\/autoclima-H220V.png 550w\" sizes=\"(min-width: 2200px) 100vw, (min-width: 1000px) 200px, (min-width: 928px) 240px, (min-width: 856px) 300px, (min-width: 784px) 400px, (min-width: 712px) 600px, (min-width: 640px) 712px, \" \/>\t\t\t<\/a>\n\t\t\t\t\t\t\t<\/div>\n<div class=\"fusion-portfolio-content\"><h2 class=\"entry-title fusion-post-title\"><a href=\"https:\/\/www.autoclima.com\/fr\/applicazioni\/h220v\/\">H220V<\/a><\/h2><div class=\"fusion-post-content\"><\/div><\/div><\/div><\/article><article id=\"portfolio-1-post-18852\" class=\"fusion-portfolio-post vehicules-speciaux accessoires fusion-col-spacing post-18852\"><div class=\"fusion-portfolio-content-wrapper\" style=\"border:none;\"><span class=\"vcard rich-snippet-hidden\"><span class=\"fn\"><a href=\"https:\/\/www.autoclima.com\/fr\/author\/ioadv\/\" title=\"Articles par ioadv\" rel=\"author\">ioadv<\/a><\/span><\/span><span class=\"updated rich-snippet-hidden\">2026-04-29T11:57:21+02:00<\/span><div  class=\"fusion-image-wrapper\" aria-haspopup=\"true\">\n\t\t\t\t\t\t\t<a href=\"https:\/\/www.autoclima.com\/fr\/applicazioni\/gamme-de-commandes\/\" aria-label=\"Gamme de commandes\">\n\t\t\t\t\t\t\t<img decoding=\"async\" width=\"550\" height=\"550\" src=\"https:\/\/www.autoclima.com\/wp-content\/uploads\/autoclima-comandi.png\" class=\"attachment-full size-full wp-post-image\" alt=\"\" srcset=\"https:\/\/www.autoclima.com\/wp-content\/uploads\/autoclima-comandi-200x200.png 200w, https:\/\/www.autoclima.com\/wp-content\/uploads\/autoclima-comandi-400x400.png 400w, https:\/\/www.autoclima.com\/wp-content\/uploads\/autoclima-comandi.png 550w\" sizes=\"(min-width: 2200px) 100vw, (min-width: 1000px) 200px, (min-width: 928px) 240px, (min-width: 856px) 300px, (min-width: 784px) 400px, (min-width: 712px) 600px, (min-width: 640px) 712px, \" \/>\t\t\t<\/a>\n\t\t\t\t\t\t\t<\/div>\n<div class=\"fusion-portfolio-content\"><h2 class=\"entry-title fusion-post-title\"><a href=\"https:\/\/www.autoclima.com\/fr\/applicazioni\/gamme-de-commandes\/\">Gamme de commandes<\/a><\/h2><div class=\"fusion-post-content\"><\/div><\/div><\/div><\/article><article id=\"portfolio-1-post-19808\" class=\"fusion-portfolio-post vehicules-electriques evaporateurs-condenseurs fusion-col-spacing post-19808\"><div class=\"fusion-portfolio-content-wrapper\" style=\"border:none;\"><span class=\"vcard rich-snippet-hidden\"><span class=\"fn\"><a href=\"https:\/\/www.autoclima.com\/fr\/author\/ioadv\/\" title=\"Articles par ioadv\" rel=\"author\">ioadv<\/a><\/span><\/span><span class=\"updated rich-snippet-hidden\">2026-04-29T12:19:44+02:00<\/span><div  class=\"fusion-image-wrapper\" aria-haspopup=\"true\">\n\t\t\t\t\t\t\t<a href=\"https:\/\/www.autoclima.com\/fr\/applicazioni\/evaporateur-eh-40-elecsta\/\" aria-label=\"Evaporateur EH 40 Elecsta\">\n\t\t\t\t\t\t\t<img decoding=\"async\" width=\"550\" height=\"550\" src=\"https:\/\/www.autoclima.com\/wp-content\/uploads\/autoclima-e40.png\" class=\"attachment-full size-full wp-post-image\" alt=\"\" srcset=\"https:\/\/www.autoclima.com\/wp-content\/uploads\/autoclima-e40-200x200.png 200w, https:\/\/www.autoclima.com\/wp-content\/uploads\/autoclima-e40-400x400.png 400w, https:\/\/www.autoclima.com\/wp-content\/uploads\/autoclima-e40.png 550w\" sizes=\"(min-width: 2200px) 100vw, (min-width: 1000px) 200px, (min-width: 928px) 240px, (min-width: 856px) 300px, (min-width: 784px) 400px, (min-width: 712px) 600px, (min-width: 640px) 712px, \" \/>\t\t\t<\/a>\n\t\t\t\t\t\t\t<\/div>\n<div class=\"fusion-portfolio-content\"><h2 class=\"entry-title fusion-post-title\"><a href=\"https:\/\/www.autoclima.com\/fr\/applicazioni\/evaporateur-eh-40-elecsta\/\">Evaporateur EH 40 Elecsta<\/a><\/h2><div class=\"fusion-post-content\"><\/div><\/div><\/div><\/article><article id=\"portfolio-1-post-19296\" class=\"fusion-portfolio-post vehicules-electriques evaporateurs-condenseurs fusion-col-spacing post-19296\"><div class=\"fusion-portfolio-content-wrapper\" style=\"border:none;\"><span class=\"vcard rich-snippet-hidden\"><span class=\"fn\"><a href=\"https:\/\/www.autoclima.com\/fr\/author\/ioadv\/\" title=\"Articles par ioadv\" rel=\"author\">ioadv<\/a><\/span><\/span><span class=\"updated rich-snippet-hidden\">2026-04-29T12:03:21+02:00<\/span><div  class=\"fusion-image-wrapper\" aria-haspopup=\"true\">\n\t\t\t\t\t\t\t<a href=\"https:\/\/www.autoclima.com\/fr\/applicazioni\/evaporateur-e-40-super-alaska\/\" aria-label=\"Evaporateur E 40 Super Alaska\">\n\t\t\t\t\t\t\t<img decoding=\"async\" width=\"550\" height=\"550\" src=\"https:\/\/www.autoclima.com\/wp-content\/uploads\/autoclima-e40.png\" class=\"attachment-full size-full wp-post-image\" alt=\"\" srcset=\"https:\/\/www.autoclima.com\/wp-content\/uploads\/autoclima-e40-200x200.png 200w, https:\/\/www.autoclima.com\/wp-content\/uploads\/autoclima-e40-400x400.png 400w, https:\/\/www.autoclima.com\/wp-content\/uploads\/autoclima-e40.png 550w\" sizes=\"(min-width: 2200px) 100vw, (min-width: 1000px) 200px, (min-width: 928px) 240px, (min-width: 856px) 300px, (min-width: 784px) 400px, (min-width: 712px) 600px, (min-width: 640px) 712px, \" \/>\t\t\t<\/a>\n\t\t\t\t\t\t\t<\/div>\n<div class=\"fusion-portfolio-content\"><h2 class=\"entry-title fusion-post-title\"><a href=\"https:\/\/www.autoclima.com\/fr\/applicazioni\/evaporateur-e-40-super-alaska\/\">Evaporateur E 40 Super Alaska<\/a><\/h2><div class=\"fusion-post-content\"><\/div><\/div><\/div><\/article><article id=\"portfolio-1-post-19198\" class=\"fusion-portfolio-post vehicules-electriques evaporateurs-condenseurs fusion-col-spacing post-19198\"><div class=\"fusion-portfolio-content-wrapper\" style=\"border:none;\"><span class=\"vcard rich-snippet-hidden\"><span class=\"fn\"><a href=\"https:\/\/www.autoclima.com\/fr\/author\/ioadv\/\" title=\"Articles par ioadv\" rel=\"author\">ioadv<\/a><\/span><\/span><span class=\"updated rich-snippet-hidden\">2026-04-29T12:02:00+02:00<\/span><div  class=\"fusion-image-wrapper\" aria-haspopup=\"true\">\n\t\t\t\t\t\t\t<a href=\"https:\/\/www.autoclima.com\/fr\/applicazioni\/ev-evh-40-3-evaporateur-vertical-mural-2\/\" aria-label=\"EV\/EVH 40\/3 \u00c9vaporateur vertical mural\">\n\t\t\t\t\t\t\t<img decoding=\"async\" width=\"550\" height=\"550\" src=\"https:\/\/www.autoclima.com\/wp-content\/uploads\/autoclima-EV40-3-Vertical-parete.png\" class=\"attachment-full size-full wp-post-image\" alt=\"\" srcset=\"https:\/\/www.autoclima.com\/wp-content\/uploads\/autoclima-EV40-3-Vertical-parete-200x200.png 200w, https:\/\/www.autoclima.com\/wp-content\/uploads\/autoclima-EV40-3-Vertical-parete-400x400.png 400w, https:\/\/www.autoclima.com\/wp-content\/uploads\/autoclima-EV40-3-Vertical-parete.png 550w\" sizes=\"(min-width: 2200px) 100vw, (min-width: 1000px) 200px, (min-width: 928px) 240px, (min-width: 856px) 300px, (min-width: 784px) 400px, (min-width: 712px) 600px, (min-width: 640px) 712px, \" \/>\t\t\t<\/a>\n\t\t\t\t\t\t\t<\/div>\n<div class=\"fusion-portfolio-content\"><h2 class=\"entry-title fusion-post-title\"><a href=\"https:\/\/www.autoclima.com\/fr\/applicazioni\/ev-evh-40-3-evaporateur-vertical-mural-2\/\">EV\/EVH 40\/3 \u00c9vaporateur vertical mural<\/a><\/h2><div class=\"fusion-post-content\"><\/div><\/div><\/div><\/article><article id=\"portfolio-1-post-19879\" class=\"fusion-portfolio-post vehicules-electriques evaporateurs-condenseurs fusion-col-spacing post-19879\"><div class=\"fusion-portfolio-content-wrapper\" style=\"border:none;\"><span class=\"vcard rich-snippet-hidden\"><span class=\"fn\"><a href=\"https:\/\/www.autoclima.com\/fr\/author\/ioadv\/\" title=\"Articles par ioadv\" rel=\"author\">ioadv<\/a><\/span><\/span><span class=\"updated rich-snippet-hidden\">2026-04-29T12:21:18+02:00<\/span><div  class=\"fusion-image-wrapper\" aria-haspopup=\"true\">\n\t\t\t\t\t\t\t<a href=\"https:\/\/www.autoclima.com\/fr\/applicazioni\/ev-evh-40-3-evaporateur-central-vertical-3\/\" aria-label=\"EV\/EVH 40\/3 \u00c9vaporateur central vertical\">\n\t\t\t\t\t\t\t<img decoding=\"async\" width=\"550\" height=\"550\" src=\"https:\/\/www.autoclima.com\/wp-content\/uploads\/autoclima-EV40-3-vertical-centrale.png\" class=\"attachment-full size-full wp-post-image\" alt=\"\" srcset=\"https:\/\/www.autoclima.com\/wp-content\/uploads\/autoclima-EV40-3-vertical-centrale-200x200.png 200w, https:\/\/www.autoclima.com\/wp-content\/uploads\/autoclima-EV40-3-vertical-centrale-400x400.png 400w, https:\/\/www.autoclima.com\/wp-content\/uploads\/autoclima-EV40-3-vertical-centrale.png 550w\" sizes=\"(min-width: 2200px) 100vw, (min-width: 1000px) 200px, (min-width: 928px) 240px, (min-width: 856px) 300px, (min-width: 784px) 400px, (min-width: 712px) 600px, (min-width: 640px) 712px, \" \/>\t\t\t<\/a>\n\t\t\t\t\t\t\t<\/div>\n<div class=\"fusion-portfolio-content\"><h2 class=\"entry-title fusion-post-title\"><a href=\"https:\/\/www.autoclima.com\/fr\/applicazioni\/ev-evh-40-3-evaporateur-central-vertical-3\/\">EV\/EVH 40\/3 \u00c9vaporateur central vertical<\/a><\/h2><div class=\"fusion-post-content\"><\/div><\/div><\/div><\/article><article id=\"portfolio-1-post-18912\" class=\"fusion-portfolio-post vehicules-electriques evaporateurs-condenseurs fusion-col-spacing post-18912\"><div class=\"fusion-portfolio-content-wrapper\" style=\"border:none;\"><span class=\"vcard rich-snippet-hidden\"><span class=\"fn\"><a href=\"https:\/\/www.autoclima.com\/fr\/author\/ioadv\/\" title=\"Articles par ioadv\" rel=\"author\">ioadv<\/a><\/span><\/span><span class=\"updated rich-snippet-hidden\">2026-04-29T11:57:58+02:00<\/span><div  class=\"fusion-image-wrapper\" aria-haspopup=\"true\">\n\t\t\t\t\t\t\t<a href=\"https:\/\/www.autoclima.com\/fr\/applicazioni\/condensateur-k-40\/\" aria-label=\"Condensateur K 40\">\n\t\t\t\t\t\t\t<img decoding=\"async\" width=\"550\" height=\"550\" src=\"https:\/\/www.autoclima.com\/wp-content\/uploads\/autoclima-K40.png\" class=\"attachment-full size-full wp-post-image\" alt=\"\" srcset=\"https:\/\/www.autoclima.com\/wp-content\/uploads\/autoclima-K40-200x200.png 200w, https:\/\/www.autoclima.com\/wp-content\/uploads\/autoclima-K40-400x400.png 400w, https:\/\/www.autoclima.com\/wp-content\/uploads\/autoclima-K40.png 550w\" sizes=\"(min-width: 2200px) 100vw, (min-width: 1000px) 200px, (min-width: 928px) 240px, (min-width: 856px) 300px, (min-width: 784px) 400px, (min-width: 712px) 600px, (min-width: 640px) 712px, \" \/>\t\t\t<\/a>\n\t\t\t\t\t\t\t<\/div>\n<div class=\"fusion-portfolio-content\"><h2 class=\"entry-title fusion-post-title\"><a href=\"https:\/\/www.autoclima.com\/fr\/applicazioni\/condensateur-k-40\/\">Condensateur K 40<\/a><\/h2><div class=\"fusion-post-content\"><\/div><\/div><\/div><\/article><article id=\"portfolio-1-post-18913\" class=\"fusion-portfolio-post vehicules-electriques evaporateurs-condenseurs fusion-col-spacing post-18913\"><div class=\"fusion-portfolio-content-wrapper\" style=\"border:none;\"><span class=\"vcard rich-snippet-hidden\"><span class=\"fn\"><a href=\"https:\/\/www.autoclima.com\/fr\/author\/ioadv\/\" title=\"Articles par ioadv\" rel=\"author\">ioadv<\/a><\/span><\/span><span class=\"updated rich-snippet-hidden\">2026-04-29T11:57:58+02:00<\/span><div  class=\"fusion-image-wrapper\" aria-haspopup=\"true\">\n\t\t\t\t\t\t\t<a href=\"https:\/\/www.autoclima.com\/fr\/applicazioni\/condensateur-k60\/\" aria-label=\"Condensateur K60\">\n\t\t\t\t\t\t\t<img decoding=\"async\" width=\"550\" height=\"550\" src=\"https:\/\/www.autoclima.com\/wp-content\/uploads\/autoclima-K60.png\" class=\"attachment-full size-full wp-post-image\" alt=\"\" srcset=\"https:\/\/www.autoclima.com\/wp-content\/uploads\/autoclima-K60-200x200.png 200w, https:\/\/www.autoclima.com\/wp-content\/uploads\/autoclima-K60-400x400.png 400w, https:\/\/www.autoclima.com\/wp-content\/uploads\/autoclima-K60.png 550w\" sizes=\"(min-width: 2200px) 100vw, (min-width: 1000px) 200px, (min-width: 928px) 240px, (min-width: 856px) 300px, (min-width: 784px) 400px, (min-width: 712px) 600px, (min-width: 640px) 712px, \" \/>\t\t\t<\/a>\n\t\t\t\t\t\t\t<\/div>\n<div class=\"fusion-portfolio-content\"><h2 class=\"entry-title fusion-post-title\"><a href=\"https:\/\/www.autoclima.com\/fr\/applicazioni\/condensateur-k60\/\">Condensateur K60<\/a><\/h2><div class=\"fusion-post-content\"><\/div><\/div><\/div><\/article><article id=\"portfolio-1-post-19444\" class=\"fusion-portfolio-post temps-libre accessoires fusion-col-spacing post-19444\"><div class=\"fusion-portfolio-content-wrapper\" style=\"border:none;\"><span class=\"vcard rich-snippet-hidden\"><span class=\"fn\"><a href=\"https:\/\/www.autoclima.com\/fr\/author\/ioadv\/\" title=\"Articles par ioadv\" rel=\"author\">ioadv<\/a><\/span><\/span><span class=\"updated rich-snippet-hidden\">2026-04-29T12:04:58+02:00<\/span><div  class=\"fusion-image-wrapper\" aria-haspopup=\"true\">\n\t\t\t\t\t\t\t<a href=\"https:\/\/www.autoclima.com\/fr\/applicazioni\/onduleur\/\" aria-label=\"Onduleur\">\n\t\t\t\t\t\t\t<img decoding=\"async\" width=\"550\" height=\"550\" src=\"https:\/\/www.autoclima.com\/wp-content\/uploads\/autoclima-inverter.png\" class=\"attachment-full size-full wp-post-image\" alt=\"\" srcset=\"https:\/\/www.autoclima.com\/wp-content\/uploads\/autoclima-inverter-200x200.png 200w, https:\/\/www.autoclima.com\/wp-content\/uploads\/autoclima-inverter-400x400.png 400w, https:\/\/www.autoclima.com\/wp-content\/uploads\/autoclima-inverter.png 550w\" sizes=\"(min-width: 2200px) 100vw, (min-width: 1000px) 200px, (min-width: 928px) 240px, (min-width: 856px) 300px, (min-width: 784px) 400px, (min-width: 712px) 600px, (min-width: 640px) 712px, \" \/>\t\t\t<\/a>\n\t\t\t\t\t\t\t<\/div>\n<div class=\"fusion-portfolio-content\"><h2 class=\"entry-title fusion-post-title\"><a href=\"https:\/\/www.autoclima.com\/fr\/applicazioni\/onduleur\/\">Onduleur<\/a><\/h2><div class=\"fusion-post-content\"><\/div><\/div><\/div><\/article><article id=\"portfolio-1-post-18700\" class=\"fusion-portfolio-post bloc-electrique-12v-24v vehicules-agricoles-et-de-terrassement fusion-col-spacing post-18700\"><div class=\"fusion-portfolio-content-wrapper\" style=\"border:none;\"><span class=\"vcard rich-snippet-hidden\"><span class=\"fn\"><a href=\"https:\/\/www.autoclima.com\/fr\/author\/ioadv\/\" title=\"Articles par ioadv\" rel=\"author\">ioadv<\/a><\/span><\/span><span class=\"updated rich-snippet-hidden\">2026-04-29T11:55:18+02:00<\/span><div  class=\"fusion-image-wrapper\" aria-haspopup=\"true\">\n\t\t\t\t\t\t\t<a href=\"https:\/\/www.autoclima.com\/fr\/applicazioni\/modula-rt-rt-plus-2\/\" aria-label=\"Modula RT - RT PLUS\">\n\t\t\t\t\t\t\t<img decoding=\"async\" width=\"550\" height=\"550\" src=\"https:\/\/www.autoclima.com\/wp-content\/uploads\/autoclima-modula-rt-slim.png\" class=\"attachment-full size-full wp-post-image\" alt=\"\" srcset=\"https:\/\/www.autoclima.com\/wp-content\/uploads\/autoclima-modula-rt-slim-200x200.png 200w, https:\/\/www.autoclima.com\/wp-content\/uploads\/autoclima-modula-rt-slim-400x400.png 400w, https:\/\/www.autoclima.com\/wp-content\/uploads\/autoclima-modula-rt-slim.png 550w\" sizes=\"(min-width: 2200px) 100vw, (min-width: 1000px) 200px, (min-width: 928px) 240px, (min-width: 856px) 300px, (min-width: 784px) 400px, (min-width: 712px) 600px, (min-width: 640px) 712px, \" \/>\t\t\t<\/a>\n\t\t\t\t\t\t\t<\/div>\n<div class=\"fusion-portfolio-content\"><h2 class=\"entry-title fusion-post-title\"><a href=\"https:\/\/www.autoclima.com\/fr\/applicazioni\/modula-rt-rt-plus-2\/\">Modula RT - RT PLUS<\/a><\/h2><div class=\"fusion-post-content\"><\/div><\/div><\/div><\/article><article id=\"portfolio-1-post-18787\" class=\"fusion-portfolio-post vehicules-agricoles-et-de-terrassement bloc-electrique-12v-24v fusion-col-spacing post-18787\"><div class=\"fusion-portfolio-content-wrapper\" style=\"border:none;\"><span class=\"vcard rich-snippet-hidden\"><span class=\"fn\"><a href=\"https:\/\/www.autoclima.com\/fr\/author\/ioadv\/\" title=\"Articles par ioadv\" rel=\"author\">ioadv<\/a><\/span><\/span><span class=\"updated rich-snippet-hidden\">2026-04-29T11:56:41+02:00<\/span><div  class=\"fusion-image-wrapper\" aria-haspopup=\"true\">\n\t\t\t\t\t\t\t<a href=\"https:\/\/www.autoclima.com\/fr\/applicazioni\/modula-mk-2\/\" aria-label=\"Modula MK\">\n\t\t\t\t\t\t\t<img decoding=\"async\" width=\"550\" height=\"550\" src=\"https:\/\/www.autoclima.com\/wp-content\/uploads\/autoclima-modula-mk.png\" class=\"attachment-full size-full wp-post-image\" alt=\"\" srcset=\"https:\/\/www.autoclima.com\/wp-content\/uploads\/autoclima-modula-mk-200x200.png 200w, https:\/\/www.autoclima.com\/wp-content\/uploads\/autoclima-modula-mk-400x400.png 400w, https:\/\/www.autoclima.com\/wp-content\/uploads\/autoclima-modula-mk.png 550w\" sizes=\"(min-width: 2200px) 100vw, (min-width: 1000px) 200px, (min-width: 928px) 240px, (min-width: 856px) 300px, (min-width: 784px) 400px, (min-width: 712px) 600px, (min-width: 640px) 712px, \" \/>\t\t\t<\/a>\n\t\t\t\t\t\t\t<\/div>\n<div class=\"fusion-portfolio-content\"><h2 class=\"entry-title fusion-post-title\"><a href=\"https:\/\/www.autoclima.com\/fr\/applicazioni\/modula-mk-2\/\">Modula MK<\/a><\/h2><div class=\"fusion-post-content\"><\/div><\/div><\/div><\/article><article id=\"portfolio-1-post-18819\" class=\"fusion-portfolio-post vehicules-agricoles-et-de-terrassement bloc-electrique-12v-24v fusion-col-spacing post-18819\"><div class=\"fusion-portfolio-content-wrapper\" style=\"border:none;\"><span class=\"vcard rich-snippet-hidden\"><span class=\"fn\"><a href=\"https:\/\/www.autoclima.com\/fr\/author\/ioadv\/\" title=\"Articles par ioadv\" rel=\"author\">ioadv<\/a><\/span><\/span><span class=\"updated rich-snippet-hidden\">2026-04-29T11:57:00+02:00<\/span><div  class=\"fusion-image-wrapper\" aria-haspopup=\"true\">\n\t\t\t\t\t\t\t<a href=\"https:\/\/www.autoclima.com\/fr\/applicazioni\/modula-mc-2\/\" aria-label=\"Modula MC\">\n\t\t\t\t\t\t\t<img decoding=\"async\" width=\"550\" height=\"550\" src=\"https:\/\/www.autoclima.com\/wp-content\/uploads\/autoclima-modula-mc.png\" class=\"attachment-full size-full wp-post-image\" alt=\"\" srcset=\"https:\/\/www.autoclima.com\/wp-content\/uploads\/autoclima-modula-mc-200x200.png 200w, https:\/\/www.autoclima.com\/wp-content\/uploads\/autoclima-modula-mc-400x400.png 400w, https:\/\/www.autoclima.com\/wp-content\/uploads\/autoclima-modula-mc.png 550w\" sizes=\"(min-width: 2200px) 100vw, (min-width: 1000px) 200px, (min-width: 928px) 240px, (min-width: 856px) 300px, (min-width: 784px) 400px, (min-width: 712px) 600px, (min-width: 640px) 712px, \" \/>\t\t\t<\/a>\n\t\t\t\t\t\t\t<\/div>\n<div class=\"fusion-portfolio-content\"><h2 class=\"entry-title fusion-post-title\"><a href=\"https:\/\/www.autoclima.com\/fr\/applicazioni\/modula-mc-2\/\">Modula MC<\/a><\/h2><div class=\"fusion-post-content\"><\/div><\/div><\/div><\/article><article id=\"portfolio-1-post-19839\" class=\"fusion-portfolio-post vehicules-agricoles-et-de-terrassement bloc-electrique-12v-24v fusion-col-spacing post-19839\"><div class=\"fusion-portfolio-content-wrapper\" style=\"border:none;\"><span class=\"vcard rich-snippet-hidden\"><span class=\"fn\"><a href=\"https:\/\/www.autoclima.com\/fr\/author\/ioadv\/\" title=\"Articles par ioadv\" rel=\"author\">ioadv<\/a><\/span><\/span><span class=\"updated rich-snippet-hidden\">2026-04-29T12:20:10+02:00<\/span><div  class=\"fusion-image-wrapper\" aria-haspopup=\"true\">\n\t\t\t\t\t\t\t<a href=\"https:\/\/www.autoclima.com\/fr\/applicazioni\/modula-vertical-2\/\" aria-label=\"Modula Vertical\">\n\t\t\t\t\t\t\t<img decoding=\"async\" width=\"550\" height=\"550\" src=\"https:\/\/www.autoclima.com\/wp-content\/uploads\/autoclima-modula-vertical.png\" class=\"attachment-full size-full wp-post-image\" alt=\"\" srcset=\"https:\/\/www.autoclima.com\/wp-content\/uploads\/autoclima-modula-vertical-200x200.png 200w, https:\/\/www.autoclima.com\/wp-content\/uploads\/autoclima-modula-vertical-400x400.png 400w, https:\/\/www.autoclima.com\/wp-content\/uploads\/autoclima-modula-vertical.png 550w\" sizes=\"(min-width: 2200px) 100vw, (min-width: 1000px) 200px, (min-width: 928px) 240px, (min-width: 856px) 300px, (min-width: 784px) 400px, (min-width: 712px) 600px, (min-width: 640px) 712px, \" \/>\t\t\t<\/a>\n\t\t\t\t\t\t\t<\/div>\n<div class=\"fusion-portfolio-content\"><h2 class=\"entry-title fusion-post-title\"><a href=\"https:\/\/www.autoclima.com\/fr\/applicazioni\/modula-vertical-2\/\">Modula Vertical<\/a><\/h2><div class=\"fusion-post-content\"><\/div><\/div><\/div><\/article><article id=\"portfolio-1-post-19838\" class=\"fusion-portfolio-post vehicules-agricoles-et-de-terrassement bloc-electrique-12v-24v fusion-col-spacing post-19838\"><div class=\"fusion-portfolio-content-wrapper\" style=\"border:none;\"><span class=\"vcard rich-snippet-hidden\"><span class=\"fn\"><a href=\"https:\/\/www.autoclima.com\/fr\/author\/ioadv\/\" title=\"Articles par ioadv\" rel=\"author\">ioadv<\/a><\/span><\/span><span class=\"updated rich-snippet-hidden\">2026-04-29T12:20:09+02:00<\/span><div  class=\"fusion-image-wrapper\" aria-haspopup=\"true\">\n\t\t\t\t\t\t\t<a href=\"https:\/\/www.autoclima.com\/fr\/applicazioni\/modula-mk-sous-plancher-2\/\" aria-label=\"Modula MK Sous-plancher\">\n\t\t\t\t\t\t\t<img decoding=\"async\" width=\"550\" height=\"550\" src=\"https:\/\/www.autoclima.com\/wp-content\/uploads\/autoclima-Modula-Underfloor.png\" class=\"attachment-full size-full wp-post-image\" alt=\"\" srcset=\"https:\/\/www.autoclima.com\/wp-content\/uploads\/autoclima-Modula-Underfloor-200x200.png 200w, https:\/\/www.autoclima.com\/wp-content\/uploads\/autoclima-Modula-Underfloor-400x400.png 400w, https:\/\/www.autoclima.com\/wp-content\/uploads\/autoclima-Modula-Underfloor.png 550w\" sizes=\"(min-width: 2200px) 100vw, (min-width: 1000px) 200px, (min-width: 928px) 240px, (min-width: 856px) 300px, (min-width: 784px) 400px, (min-width: 712px) 600px, (min-width: 640px) 712px, \" \/>\t\t\t<\/a>\n\t\t\t\t\t\t\t<\/div>\n<div class=\"fusion-portfolio-content\"><h2 class=\"entry-title fusion-post-title\"><a href=\"https:\/\/www.autoclima.com\/fr\/applicazioni\/modula-mk-sous-plancher-2\/\">Modula MK Sous-plancher<\/a><\/h2><div class=\"fusion-post-content\"><\/div><\/div><\/div><\/article><article id=\"portfolio-1-post-18776\" class=\"fusion-portfolio-post vehicules-agricoles-et-de-terrassement groupes-de-toit-fr fusion-col-spacing post-18776\"><div class=\"fusion-portfolio-content-wrapper\" style=\"border:none;\"><span class=\"vcard rich-snippet-hidden\"><span class=\"fn\"><a href=\"https:\/\/www.autoclima.com\/fr\/author\/ioadv\/\" title=\"Articles par ioadv\" rel=\"author\">ioadv<\/a><\/span><\/span><span class=\"updated rich-snippet-hidden\">2026-04-29T11:56:52+02:00<\/span><div  class=\"fusion-image-wrapper\" aria-haspopup=\"true\">\n\t\t\t\t\t\t\t<a href=\"https:\/\/www.autoclima.com\/fr\/applicazioni\/rt-rth-40\/\" aria-label=\"RT\/RTH 40\">\n\t\t\t\t\t\t\t<img decoding=\"async\" width=\"550\" height=\"550\" src=\"https:\/\/www.autoclima.com\/wp-content\/uploads\/autoclima-rt-40.png\" class=\"attachment-full size-full wp-post-image\" alt=\"\" srcset=\"https:\/\/www.autoclima.com\/wp-content\/uploads\/autoclima-rt-40-200x200.png 200w, https:\/\/www.autoclima.com\/wp-content\/uploads\/autoclima-rt-40-400x400.png 400w, https:\/\/www.autoclima.com\/wp-content\/uploads\/autoclima-rt-40.png 550w\" sizes=\"(min-width: 2200px) 100vw, (min-width: 1000px) 200px, (min-width: 928px) 240px, (min-width: 856px) 300px, (min-width: 784px) 400px, (min-width: 712px) 600px, (min-width: 640px) 712px, \" \/>\t\t\t<\/a>\n\t\t\t\t\t\t\t<\/div>\n<div class=\"fusion-portfolio-content\"><h2 class=\"entry-title fusion-post-title\"><a href=\"https:\/\/www.autoclima.com\/fr\/applicazioni\/rt-rth-40\/\">RT\/RTH 40<\/a><\/h2><div class=\"fusion-post-content\"><\/div><\/div><\/div><\/article><article id=\"portfolio-1-post-18792\" class=\"fusion-portfolio-post groupes-de-toit-fr vehicules-agricoles-et-de-terrassement fusion-col-spacing post-18792\"><div class=\"fusion-portfolio-content-wrapper\" style=\"border:none;\"><span class=\"vcard rich-snippet-hidden\"><span class=\"fn\"><a href=\"https:\/\/www.autoclima.com\/fr\/author\/ioadv\/\" title=\"Articles par ioadv\" rel=\"author\">ioadv<\/a><\/span><\/span><span class=\"updated rich-snippet-hidden\">2026-04-29T11:56:44+02:00<\/span><div  class=\"fusion-image-wrapper\" aria-haspopup=\"true\">\n\t\t\t\t\t\t\t<a href=\"https:\/\/www.autoclima.com\/fr\/applicazioni\/rt-rth-70-2\/\" aria-label=\"RT\/RTH 70\">\n\t\t\t\t\t\t\t<img decoding=\"async\" width=\"550\" height=\"550\" src=\"https:\/\/www.autoclima.com\/wp-content\/uploads\/autoclima-RT70.png\" class=\"attachment-full size-full wp-post-image\" alt=\"\" srcset=\"https:\/\/www.autoclima.com\/wp-content\/uploads\/autoclima-RT70-200x200.png 200w, https:\/\/www.autoclima.com\/wp-content\/uploads\/autoclima-RT70-400x400.png 400w, https:\/\/www.autoclima.com\/wp-content\/uploads\/autoclima-RT70.png 550w\" sizes=\"(min-width: 2200px) 100vw, (min-width: 1000px) 200px, (min-width: 928px) 240px, (min-width: 856px) 300px, (min-width: 784px) 400px, (min-width: 712px) 600px, (min-width: 640px) 712px, \" \/>\t\t\t<\/a>\n\t\t\t\t\t\t\t<\/div>\n<div class=\"fusion-portfolio-content\"><h2 class=\"entry-title fusion-post-title\"><a href=\"https:\/\/www.autoclima.com\/fr\/applicazioni\/rt-rth-70-2\/\">RT\/RTH 70<\/a><\/h2><div class=\"fusion-post-content\"><\/div><\/div><\/div><\/article><article id=\"portfolio-1-post-18825\" class=\"fusion-portfolio-post vehicules-agricoles-et-de-terrassement evaporateurs-condenseurs fusion-col-spacing post-18825\"><div class=\"fusion-portfolio-content-wrapper\" style=\"border:none;\"><span class=\"vcard rich-snippet-hidden\"><span class=\"fn\"><a href=\"https:\/\/www.autoclima.com\/fr\/author\/ioadv\/\" title=\"Articles par ioadv\" rel=\"author\">ioadv<\/a><\/span><\/span><span class=\"updated rich-snippet-hidden\">2026-04-29T11:57:05+02:00<\/span><div  class=\"fusion-image-wrapper\" aria-haspopup=\"true\">\n\t\t\t\t\t\t\t<a href=\"https:\/\/www.autoclima.com\/fr\/applicazioni\/evaporateur-e-40-super-alaska-eh-40-elecsta\/\" aria-label=\"\u00c9vaporateur E 40 Super Alaska EH 40 Elecsta\">\n\t\t\t\t\t\t\t<img decoding=\"async\" width=\"550\" height=\"550\" src=\"https:\/\/www.autoclima.com\/wp-content\/uploads\/autoclima-e40.png\" class=\"attachment-full size-full wp-post-image\" alt=\"\" srcset=\"https:\/\/www.autoclima.com\/wp-content\/uploads\/autoclima-e40-200x200.png 200w, https:\/\/www.autoclima.com\/wp-content\/uploads\/autoclima-e40-400x400.png 400w, https:\/\/www.autoclima.com\/wp-content\/uploads\/autoclima-e40.png 550w\" sizes=\"(min-width: 2200px) 100vw, (min-width: 1000px) 200px, (min-width: 928px) 240px, (min-width: 856px) 300px, (min-width: 784px) 400px, (min-width: 712px) 600px, (min-width: 640px) 712px, \" \/>\t\t\t<\/a>\n\t\t\t\t\t\t\t<\/div>\n<div class=\"fusion-portfolio-content\"><h2 class=\"entry-title fusion-post-title\"><a href=\"https:\/\/www.autoclima.com\/fr\/applicazioni\/evaporateur-e-40-super-alaska-eh-40-elecsta\/\">\u00c9vaporateur E 40 Super Alaska EH 40 Elecsta<\/a><\/h2><div class=\"fusion-post-content\"><\/div><\/div><\/div><\/article><article id=\"portfolio-1-post-19481\" class=\"fusion-portfolio-post vehicules-agricoles-et-de-terrassement evaporateurs-condenseurs fusion-col-spacing post-19481\"><div class=\"fusion-portfolio-content-wrapper\" style=\"border:none;\"><span class=\"vcard rich-snippet-hidden\"><span class=\"fn\"><a href=\"https:\/\/www.autoclima.com\/fr\/author\/veronica-arato\/\" title=\"Articles par veronica.arato\" rel=\"author\">veronica.arato<\/a><\/span><\/span><span class=\"updated rich-snippet-hidden\">2026-04-29T12:05:29+02:00<\/span><div  class=\"fusion-image-wrapper\" aria-haspopup=\"true\">\n\t\t\t\t\t\t\t<a href=\"https:\/\/www.autoclima.com\/fr\/applicazioni\/ev-evh-40-1-evaporateur-vertical-a-haut-rendement-double-face\/\" aria-label=\"EV\/EVH 40\/1 \u00c9vaporateur vertical \u00e0 haut rendement - double face\">\n\t\t\t\t\t\t\t<img decoding=\"async\" width=\"2511\" height=\"2511\" src=\"https:\/\/www.autoclima.com\/wp-content\/uploads\/Ev401_TwoSides.png\" class=\"attachment-full size-full wp-post-image\" alt=\"\" srcset=\"https:\/\/www.autoclima.com\/wp-content\/uploads\/Ev401_TwoSides-200x200.png 200w, https:\/\/www.autoclima.com\/wp-content\/uploads\/Ev401_TwoSides-400x400.png 400w, https:\/\/www.autoclima.com\/wp-content\/uploads\/Ev401_TwoSides-600x600.png 600w, https:\/\/www.autoclima.com\/wp-content\/uploads\/Ev401_TwoSides-800x800.png 800w, https:\/\/www.autoclima.com\/wp-content\/uploads\/Ev401_TwoSides-1200x1200.png 1200w, https:\/\/www.autoclima.com\/wp-content\/uploads\/Ev401_TwoSides.png 2511w\" sizes=\"(min-width: 2200px) 100vw, (min-width: 1000px) 200px, (min-width: 928px) 240px, (min-width: 856px) 300px, (min-width: 784px) 400px, (min-width: 712px) 600px, (min-width: 640px) 712px, \" \/>\t\t\t<\/a>\n\t\t\t\t\t\t\t<\/div>\n<div class=\"fusion-portfolio-content\"><h2 class=\"entry-title fusion-post-title\"><a href=\"https:\/\/www.autoclima.com\/fr\/applicazioni\/ev-evh-40-1-evaporateur-vertical-a-haut-rendement-double-face\/\">EV\/EVH 40\/1 \u00c9vaporateur vertical \u00e0 haut rendement - double face<\/a><\/h2><div class=\"fusion-post-content\"><\/div><\/div><\/div><\/article><article id=\"portfolio-1-post-19457\" class=\"fusion-portfolio-post vehicules-agricoles-et-de-terrassement evaporateurs-condenseurs fusion-col-spacing post-19457\"><div class=\"fusion-portfolio-content-wrapper\" style=\"border:none;\"><span class=\"vcard rich-snippet-hidden\"><span class=\"fn\"><a href=\"https:\/\/www.autoclima.com\/fr\/author\/veronica-arato\/\" title=\"Articles par veronica.arato\" rel=\"author\">veronica.arato<\/a><\/span><\/span><span class=\"updated rich-snippet-hidden\">2026-04-29T12:05:11+02:00<\/span><div  class=\"fusion-image-wrapper\" aria-haspopup=\"true\">\n\t\t\t\t\t\t\t<a href=\"https:\/\/www.autoclima.com\/fr\/applicazioni\/ev-evh-40-1-evaporateur-mural-vertical-a-usage-intensif\/\" aria-label=\"EV\/EVH 40\/1 \u00c9vaporateur mural vertical \u00e0 usage intensif\">\n\t\t\t\t\t\t\t<img decoding=\"async\" width=\"2511\" height=\"2511\" src=\"https:\/\/www.autoclima.com\/wp-content\/uploads\/EV401_Vertical-e1682519349799.png\" class=\"attachment-full size-full wp-post-image\" alt=\"\" \/>\t\t\t<\/a>\n\t\t\t\t\t\t\t<\/div>\n<div class=\"fusion-portfolio-content\"><h2 class=\"entry-title fusion-post-title\"><a href=\"https:\/\/www.autoclima.com\/fr\/applicazioni\/ev-evh-40-1-evaporateur-mural-vertical-a-usage-intensif\/\">EV\/EVH 40\/1 \u00c9vaporateur mural vertical \u00e0 usage intensif<\/a><\/h2><div class=\"fusion-post-content\"><\/div><\/div><\/div><\/article><article id=\"portfolio-1-post-19191\" class=\"fusion-portfolio-post vehicules-agricoles-et-de-terrassement evaporateurs-condenseurs fusion-col-spacing post-19191\"><div class=\"fusion-portfolio-content-wrapper\" style=\"border:none;\"><span class=\"vcard rich-snippet-hidden\"><span class=\"fn\"><a href=\"https:\/\/www.autoclima.com\/fr\/author\/ioadv\/\" title=\"Articles par ioadv\" rel=\"author\">ioadv<\/a><\/span><\/span><span class=\"updated rich-snippet-hidden\">2026-04-29T12:01:56+02:00<\/span><div  class=\"fusion-image-wrapper\" aria-haspopup=\"true\">\n\t\t\t\t\t\t\t<a href=\"https:\/\/www.autoclima.com\/fr\/applicazioni\/ev-evh-40-3-evaporateur-vertical-mural\/\" aria-label=\"EV\/EVH 40\/3 \u00c9vaporateur vertical mural\">\n\t\t\t\t\t\t\t<img decoding=\"async\" width=\"550\" height=\"550\" src=\"https:\/\/www.autoclima.com\/wp-content\/uploads\/autoclima-EV40-3-Vertical-parete.png\" class=\"attachment-full size-full wp-post-image\" alt=\"\" srcset=\"https:\/\/www.autoclima.com\/wp-content\/uploads\/autoclima-EV40-3-Vertical-parete-200x200.png 200w, https:\/\/www.autoclima.com\/wp-content\/uploads\/autoclima-EV40-3-Vertical-parete-400x400.png 400w, https:\/\/www.autoclima.com\/wp-content\/uploads\/autoclima-EV40-3-Vertical-parete.png 550w\" sizes=\"(min-width: 2200px) 100vw, (min-width: 1000px) 200px, (min-width: 928px) 240px, (min-width: 856px) 300px, (min-width: 784px) 400px, (min-width: 712px) 600px, (min-width: 640px) 712px, \" \/>\t\t\t<\/a>\n\t\t\t\t\t\t\t<\/div>\n<div class=\"fusion-portfolio-content\"><h2 class=\"entry-title fusion-post-title\"><a href=\"https:\/\/www.autoclima.com\/fr\/applicazioni\/ev-evh-40-3-evaporateur-vertical-mural\/\">EV\/EVH 40\/3 \u00c9vaporateur vertical mural<\/a><\/h2><div class=\"fusion-post-content\"><\/div><\/div><\/div><\/article><article id=\"portfolio-1-post-18760\" class=\"fusion-portfolio-post vehicules-agricoles-et-de-terrassement evaporateurs-condenseurs fusion-col-spacing post-18760\"><div class=\"fusion-portfolio-content-wrapper\" style=\"border:none;\"><span class=\"vcard rich-snippet-hidden\"><span class=\"fn\"><a href=\"https:\/\/www.autoclima.com\/fr\/author\/ioadv\/\" title=\"Articles par ioadv\" rel=\"author\">ioadv<\/a><\/span><\/span><span class=\"updated rich-snippet-hidden\">2026-04-29T11:56:12+02:00<\/span><div  class=\"fusion-image-wrapper\" aria-haspopup=\"true\">\n\t\t\t\t\t\t\t<a href=\"https:\/\/www.autoclima.com\/fr\/applicazioni\/ev-evh-40-3-evaporateur-central-vertical-2\/\" aria-label=\"EV\/EVH 40\/3 \u00c9vaporateur central vertical\">\n\t\t\t\t\t\t\t<img decoding=\"async\" width=\"550\" height=\"550\" src=\"https:\/\/www.autoclima.com\/wp-content\/uploads\/autoclima-EV40-3-vertical-centrale.png\" class=\"attachment-full size-full wp-post-image\" alt=\"\" srcset=\"https:\/\/www.autoclima.com\/wp-content\/uploads\/autoclima-EV40-3-vertical-centrale-200x200.png 200w, https:\/\/www.autoclima.com\/wp-content\/uploads\/autoclima-EV40-3-vertical-centrale-400x400.png 400w, https:\/\/www.autoclima.com\/wp-content\/uploads\/autoclima-EV40-3-vertical-centrale.png 550w\" sizes=\"(min-width: 2200px) 100vw, (min-width: 1000px) 200px, (min-width: 928px) 240px, (min-width: 856px) 300px, (min-width: 784px) 400px, (min-width: 712px) 600px, (min-width: 640px) 712px, \" \/>\t\t\t<\/a>\n\t\t\t\t\t\t\t<\/div>\n<div class=\"fusion-portfolio-content\"><h2 class=\"entry-title fusion-post-title\"><a href=\"https:\/\/www.autoclima.com\/fr\/applicazioni\/ev-evh-40-3-evaporateur-central-vertical-2\/\">EV\/EVH 40\/3 \u00c9vaporateur central vertical<\/a><\/h2><div class=\"fusion-post-content\"><\/div><\/div><\/div><\/article><article id=\"portfolio-1-post-20109\" class=\"fusion-portfolio-post vehicules-agricoles-et-de-terrassement evaporateurs-condenseurs fusion-col-spacing post-20109\"><div class=\"fusion-portfolio-content-wrapper\" style=\"border:none;\"><span class=\"vcard rich-snippet-hidden\"><span class=\"fn\"><a href=\"https:\/\/www.autoclima.com\/fr\/author\/ioadv\/\" title=\"Articles par ioadv\" rel=\"author\">ioadv<\/a><\/span><\/span><span class=\"updated rich-snippet-hidden\">2026-04-29T12:25:53+02:00<\/span><div  class=\"fusion-image-wrapper\" aria-haspopup=\"true\">\n\t\t\t\t\t\t\t<a href=\"https:\/\/www.autoclima.com\/fr\/applicazioni\/evaporateur-e-eh-60\/\" aria-label=\"\u00c9vaporateur E\/EH 60\">\n\t\t\t\t\t\t\t<img decoding=\"async\" width=\"550\" height=\"550\" src=\"https:\/\/www.autoclima.com\/wp-content\/uploads\/autoclima-E60.png\" class=\"attachment-full size-full wp-post-image\" alt=\"\" srcset=\"https:\/\/www.autoclima.com\/wp-content\/uploads\/autoclima-E60-200x200.png 200w, https:\/\/www.autoclima.com\/wp-content\/uploads\/autoclima-E60-400x400.png 400w, https:\/\/www.autoclima.com\/wp-content\/uploads\/autoclima-E60.png 550w\" sizes=\"(min-width: 2200px) 100vw, (min-width: 1000px) 200px, (min-width: 928px) 240px, (min-width: 856px) 300px, (min-width: 784px) 400px, (min-width: 712px) 600px, (min-width: 640px) 712px, \" \/>\t\t\t<\/a>\n\t\t\t\t\t\t\t<\/div>\n<div class=\"fusion-portfolio-content\"><h2 class=\"entry-title fusion-post-title\"><a href=\"https:\/\/www.autoclima.com\/fr\/applicazioni\/evaporateur-e-eh-60\/\">\u00c9vaporateur E\/EH 60<\/a><\/h2><div class=\"fusion-post-content\"><\/div><\/div><\/div><\/article><article id=\"portfolio-1-post-19169\" class=\"fusion-portfolio-post vehicules-agricoles-et-de-terrassement evaporateurs-condenseurs fusion-col-spacing post-19169\"><div class=\"fusion-portfolio-content-wrapper\" style=\"border:none;\"><span class=\"vcard rich-snippet-hidden\"><span class=\"fn\"><a href=\"https:\/\/www.autoclima.com\/fr\/author\/veronica-arato\/\" title=\"Articles par veronica.arato\" rel=\"author\">veronica.arato<\/a><\/span><\/span><span class=\"updated rich-snippet-hidden\">2026-04-29T12:01:25+02:00<\/span><div  class=\"fusion-image-wrapper\" aria-haspopup=\"true\">\n\t\t\t\t\t\t\t<a href=\"https:\/\/www.autoclima.com\/fr\/applicazioni\/condensateur-k-20-2\/\" aria-label=\"Condensateur K 20\">\n\t\t\t\t\t\t\t<img decoding=\"async\" width=\"1172\" height=\"1181\" src=\"https:\/\/www.autoclima.com\/wp-content\/uploads\/K20-e1682062512556.png\" class=\"attachment-full size-full wp-post-image\" alt=\"\" \/>\t\t\t<\/a>\n\t\t\t\t\t\t\t<\/div>\n<div class=\"fusion-portfolio-content\"><h2 class=\"entry-title fusion-post-title\"><a href=\"https:\/\/www.autoclima.com\/fr\/applicazioni\/condensateur-k-20-2\/\">Condensateur K 20<\/a><\/h2><div class=\"fusion-post-content\"><\/div><\/div><\/div><\/article><article id=\"portfolio-1-post-19262\" class=\"fusion-portfolio-post vehicules-agricoles-et-de-terrassement evaporateurs-condenseurs fusion-col-spacing post-19262\"><div class=\"fusion-portfolio-content-wrapper\" style=\"border:none;\"><span class=\"vcard rich-snippet-hidden\"><span class=\"fn\"><a href=\"https:\/\/www.autoclima.com\/fr\/author\/veronica-arato\/\" title=\"Articles par veronica.arato\" rel=\"author\">veronica.arato<\/a><\/span><\/span><span class=\"updated rich-snippet-hidden\">2026-04-29T12:03:00+02:00<\/span><div  class=\"fusion-image-wrapper\" aria-haspopup=\"true\">\n\t\t\t\t\t\t\t<a href=\"https:\/\/www.autoclima.com\/fr\/applicazioni\/condensateur-k-32-2\/\" aria-label=\"Condensateur K 32\">\n\t\t\t\t\t\t\t<img decoding=\"async\" width=\"733\" height=\"573\" src=\"https:\/\/www.autoclima.com\/wp-content\/uploads\/Cond.-K32-e1682001007672.png\" class=\"attachment-full size-full wp-post-image\" alt=\"\" \/>\t\t\t<\/a>\n\t\t\t\t\t\t\t<\/div>\n<div class=\"fusion-portfolio-content\"><h2 class=\"entry-title fusion-post-title\"><a href=\"https:\/\/www.autoclima.com\/fr\/applicazioni\/condensateur-k-32-2\/\">Condensateur K 32<\/a><\/h2><div class=\"fusion-post-content\"><\/div><\/div><\/div><\/article><article id=\"portfolio-1-post-18779\" class=\"fusion-portfolio-post vehicules-agricoles-et-de-terrassement evaporateurs-condenseurs fusion-col-spacing post-18779\"><div class=\"fusion-portfolio-content-wrapper\" style=\"border:none;\"><span class=\"vcard rich-snippet-hidden\"><span class=\"fn\"><a href=\"https:\/\/www.autoclima.com\/fr\/author\/ioadv\/\" title=\"Articles par ioadv\" rel=\"author\">ioadv<\/a><\/span><\/span><span class=\"updated rich-snippet-hidden\">2026-04-29T11:56:33+02:00<\/span><div  class=\"fusion-image-wrapper\" aria-haspopup=\"true\">\n\t\t\t\t\t\t\t<a href=\"https:\/\/www.autoclima.com\/fr\/applicazioni\/k-36-condensateur\/\" aria-label=\"K 36 condensateur\">\n\t\t\t\t\t\t\t<img decoding=\"async\" width=\"550\" height=\"550\" src=\"https:\/\/www.autoclima.com\/wp-content\/uploads\/autoclima-k-36.png\" class=\"attachment-full size-full wp-post-image\" alt=\"\" srcset=\"https:\/\/www.autoclima.com\/wp-content\/uploads\/autoclima-k-36-200x200.png 200w, https:\/\/www.autoclima.com\/wp-content\/uploads\/autoclima-k-36-400x400.png 400w, https:\/\/www.autoclima.com\/wp-content\/uploads\/autoclima-k-36.png 550w\" sizes=\"(min-width: 2200px) 100vw, (min-width: 1000px) 200px, (min-width: 928px) 240px, (min-width: 856px) 300px, (min-width: 784px) 400px, (min-width: 712px) 600px, (min-width: 640px) 712px, \" \/>\t\t\t<\/a>\n\t\t\t\t\t\t\t<\/div>\n<div class=\"fusion-portfolio-content\"><h2 class=\"entry-title fusion-post-title\"><a href=\"https:\/\/www.autoclima.com\/fr\/applicazioni\/k-36-condensateur\/\">K 36 condensateur<\/a><\/h2><div class=\"fusion-post-content\"><\/div><\/div><\/div><\/article><article id=\"portfolio-1-post-20574\" class=\"fusion-portfolio-post vehicules-agricoles-et-de-terrassement evaporateurs-condenseurs fusion-col-spacing post-20574\"><div class=\"fusion-portfolio-content-wrapper\" style=\"border:none;\"><span class=\"vcard rich-snippet-hidden\"><span class=\"fn\"><a href=\"https:\/\/www.autoclima.com\/fr\/author\/veronica-arato\/\" title=\"Articles par veronica.arato\" rel=\"author\">veronica.arato<\/a><\/span><\/span><span class=\"updated rich-snippet-hidden\">2026-04-29T17:08:17+02:00<\/span><div  class=\"fusion-image-wrapper\" aria-haspopup=\"true\">\n\t\t\t\t\t\t\t<a href=\"https:\/\/www.autoclima.com\/fr\/applicazioni\/condensateur-k-40-3\/\" aria-label=\"Condensateur K 40\">\n\t\t\t\t\t\t\t<img decoding=\"async\" width=\"550\" height=\"550\" src=\"https:\/\/www.autoclima.com\/wp-content\/uploads\/autoclima-K40.png\" class=\"attachment-full size-full wp-post-image\" alt=\"\" srcset=\"https:\/\/www.autoclima.com\/wp-content\/uploads\/autoclima-K40-200x200.png 200w, https:\/\/www.autoclima.com\/wp-content\/uploads\/autoclima-K40-400x400.png 400w, https:\/\/www.autoclima.com\/wp-content\/uploads\/autoclima-K40.png 550w\" sizes=\"(min-width: 2200px) 100vw, (min-width: 1000px) 200px, (min-width: 928px) 240px, (min-width: 856px) 300px, (min-width: 784px) 400px, (min-width: 712px) 600px, (min-width: 640px) 712px, \" \/>\t\t\t<\/a>\n\t\t\t\t\t\t\t<\/div>\n<div class=\"fusion-portfolio-content\"><h2 class=\"entry-title fusion-post-title\"><a href=\"https:\/\/www.autoclima.com\/fr\/applicazioni\/condensateur-k-40-3\/\">Condensateur K 40<\/a><\/h2><div class=\"fusion-post-content\"><\/div><\/div><\/div><\/article><article id=\"portfolio-1-post-19178\" class=\"fusion-portfolio-post vehicules-agricoles-et-de-terrassement evaporateurs-condenseurs fusion-col-spacing post-19178\"><div class=\"fusion-portfolio-content-wrapper\" style=\"border:none;\"><span class=\"vcard rich-snippet-hidden\"><span class=\"fn\"><a href=\"https:\/\/www.autoclima.com\/fr\/author\/veronica-arato\/\" title=\"Articles par veronica.arato\" rel=\"author\">veronica.arato<\/a><\/span><\/span><span class=\"updated rich-snippet-hidden\">2026-04-29T12:01:42+02:00<\/span><div  class=\"fusion-image-wrapper\" aria-haspopup=\"true\">\n\t\t\t\t\t\t\t<a href=\"https:\/\/www.autoclima.com\/fr\/applicazioni\/condensateur-k-50-2\/\" aria-label=\"Condensateur K 50\">\n\t\t\t\t\t\t\t<img decoding=\"async\" width=\"881\" height=\"609\" src=\"https:\/\/www.autoclima.com\/wp-content\/uploads\/Cond.-K50-1-e1682061307429.png\" class=\"attachment-full size-full wp-post-image\" alt=\"\" \/>\t\t\t<\/a>\n\t\t\t\t\t\t\t<\/div>\n<div class=\"fusion-portfolio-content\"><h2 class=\"entry-title fusion-post-title\"><a href=\"https:\/\/www.autoclima.com\/fr\/applicazioni\/condensateur-k-50-2\/\">Condensateur K 50<\/a><\/h2><div class=\"fusion-post-content\"><\/div><\/div><\/div><\/article><article id=\"portfolio-1-post-19255\" class=\"fusion-portfolio-post vehicules-agricoles-et-de-terrassement evaporateurs-condenseurs fusion-col-spacing post-19255\"><div class=\"fusion-portfolio-content-wrapper\" style=\"border:none;\"><span class=\"vcard rich-snippet-hidden\"><span class=\"fn\"><a href=\"https:\/\/www.autoclima.com\/fr\/author\/veronica-arato\/\" title=\"Articles par veronica.arato\" rel=\"author\">veronica.arato<\/a><\/span><\/span><span class=\"updated rich-snippet-hidden\">2026-04-29T12:02:53+02:00<\/span><div  class=\"fusion-image-wrapper\" aria-haspopup=\"true\">\n\t\t\t\t\t\t\t<a href=\"https:\/\/www.autoclima.com\/fr\/applicazioni\/condensateur-k-60-2\/\" aria-label=\"Condensateur K 60\">\n\t\t\t\t\t\t\t<img decoding=\"async\" width=\"550\" height=\"550\" src=\"https:\/\/www.autoclima.com\/wp-content\/uploads\/autoclima-K60.png\" class=\"attachment-full size-full wp-post-image\" alt=\"\" srcset=\"https:\/\/www.autoclima.com\/wp-content\/uploads\/autoclima-K60-200x200.png 200w, https:\/\/www.autoclima.com\/wp-content\/uploads\/autoclima-K60-400x400.png 400w, https:\/\/www.autoclima.com\/wp-content\/uploads\/autoclima-K60.png 550w\" sizes=\"(min-width: 2200px) 100vw, (min-width: 1000px) 200px, (min-width: 928px) 240px, (min-width: 856px) 300px, (min-width: 784px) 400px, (min-width: 712px) 600px, (min-width: 640px) 712px, \" \/>\t\t\t<\/a>\n\t\t\t\t\t\t\t<\/div>\n<div class=\"fusion-portfolio-content\"><h2 class=\"entry-title fusion-post-title\"><a href=\"https:\/\/www.autoclima.com\/fr\/applicazioni\/condensateur-k-60-2\/\">Condensateur K 60<\/a><\/h2><div class=\"fusion-post-content\"><\/div><\/div><\/div><\/article><article id=\"portfolio-1-post-20438\" class=\"fusion-portfolio-post vehicules-agricoles-et-de-terrassement evaporateurs-condenseurs fusion-col-spacing post-20438\"><div class=\"fusion-portfolio-content-wrapper\" style=\"border:none;\"><span class=\"vcard rich-snippet-hidden\"><span class=\"fn\"><a href=\"https:\/\/www.autoclima.com\/fr\/author\/veronica-arato\/\" title=\"Articles par veronica.arato\" rel=\"author\">veronica.arato<\/a><\/span><\/span><span class=\"updated rich-snippet-hidden\">2026-04-29T12:36:12+02:00<\/span><div  class=\"fusion-image-wrapper\" aria-haspopup=\"true\">\n\t\t\t\t\t\t\t<a href=\"https:\/\/www.autoclima.com\/fr\/applicazioni\/condensateur-kt-46-2\/\" aria-label=\"Condensateur KT 46\">\n\t\t\t\t\t\t\t<img decoding=\"async\" width=\"3043\" height=\"1750\" src=\"https:\/\/www.autoclima.com\/wp-content\/uploads\/KT-46-2-e1682512384926.png\" class=\"attachment-full size-full wp-post-image\" alt=\"\" \/>\t\t\t<\/a>\n\t\t\t\t\t\t\t<\/div>\n<div class=\"fusion-portfolio-content\"><h2 class=\"entry-title fusion-post-title\"><a href=\"https:\/\/www.autoclima.com\/fr\/applicazioni\/condensateur-kt-46-2\/\">Condensateur KT 46<\/a><\/h2><div class=\"fusion-post-content\"><\/div><\/div><\/div><\/article><article id=\"portfolio-1-post-20412\" class=\"fusion-portfolio-post vehicules-agricoles-et-de-terrassement evaporateurs-condenseurs fusion-col-spacing post-20412\"><div class=\"fusion-portfolio-content-wrapper\" style=\"border:none;\"><span class=\"vcard rich-snippet-hidden\"><span class=\"fn\"><a href=\"https:\/\/www.autoclima.com\/fr\/author\/veronica-arato\/\" title=\"Articles par veronica.arato\" rel=\"author\">veronica.arato<\/a><\/span><\/span><span class=\"updated rich-snippet-hidden\">2026-04-29T12:35:34+02:00<\/span><div  class=\"fusion-image-wrapper\" aria-haspopup=\"true\">\n\t\t\t\t\t\t\t<a href=\"https:\/\/www.autoclima.com\/fr\/applicazioni\/condensateur-kt-55-2\/\" aria-label=\"Condensateur KT 55\">\n\t\t\t\t\t\t\t<img decoding=\"async\" width=\"3199\" height=\"1796\" src=\"https:\/\/www.autoclima.com\/wp-content\/uploads\/KT55-e1682504662142.png\" class=\"attachment-full size-full wp-post-image\" alt=\"\" \/>\t\t\t<\/a>\n\t\t\t\t\t\t\t<\/div>\n<div class=\"fusion-portfolio-content\"><h2 class=\"entry-title fusion-post-title\"><a href=\"https:\/\/www.autoclima.com\/fr\/applicazioni\/condensateur-kt-55-2\/\">Condensateur KT 55<\/a><\/h2><div class=\"fusion-post-content\"><\/div><\/div><\/div><\/article><article id=\"portfolio-1-post-20123\" class=\"fusion-portfolio-post vehicules-agricoles-et-de-terrassement evaporateurs-condenseurs fusion-col-spacing post-20123\"><div class=\"fusion-portfolio-content-wrapper\" style=\"border:none;\"><span class=\"vcard rich-snippet-hidden\"><span class=\"fn\"><a href=\"https:\/\/www.autoclima.com\/fr\/author\/ioadv\/\" title=\"Articles par ioadv\" rel=\"author\">ioadv<\/a><\/span><\/span><span class=\"updated rich-snippet-hidden\">2026-04-29T12:26:11+02:00<\/span><div  class=\"fusion-image-wrapper\" aria-haspopup=\"true\">\n\t\t\t\t\t\t\t<a href=\"https:\/\/www.autoclima.com\/fr\/applicazioni\/condensateur-kt-75-3\/\" aria-label=\"Condensateur KT 75\">\n\t\t\t\t\t\t\t<img decoding=\"async\" width=\"550\" height=\"550\" src=\"https:\/\/www.autoclima.com\/wp-content\/uploads\/autoclima-KT75.png\" class=\"attachment-full size-full wp-post-image\" alt=\"\" srcset=\"https:\/\/www.autoclima.com\/wp-content\/uploads\/autoclima-KT75-200x200.png 200w, https:\/\/www.autoclima.com\/wp-content\/uploads\/autoclima-KT75-400x400.png 400w, https:\/\/www.autoclima.com\/wp-content\/uploads\/autoclima-KT75.png 550w\" sizes=\"(min-width: 2200px) 100vw, (min-width: 1000px) 200px, (min-width: 928px) 240px, (min-width: 856px) 300px, (min-width: 784px) 400px, (min-width: 712px) 600px, (min-width: 640px) 712px, \" \/>\t\t\t<\/a>\n\t\t\t\t\t\t\t<\/div>\n<div class=\"fusion-portfolio-content\"><h2 class=\"entry-title fusion-post-title\"><a href=\"https:\/\/www.autoclima.com\/fr\/applicazioni\/condensateur-kt-75-3\/\">Condensateur KT 75<\/a><\/h2><div class=\"fusion-post-content\"><\/div><\/div><\/div><\/article><article id=\"portfolio-1-post-20279\" class=\"fusion-portfolio-post vehicules-agricoles-et-de-terrassement accessoires fusion-col-spacing post-20279\"><div class=\"fusion-portfolio-content-wrapper\" style=\"border:none;\"><span class=\"vcard rich-snippet-hidden\"><span class=\"fn\"><a href=\"https:\/\/www.autoclima.com\/fr\/author\/veronica-arato\/\" title=\"Articles par veronica.arato\" rel=\"author\">veronica.arato<\/a><\/span><\/span><span class=\"updated rich-snippet-hidden\">2026-04-29T12:33:50+02:00<\/span><div  class=\"fusion-image-wrapper\" aria-haspopup=\"true\">\n\t\t\t\t\t\t\t<a href=\"https:\/\/www.autoclima.com\/fr\/applicazioni\/front-ev-evh-40-1-heavy-duty-deux-cotes-2\/\" aria-label=\"Front EV\/EVH 40\/1 Heavy Duty deux c\u00f4t\u00e9s\">\n\t\t\t\t\t\t\t<img decoding=\"async\" width=\"1953\" height=\"1278\" src=\"https:\/\/www.autoclima.com\/wp-content\/uploads\/2027082278_OK-e1687166561781.png\" class=\"attachment-full size-full wp-post-image\" alt=\"\" \/>\t\t\t<\/a>\n\t\t\t\t\t\t\t<\/div>\n<div class=\"fusion-portfolio-content\"><h2 class=\"entry-title fusion-post-title\"><a href=\"https:\/\/www.autoclima.com\/fr\/applicazioni\/front-ev-evh-40-1-heavy-duty-deux-cotes-2\/\">Front EV\/EVH 40\/1 Heavy Duty deux c\u00f4t\u00e9s<\/a><\/h2><div class=\"fusion-post-content\"><\/div><\/div><\/div><\/article><article id=\"portfolio-1-post-20270\" class=\"fusion-portfolio-post vehicules-agricoles-et-de-terrassement accessoires fusion-col-spacing post-20270\"><div class=\"fusion-portfolio-content-wrapper\" style=\"border:none;\"><span class=\"vcard rich-snippet-hidden\"><span class=\"fn\"><a href=\"https:\/\/www.autoclima.com\/fr\/author\/veronica-arato\/\" title=\"Articles par veronica.arato\" rel=\"author\">veronica.arato<\/a><\/span><\/span><span class=\"updated rich-snippet-hidden\">2026-04-29T12:33:46+02:00<\/span><div  class=\"fusion-image-wrapper\" aria-haspopup=\"true\">\n\t\t\t\t\t\t\t<a href=\"https:\/\/www.autoclima.com\/fr\/applicazioni\/panneau-frontal-ev-evh-40-1-montage-mural-heavy-duty-2\/\" aria-label=\"Panneau frontal EV\/EVH 40\/1 Montage mural Heavy Duty\">\n\t\t\t\t\t\t\t<img decoding=\"async\" width=\"1666\" height=\"1245\" src=\"https:\/\/www.autoclima.com\/wp-content\/uploads\/2027082107_2-e1687165443777.png\" class=\"attachment-full size-full wp-post-image\" alt=\"\" \/>\t\t\t<\/a>\n\t\t\t\t\t\t\t<\/div>\n<div class=\"fusion-portfolio-content\"><h2 class=\"entry-title fusion-post-title\"><a href=\"https:\/\/www.autoclima.com\/fr\/applicazioni\/panneau-frontal-ev-evh-40-1-montage-mural-heavy-duty-2\/\">Panneau frontal EV\/EVH 40\/1 Montage mural Heavy Duty<\/a><\/h2><div class=\"fusion-post-content\"><\/div><\/div><\/div><\/article><article id=\"portfolio-1-post-19470\" class=\"fusion-portfolio-post vehicules-agricoles-et-de-terrassement accessoires fusion-col-spacing post-19470\"><div class=\"fusion-portfolio-content-wrapper\" style=\"border:none;\"><span class=\"vcard rich-snippet-hidden\"><span class=\"fn\"><a href=\"https:\/\/www.autoclima.com\/fr\/author\/ioadv\/\" title=\"Articles par ioadv\" rel=\"author\">ioadv<\/a><\/span><\/span><span class=\"updated rich-snippet-hidden\">2026-04-29T12:05:19+02:00<\/span><div  class=\"fusion-image-wrapper\" aria-haspopup=\"true\">\n\t\t\t\t\t\t\t<a href=\"https:\/\/www.autoclima.com\/fr\/applicazioni\/gamme-de-commandes-2\/\" aria-label=\"Gamme de commandes\">\n\t\t\t\t\t\t\t<img decoding=\"async\" width=\"550\" height=\"550\" src=\"https:\/\/www.autoclima.com\/wp-content\/uploads\/autoclima-comandi.png\" class=\"attachment-full size-full wp-post-image\" alt=\"\" srcset=\"https:\/\/www.autoclima.com\/wp-content\/uploads\/autoclima-comandi-200x200.png 200w, https:\/\/www.autoclima.com\/wp-content\/uploads\/autoclima-comandi-400x400.png 400w, https:\/\/www.autoclima.com\/wp-content\/uploads\/autoclima-comandi.png 550w\" sizes=\"(min-width: 2200px) 100vw, (min-width: 1000px) 200px, (min-width: 928px) 240px, (min-width: 856px) 300px, (min-width: 784px) 400px, (min-width: 712px) 600px, (min-width: 640px) 712px, \" \/>\t\t\t<\/a>\n\t\t\t\t\t\t\t<\/div>\n<div class=\"fusion-portfolio-content\"><h2 class=\"entry-title fusion-post-title\"><a href=\"https:\/\/www.autoclima.com\/fr\/applicazioni\/gamme-de-commandes-2\/\">Gamme de commandes<\/a><\/h2><div class=\"fusion-post-content\"><\/div><\/div><\/div><\/article><article id=\"portfolio-1-post-19487\" class=\"fusion-portfolio-post vehicules-agricoles-et-de-terrassement groupes-hydrauliques fusion-col-spacing post-19487\"><div class=\"fusion-portfolio-content-wrapper\" style=\"border:none;\"><span class=\"vcard rich-snippet-hidden\"><span class=\"fn\"><a href=\"https:\/\/www.autoclima.com\/fr\/author\/ioadv\/\" title=\"Articles par ioadv\" rel=\"author\">ioadv<\/a><\/span><\/span><span class=\"updated rich-snippet-hidden\">2026-04-29T12:05:39+02:00<\/span><div  class=\"fusion-image-wrapper\" aria-haspopup=\"true\">\n\t\t\t\t\t\t\t<a href=\"https:\/\/www.autoclima.com\/fr\/applicazioni\/unite-hydraulique-2\/\" aria-label=\"Unit\u00e9 hydraulique\">\n\t\t\t\t\t\t\t<img decoding=\"async\" width=\"575\" height=\"434\" src=\"https:\/\/www.autoclima.com\/wp-content\/uploads\/Gruppo_idraulico-removebg-preview-e1682072178893.png\" class=\"attachment-full size-full wp-post-image\" alt=\"\" \/>\t\t\t<\/a>\n\t\t\t\t\t\t\t<\/div>\n<div class=\"fusion-portfolio-content\"><h2 class=\"entry-title fusion-post-title\"><a href=\"https:\/\/www.autoclima.com\/fr\/applicazioni\/unite-hydraulique-2\/\">Unit\u00e9 hydraulique<\/a><\/h2><div class=\"fusion-post-content\"><\/div><\/div><\/div><\/article><\/div><\/div><\/div><\/div><\/div><\/div><div class=\"fusion-fullwidth fullwidth-box fusion-builder-row-4 fusion-flex-container nonhundred-percent-fullwidth non-hundred-percent-height-scrolling features-list-disabled\" style=\"--awb-border-radius-top-left:0px;--awb-border-radius-top-right:0px;--awb-border-radius-bottom-right:0px;--awb-border-radius-bottom-left:0px;--awb-padding-top:200px;--awb-padding-bottom:60px;--awb-margin-top:-157px;--awb-background-color:#e7f0fa;--awb-flex-wrap:wrap;\" ><div class=\"fusion-builder-row fusion-row fusion-flex-align-items-flex-start fusion-flex-content-wrap\" style=\"max-width:1248px;margin-left: calc(-4% \/ 2 );margin-right: calc(-4% \/ 2 );\"><div class=\"fusion-layout-column fusion_builder_column fusion-builder-column-6 fusion_builder_column_1_5 1_5 fusion-flex-column fusion-no-small-visibility fusion-no-medium-visibility\" style=\"--awb-bg-size:cover;--awb-width-large:20%;--awb-margin-top-large:0px;--awb-spacing-right-large:9.6%;--awb-margin-bottom-large:20px;--awb-spacing-left-large:9.6%;--awb-width-medium:20%;--awb-order-medium:0;--awb-spacing-right-medium:9.6%;--awb-spacing-left-medium:9.6%;--awb-width-small:100%;--awb-order-small:0;--awb-spacing-right-small:1.92%;--awb-spacing-left-small:1.92%;\"><div class=\"fusion-column-wrapper fusion-column-has-shadow fusion-flex-justify-content-flex-start fusion-content-layout-column\"><\/div><\/div><div class=\"fusion-layout-column fusion_builder_column fusion-builder-column-7 fusion_builder_column_3_5 3_5 fusion-flex-column fusion-animated\" style=\"--awb-bg-size:cover;--awb-width-large:60%;--awb-margin-top-large:0px;--awb-spacing-right-large:3.2%;--awb-margin-bottom-large:20px;--awb-spacing-left-large:3.2%;--awb-width-medium:100%;--awb-order-medium:0;--awb-spacing-right-medium:1.92%;--awb-spacing-left-medium:1.92%;--awb-width-small:100%;--awb-order-small:0;--awb-spacing-right-small:1.92%;--awb-spacing-left-small:1.92%;\" data-animationType=\"fadeIn\" data-animationDuration=\"1.5\" data-animationOffset=\"top-into-view\"><div class=\"fusion-column-wrapper fusion-column-has-shadow fusion-flex-justify-content-flex-start fusion-content-layout-column\"><div class=\"fusion-title title fusion-title-3 fusion-sep-none fusion-title-center fusion-title-text fusion-title-size-three\" style=\"--awb-margin-top:0px;--awb-margin-bottom:30px;--awb-margin-top-small:10px;--awb-margin-right-small:0px;--awb-margin-bottom-small:10px;--awb-margin-left-small:0px;--awb-font-size:50px;\"><h3 class=\"fusion-title-heading title-heading-center fusion-responsive-typography-calculated\" style=\"margin:0;font-size:1em;--fontSize:50;line-height:1.2;\">Un catalogue polyvalent<\/h3><\/div><\/div><\/div><div class=\"fusion-layout-column fusion_builder_column fusion-builder-column-8 fusion_builder_column_1_5 1_5 fusion-flex-column fusion-no-small-visibility fusion-no-medium-visibility\" style=\"--awb-bg-size:cover;--awb-width-large:20%;--awb-margin-top-large:0px;--awb-spacing-right-large:9.6%;--awb-margin-bottom-large:20px;--awb-spacing-left-large:9.6%;--awb-width-medium:20%;--awb-order-medium:0;--awb-spacing-right-medium:9.6%;--awb-spacing-left-medium:9.6%;--awb-width-small:100%;--awb-order-small:0;--awb-spacing-right-small:1.92%;--awb-spacing-left-small:1.92%;\"><div class=\"fusion-column-wrapper fusion-column-has-shadow fusion-flex-justify-content-flex-start fusion-content-layout-column\"><\/div><\/div><div class=\"fusion-layout-column fusion_builder_column fusion-builder-column-9 fusion_builder_column_1_2 1_2 fusion-flex-column fusion-animated\" style=\"--awb-bg-size:cover;--awb-width-large:50%;--awb-margin-top-large:0px;--awb-spacing-right-large:3.84%;--awb-margin-bottom-large:20px;--awb-spacing-left-large:3.84%;--awb-width-medium:50%;--awb-order-medium:0;--awb-spacing-right-medium:3.84%;--awb-spacing-left-medium:3.84%;--awb-width-small:100%;--awb-order-small:0;--awb-spacing-right-small:1.92%;--awb-spacing-left-small:1.92%;\" data-animationType=\"fadeInLeft\" data-animationDuration=\"1.5\" data-animationOffset=\"top-into-view\"><div class=\"fusion-column-wrapper fusion-column-has-shadow fusion-flex-justify-content-flex-start fusion-content-layout-column\"><div class=\"fusion-builder-row fusion-builder-row-inner fusion-row fusion-flex-align-items-flex-start fusion-flex-content-wrap\" style=\"--awb-flex-grow:0;--awb-flex-grow-medium:0;--awb-flex-grow-small:0;--awb-flex-shrink:0;--awb-flex-shrink-medium:0;--awb-flex-shrink-small:0;width:104% !important;max-width:104% !important;margin-left: calc(-4% \/ 2 );margin-right: calc(-4% \/ 2 );\"><div class=\"fusion-layout-column fusion_builder_column_inner fusion-builder-nested-column-0 fusion-flex-column\" style=\"--awb-bg-size:cover;--awb-width-large:auto;--awb-margin-top-large:0px;--awb-spacing-right-large:2%;--awb-margin-bottom-large:20px;--awb-spacing-left-large:2%;--awb-width-medium:auto;--awb-order-medium:0;--awb-spacing-right-medium:2%;--awb-spacing-left-medium:2%;--awb-width-small:100%;--awb-order-small:0;--awb-spacing-right-small:1.92%;--awb-spacing-left-small:1.92%;\"><div class=\"fusion-column-wrapper fusion-column-has-shadow fusion-flex-justify-content-flex-start fusion-content-layout-column\"><i class=\"fb-icon-element-1 fb-icon-element fontawesome-icon fa-bullseye fas circle-yes fusion-text-flow feature-icon\" style=\"--awb-iconcolor:#e53838;--awb-iconcolor-hover:#e53838;--awb-circlecolor:#d9e9fc;--awb-circlecolor-hover:#d9e9fc;--awb-circlebordercolor:rgba(255,255,255,0.5);--awb-circlebordercolor-hover:rgba(255,255,255,0.5);--awb-circlebordersize:1px;--awb-font-size:28.16px;--awb-width:56.32px;--awb-height:56.32px;--awb-line-height:54.32px;--awb-margin-right:16px;\"><\/i><\/div><\/div><div class=\"fusion-layout-column fusion_builder_column_inner fusion-builder-nested-column-1 fusion_builder_column_inner_5_6 5_6 fusion-flex-column\" style=\"--awb-bg-size:cover;--awb-width-large:83.333333333333%;--awb-margin-top-large:12px;--awb-spacing-right-large:2.304%;--awb-margin-bottom-large:20px;--awb-spacing-left-large:2.304%;--awb-width-medium:83.333333333333%;--awb-order-medium:0;--awb-spacing-right-medium:2.304%;--awb-spacing-left-medium:2.304%;--awb-width-small:100%;--awb-order-small:0;--awb-spacing-right-small:1.92%;--awb-spacing-left-small:1.92%;\"><div class=\"fusion-column-wrapper fusion-column-has-shadow fusion-flex-justify-content-flex-start fusion-content-layout-column\"><div class=\"accordian fusion-accordian feature-toggle\" style=\"--awb-border-size:1px;--awb-icon-size:16px;--awb-content-font-size:16px;--awb-icon-alignment:right;--awb-hover-color:#f9f9fb;--awb-border-color:#e2e2e2;--awb-background-color:#ffffff;--awb-divider-color:#e2e2e2;--awb-divider-hover-color:#e2e2e2;--awb-icon-color:#a0aebf;--awb-title-color:#4d5259;--awb-content-color:#4d5259;--awb-icon-box-color:#212934;--awb-toggle-hover-accent-color:#4d5259;--awb-title-font-family:&quot;Apercu Bold&quot;;--awb-title-font-weight:700;--awb-title-font-style:normal;--awb-title-font-size:16px;--awb-content-font-family:&quot;Apercu Regular&quot;;--awb-content-font-style:normal;--awb-content-font-weight:400;\"><div class=\"panel-group fusion-toggle-icon-right fusion-toggle-icon-unboxed\" id=\"accordion-19487-1\"><div class=\"fusion-panel panel-default panel-e295a50e4f7ce6c21 fusion-toggle-no-divider\"><div class=\"panel-heading\"><h4 class=\"panel-title toggle\" id=\"toggle_e295a50e4f7ce6c21\"><a aria-expanded=\"false\" aria-controls=\"e295a50e4f7ce6c21\" role=\"button\" data-toggle=\"collapse\" data-target=\"#e295a50e4f7ce6c21\" href=\"#e295a50e4f7ce6c21\"><span class=\"fusion-toggle-icon-wrapper\" aria-hidden=\"true\"><i class=\"fa-fusion-box active-icon awb-icon-minus\" aria-hidden=\"true\"><\/i><i class=\"fa-fusion-box inactive-icon awb-icon-plus\" aria-hidden=\"true\"><\/i><\/span><span class=\"fusion-toggle-heading\">DES SOLUTIONS DE TRANSPORT SP\u00c9CIFIQUES<\/span><\/a><\/h4><\/div><div id=\"e295a50e4f7ce6c21\" class=\"panel-collapse collapse \" aria-labelledby=\"toggle_e295a50e4f7ce6c21\"><div class=\"panel-body toggle-content fusion-clearfix\"><\/div><\/div><\/div><\/div><\/div><\/div><\/div><\/div><div class=\"fusion-separator fusion-full-width-sep\" style=\"align-self: center;margin-left: auto;margin-right: auto;margin-top:15px;margin-bottom:15px;width:100%;\"><div class=\"fusion-separator-border sep-single sep-solid\" style=\"--awb-height:20px;--awb-amount:20px;--awb-sep-color:#c5d6ea;border-color:#c5d6ea;border-top-width:1px;\"><\/div><\/div><\/div><\/div><div class=\"fusion-layout-column fusion_builder_column fusion-builder-column-10 fusion_builder_column_1_2 1_2 fusion-flex-column fusion-animated\" style=\"--awb-bg-size:cover;--awb-width-large:50%;--awb-margin-top-large:0px;--awb-spacing-right-large:3.84%;--awb-margin-bottom-large:20px;--awb-spacing-left-large:3.84%;--awb-width-medium:50%;--awb-order-medium:0;--awb-spacing-right-medium:3.84%;--awb-spacing-left-medium:3.84%;--awb-width-small:100%;--awb-order-small:0;--awb-spacing-right-small:1.92%;--awb-spacing-left-small:1.92%;\" data-animationType=\"fadeInRight\" data-animationDuration=\"1.5\" data-animationOffset=\"top-into-view\"><div class=\"fusion-column-wrapper fusion-column-has-shadow fusion-flex-justify-content-flex-start fusion-content-layout-column\"><div class=\"fusion-builder-row fusion-builder-row-inner fusion-row fusion-flex-align-items-flex-start fusion-flex-content-wrap\" style=\"--awb-flex-grow:0;--awb-flex-grow-medium:0;--awb-flex-grow-small:0;--awb-flex-shrink:0;--awb-flex-shrink-medium:0;--awb-flex-shrink-small:0;width:104% !important;max-width:104% !important;margin-left: calc(-4% \/ 2 );margin-right: calc(-4% \/ 2 );\"><div class=\"fusion-layout-column fusion_builder_column_inner fusion-builder-nested-column-2 fusion-flex-column\" style=\"--awb-bg-size:cover;--awb-width-large:auto;--awb-margin-top-large:0px;--awb-spacing-right-large:2%;--awb-margin-bottom-large:20px;--awb-spacing-left-large:2%;--awb-width-medium:auto;--awb-order-medium:0;--awb-spacing-right-medium:2%;--awb-spacing-left-medium:2%;--awb-width-small:100%;--awb-order-small:0;--awb-spacing-right-small:1.92%;--awb-spacing-left-small:1.92%;\"><div class=\"fusion-column-wrapper fusion-column-has-shadow fusion-flex-justify-content-flex-start fusion-content-layout-column\"><i class=\"fb-icon-element-2 fb-icon-element fontawesome-icon fa-cogs fas circle-yes fusion-text-flow feature-icon\" style=\"--awb-iconcolor:#e53838;--awb-iconcolor-hover:#e53838;--awb-circlecolor:#d9e9fc;--awb-circlecolor-hover:#d9e9fc;--awb-circlebordercolor:rgba(255,255,255,0.5);--awb-circlebordercolor-hover:rgba(255,255,255,0.5);--awb-circlebordersize:1px;--awb-font-size:28.16px;--awb-width:56.32px;--awb-height:56.32px;--awb-line-height:54.32px;--awb-margin-right:16px;\"><\/i><\/div><\/div><div class=\"fusion-layout-column fusion_builder_column_inner fusion-builder-nested-column-3 fusion_builder_column_inner_5_6 5_6 fusion-flex-column\" style=\"--awb-bg-size:cover;--awb-width-large:83.333333333333%;--awb-margin-top-large:12px;--awb-spacing-right-large:2.304%;--awb-margin-bottom-large:20px;--awb-spacing-left-large:2.304%;--awb-width-medium:83.333333333333%;--awb-order-medium:0;--awb-spacing-right-medium:2.304%;--awb-spacing-left-medium:2.304%;--awb-width-small:100%;--awb-order-small:0;--awb-spacing-right-small:1.92%;--awb-spacing-left-small:1.92%;\"><div class=\"fusion-column-wrapper fusion-column-has-shadow fusion-flex-justify-content-flex-start fusion-content-layout-column\"><div class=\"accordian fusion-accordian feature-toggle\" style=\"--awb-border-size:1px;--awb-icon-size:16px;--awb-content-font-size:16px;--awb-icon-alignment:right;--awb-hover-color:#f9f9fb;--awb-border-color:#e2e2e2;--awb-background-color:#ffffff;--awb-divider-color:#e2e2e2;--awb-divider-hover-color:#e2e2e2;--awb-icon-color:#a0aebf;--awb-title-color:#4d5259;--awb-content-color:#4d5259;--awb-icon-box-color:#212934;--awb-toggle-hover-accent-color:#4d5259;--awb-title-font-family:&quot;Apercu Bold&quot;;--awb-title-font-weight:700;--awb-title-font-style:normal;--awb-title-font-size:16px;--awb-content-font-family:&quot;Apercu Regular&quot;;--awb-content-font-style:normal;--awb-content-font-weight:400;\"><div class=\"panel-group fusion-toggle-icon-right fusion-toggle-icon-unboxed\" id=\"accordion-19487-2\"><div class=\"fusion-panel panel-default panel-b9459a57c91f96385 fusion-toggle-no-divider\"><div class=\"panel-heading\"><h4 class=\"panel-title toggle\" id=\"toggle_b9459a57c91f96385\"><a aria-expanded=\"false\" aria-controls=\"b9459a57c91f96385\" role=\"button\" data-toggle=\"collapse\" data-target=\"#b9459a57c91f96385\" href=\"#b9459a57c91f96385\"><span class=\"fusion-toggle-icon-wrapper\" aria-hidden=\"true\"><i class=\"fa-fusion-box active-icon awb-icon-minus\" aria-hidden=\"true\"><\/i><i class=\"fa-fusion-box inactive-icon awb-icon-plus\" aria-hidden=\"true\"><\/i><\/span><span class=\"fusion-toggle-heading\">KITS COMPLETS AVEC TOUS LES ACCESSOIRES<\/span><\/a><\/h4><\/div><div id=\"b9459a57c91f96385\" class=\"panel-collapse collapse \" aria-labelledby=\"toggle_b9459a57c91f96385\"><div class=\"panel-body toggle-content fusion-clearfix\"><\/div><\/div><\/div><\/div><\/div><\/div><\/div><\/div><div class=\"fusion-separator fusion-full-width-sep\" style=\"align-self: center;margin-left: auto;margin-right: auto;margin-top:15px;margin-bottom:15px;width:100%;\"><div class=\"fusion-separator-border sep-single sep-solid\" style=\"--awb-height:20px;--awb-amount:20px;--awb-sep-color:#c5d6ea;border-color:#c5d6ea;border-top-width:1px;\"><\/div><\/div><\/div><\/div><\/div><\/div><div class=\"fusion-fullwidth fullwidth-box fusion-builder-row-5 fusion-flex-container nonhundred-percent-fullwidth non-hundred-percent-height-scrolling\" style=\"--awb-background-position:center top;--awb-border-radius-top-left:0px;--awb-border-radius-top-right:0px;--awb-border-radius-bottom-right:0px;--awb-border-radius-bottom-left:0px;--awb-margin-top:90px;--awb-margin-top-medium:30px;--awb-min-height:470px;--awb-flex-wrap:wrap;\" ><div class=\"fusion-builder-row fusion-row fusion-flex-align-items-center fusion-flex-align-content-center fusion-flex-content-wrap\" style=\"max-width:1248px;margin-left: calc(-4% \/ 2 );margin-right: calc(-4% \/ 2 );\"><div class=\"fusion-layout-column fusion_builder_column fusion-builder-column-11 fusion_builder_column_2_5 2_5 fusion-flex-column fusion-flex-align-self-stretch fusion-animated\" style=\"--awb-padding-top:20px;--awb-padding-right:20px;--awb-padding-bottom:20px;--awb-padding-left:20px;--awb-overflow:hidden;--awb-bg-size:cover;--awb-border-radius:20px 20px 20px 20px;--awb-width-large:40%;--awb-margin-top-large:0px;--awb-spacing-right-large:4.8%;--awb-margin-bottom-large:30px;--awb-spacing-left-large:4.8%;--awb-width-medium:100%;--awb-order-medium:0;--awb-spacing-right-medium:1.92%;--awb-spacing-left-medium:1.92%;--awb-width-small:100%;--awb-order-small:0;--awb-spacing-right-small:1.92%;--awb-spacing-left-small:1.92%;\" data-animationType=\"fadeInLeft\" data-animationDuration=\"1.5\" data-animationOffset=\"top-into-view\"><div class=\"fusion-column-wrapper fusion-column-has-shadow fusion-flex-justify-content-center fusion-content-layout-column\"><div class=\"fusion-title title fusion-title-4 fusion-sep-none fusion-title-text fusion-title-size-div uppercase-text\" style=\"--awb-text-color:#e53838;--awb-margin-bottom:0px;--awb-margin-top-small:10px;--awb-margin-right-small:0px;--awb-margin-bottom-small:10px;--awb-margin-left-small:0px;--awb-font-size:16px;\"><div class=\"fusion-title-heading title-heading-left title-heading-tag fusion-responsive-typography-calculated\" style=\"font-family:&quot;Apercu Bold&quot;;font-style:normal;font-weight:400;margin:0;letter-spacing:1.5px;font-size:1em;--fontSize:16;--minFontSize:16;line-height:1.4;\">En action<\/div><\/div><div class=\"fusion-title title fusion-title-5 fusion-sep-none fusion-title-text fusion-title-size-two\" style=\"--awb-text-color:#426da9;--awb-margin-top-small:10px;--awb-margin-right-small:0px;--awb-margin-bottom-small:10px;--awb-margin-left-small:0px;--awb-font-size:32px;\"><h2 class=\"fusion-title-heading title-heading-left fusion-responsive-typography-calculated\" style=\"margin:0;font-size:1em;--fontSize:32;line-height:1.2;\">Voir l&rsquo;application de nos climatiseurs pour les machines agricoles et de construction<\/h2><\/div><\/div><\/div><div class=\"fusion-layout-column fusion_builder_column fusion-builder-column-12 fusion_builder_column_3_5 3_5 fusion-flex-column fusion-animated\" style=\"--awb-bg-size:cover;--awb-width-large:60%;--awb-margin-top-large:0px;--awb-spacing-right-large:3.2%;--awb-margin-bottom-large:20px;--awb-spacing-left-large:3.2%;--awb-width-medium:100%;--awb-order-medium:0;--awb-spacing-right-medium:1.92%;--awb-spacing-left-medium:1.92%;--awb-width-small:100%;--awb-order-small:0;--awb-spacing-right-small:1.92%;--awb-spacing-left-small:1.92%;\" data-animationType=\"fadeInRight\" data-animationDuration=\"1.5\" data-animationOffset=\"top-into-view\"><div class=\"fusion-column-wrapper fusion-column-has-shadow fusion-flex-justify-content-flex-start fusion-content-layout-column\"><div class=\"fusion-slider-sc custom-images-slider\"><div class=\"fusion-flexslider-loading flexslider flexslider-hover-type-none\" data-slideshow_autoplay=\"0\" data-slideshow_smooth_height=\"0\" data-slideshow_speed=\"7000\" style=\"max-width:100%;height:100%;\"><ul class=\"slides\"><li class=\"image\"><span class=\"fusion-image-hover-element hover-type-none\"><img decoding=\"async\" src=\"https:\/\/www.autoclima.com\/wp-content\/uploads\/01-2.jpg\" width=\"680\" height=\"490\" class=\"wp-image-1200\" srcset=\"https:\/\/www.autoclima.com\/wp-content\/uploads\/01-2-200x144.jpg 200w, https:\/\/www.autoclima.com\/wp-content\/uploads\/01-2-400x288.jpg 400w, https:\/\/www.autoclima.com\/wp-content\/uploads\/01-2-600x432.jpg 600w, https:\/\/www.autoclima.com\/wp-content\/uploads\/01-2.jpg 680w\" sizes=\"(max-width: 640px) 100vw, 680px\" \/><\/span><\/li><li class=\"image\"><span class=\"fusion-image-hover-element hover-type-none\"><img decoding=\"async\" src=\"https:\/\/www.autoclima.com\/wp-content\/uploads\/02-2.jpg\" width=\"680\" height=\"490\" class=\"wp-image-1201\" srcset=\"https:\/\/www.autoclima.com\/wp-content\/uploads\/02-2-200x144.jpg 200w, https:\/\/www.autoclima.com\/wp-content\/uploads\/02-2-400x288.jpg 400w, https:\/\/www.autoclima.com\/wp-content\/uploads\/02-2-600x432.jpg 600w, https:\/\/www.autoclima.com\/wp-content\/uploads\/02-2.jpg 680w\" sizes=\"(max-width: 640px) 100vw, 680px\" \/><\/span><\/li><li class=\"image\"><span class=\"fusion-image-hover-element hover-type-none\"><img decoding=\"async\" src=\"https:\/\/www.autoclima.com\/wp-content\/uploads\/03-1.jpg\" width=\"680\" height=\"490\" class=\"wp-image-1202\" srcset=\"https:\/\/www.autoclima.com\/wp-content\/uploads\/03-1-200x144.jpg 200w, https:\/\/www.autoclima.com\/wp-content\/uploads\/03-1-400x288.jpg 400w, https:\/\/www.autoclima.com\/wp-content\/uploads\/03-1-600x432.jpg 600w, https:\/\/www.autoclima.com\/wp-content\/uploads\/03-1.jpg 680w\" sizes=\"(max-width: 640px) 100vw, 680px\" \/><\/span><\/li><li class=\"image\"><span class=\"fusion-image-hover-element hover-type-none\"><img decoding=\"async\" src=\"https:\/\/www.autoclima.com\/wp-content\/uploads\/04-1.jpg\" width=\"680\" height=\"490\" class=\"wp-image-1203\" srcset=\"https:\/\/www.autoclima.com\/wp-content\/uploads\/04-1-200x144.jpg 200w, https:\/\/www.autoclima.com\/wp-content\/uploads\/04-1-400x288.jpg 400w, https:\/\/www.autoclima.com\/wp-content\/uploads\/04-1-600x432.jpg 600w, https:\/\/www.autoclima.com\/wp-content\/uploads\/04-1.jpg 680w\" sizes=\"(max-width: 640px) 100vw, 680px\" \/><\/span><\/li><\/ul><\/div><\/div><\/div><\/div><\/div><\/div><div class=\"fusion-fullwidth fullwidth-box fusion-builder-row-6 fusion-flex-container nonhundred-percent-fullwidth non-hundred-percent-height-scrolling fusion-animated\" style=\"--awb-border-radius-top-left:0px;--awb-border-radius-top-right:0px;--awb-border-radius-bottom-right:0px;--awb-border-radius-bottom-left:0px;--awb-padding-top:90px;--awb-padding-bottom:90px;--awb-margin-top:0px;--awb-margin-bottom:0px;--awb-background-image:linear-gradient(180deg, rgba(255,255,255,0) 70%,#e7f0fa 100%);--awb-flex-wrap:wrap;\" data-animationType=\"fadeInUp\" data-animationDuration=\"0.7\" data-animationOffset=\"top-into-view\" ><div class=\"fusion-builder-row fusion-row fusion-flex-align-items-flex-start fusion-flex-content-wrap\" style=\"max-width:calc( 1200px + 30px );margin-left: calc(-30px \/ 2 );margin-right: calc(-30px \/ 2 );\"><div class=\"fusion-layout-column fusion_builder_column fusion-builder-column-13 fusion_builder_column_1_1 1_1 fusion-flex-column fusion-column-inner-bg-wrapper fusion-animated neumorphism-card\" style=\"--awb-padding-top:20px;--awb-padding-right:80px;--awb-padding-bottom:20px;--awb-padding-left:80px;--awb-overflow:hidden;--awb-inner-bg-size:cover;--awb-border-radius:20px 20px 20px 20px;--awb-inner-bg-border-radius:20px 20px 20px 20px;--awb-inner-bg-overflow:hidden;--awb-filter:opacity(100%);--awb-filter-transition:filter 0.3s ease;--awb-filter-hover:opacity(75%);--awb-width-large:100%;--awb-margin-top-large:0px;--awb-spacing-right-large:15px;--awb-margin-bottom-large:20px;--awb-spacing-left-large:15px;--awb-width-medium:100%;--awb-order-medium:0;--awb-spacing-right-medium:15px;--awb-spacing-left-medium:15px;--awb-width-small:100%;--awb-order-small:0;--awb-spacing-right-small:15px;--awb-spacing-left-small:15px;\" data-animationType=\"fadeInUp\" data-animationDuration=\"1.5\" data-animationOffset=\"top-into-view\"><span class=\"fusion-column-inner-bg hover-type-none\"><a class=\"fusion-column-anchor\" href=\"http:\/\/impianti.autoclima.com\" rel=\"noopener noreferrer\" target=\"_blank\"><span class=\"fusion-column-inner-bg-image\"><\/span><\/a><\/span><div class=\"fusion-column-wrapper fusion-column-has-shadow fusion-flex-justify-content-flex-start fusion-content-layout-column\"><div class=\"fusion-title title fusion-title-6 fusion-sep-none fusion-title-center fusion-title-text fusion-title-size-six uppercase-text\" style=\"--awb-text-color:#e53838;--awb-margin-bottom:5px;--awb-margin-top-small:10px;--awb-margin-right-small:0px;--awb-margin-bottom-small:10px;--awb-margin-left-small:0px;--awb-font-size:12px;\"><h6 class=\"fusion-title-heading title-heading-center fusion-responsive-typography-calculated\" style=\"margin:0;font-size:1em;--fontSize:12;--minFontSize:12;line-height:1.2;\">Climatiseurs et composants universels<\/h6><\/div><div class=\"fusion-title title fusion-title-7 fusion-sep-none fusion-title-center fusion-title-text fusion-title-size-three\" style=\"--awb-text-color:#426da9;--awb-margin-bottom:20px;--awb-margin-top-small:10px;--awb-margin-right-small:0px;--awb-margin-bottom-small:10px;--awb-margin-left-small:0px;--awb-font-size:28px;\"><h3 class=\"fusion-title-heading title-heading-center fusion-responsive-typography-calculated\" style=\"margin:0;font-size:1em;--fontSize:28;line-height:1.2;\">Consultez notre catalogue d&rsquo;\u00e9quipements<\/h3><\/div><div class=\"fusion-text fusion-text-2\"><p style=\"text-align: center;\">Le catalogue propose \u00e9galement des solutions typiques du march\u00e9 de l&rsquo;apr\u00e8s-vente, \u00e0 savoir des kits complets avec tous les accessoires.<\/p>\n<\/div><div style=\"text-align:center;\"><a class=\"fusion-button button-flat button-small button-custom fusion-button-default button-1 fusion-button-default-span fusion-button-default-type\" style=\"--button_accent_color:#607389;--button_border_color:#607389;--button_accent_hover_color:#426da9;--button_border_hover_color:#426da9;--button_gradient_top_color:rgba(66,109,169,0);--button_gradient_bottom_color:rgba(66,109,169,0);--button_gradient_top_color_hover:rgba(231,240,250,0);--button_gradient_bottom_color_hover:rgba(231,240,250,0);--button_text_transform:uppercase;\" target=\"_blank\" rel=\"noopener noreferrer\" href=\"http:\/\/impianti.autoclima.com\"><span class=\"fusion-button-text awb-button__text awb-button__text--default\">Visitez le site<\/span><i class=\"fa-external-link-alt fas awb-button__icon awb-button__icon--default button-icon-right\" aria-hidden=\"true\"><\/i><\/a><\/div><\/div><\/div><\/div><\/div>\n<div class=\"fusion-fullwidth fullwidth-box fusion-builder-row-7 fusion-flex-container fusion-parallax-none nonhundred-percent-fullwidth non-hundred-percent-height-scrolling\" style=\"--awb-background-position:center top;--awb-border-radius-top-left:0px;--awb-border-radius-top-right:0px;--awb-border-radius-bottom-right:0px;--awb-border-radius-bottom-left:0px;--awb-padding-top:80px;--awb-min-height:470px;--awb-background-image:url(&quot;http:\/\/www.autoclima.com\/wp-content\/uploads\/Autoclima-image-azienda-prefooter.jpg&quot;);--awb-background-size:cover;--awb-flex-wrap:wrap;\" ><div class=\"fusion-builder-row fusion-row fusion-flex-align-items-center fusion-flex-align-content-center fusion-flex-content-wrap\" style=\"max-width:1248px;margin-left: calc(-4% \/ 2 );margin-right: calc(-4% \/ 2 );\"><div class=\"fusion-layout-column fusion_builder_column fusion-builder-column-14 fusion_builder_column_1_2 1_2 fusion-flex-column fusion-flex-align-self-stretch fusion-animated\" style=\"--awb-padding-top:20px;--awb-padding-right:20px;--awb-padding-bottom:20px;--awb-padding-left:20px;--awb-overflow:hidden;--awb-bg-size:cover;--awb-border-radius:20px 20px 20px 20px;--awb-width-large:50%;--awb-margin-top-large:0px;--awb-spacing-right-large:3.84%;--awb-margin-bottom-large:30px;--awb-spacing-left-large:3.84%;--awb-width-medium:100%;--awb-order-medium:0;--awb-spacing-right-medium:1.92%;--awb-spacing-left-medium:1.92%;--awb-width-small:100%;--awb-order-small:0;--awb-spacing-right-small:1.92%;--awb-spacing-left-small:1.92%;\" data-animationType=\"fadeInRight\" data-animationDuration=\"1.5\" data-animationOffset=\"top-into-view\"><div class=\"fusion-column-wrapper fusion-column-has-shadow fusion-flex-justify-content-center fusion-content-layout-column\"><div class=\"fusion-title title fusion-title-8 fusion-sep-none fusion-title-text fusion-title-size-div uppercase-text\" style=\"--awb-text-color:#ffffff;--awb-margin-bottom:0px;--awb-margin-top-small:10px;--awb-margin-right-small:0px;--awb-margin-bottom-small:10px;--awb-margin-left-small:0px;--awb-font-size:16px;\"><div class=\"fusion-title-heading title-heading-left title-heading-tag fusion-responsive-typography-calculated\" style=\"font-family:&quot;Apercu Bold&quot;;font-style:normal;font-weight:400;margin:0;letter-spacing:1.5px;font-size:1em;--fontSize:16;--minFontSize:16;line-height:1.4;\">Autoclima : L&rsquo;entreprise<\/div><\/div><div class=\"fusion-title title fusion-title-9 fusion-sep-none fusion-title-text fusion-title-size-three bordered-title bordered-title--red\" style=\"--awb-text-color:#ffffff;--awb-margin-top-small:10px;--awb-margin-right-small:0px;--awb-margin-bottom-small:10px;--awb-margin-left-small:0px;--awb-font-size:52px;\"><h3 class=\"fusion-title-heading title-heading-left fusion-responsive-typography-calculated\" style=\"margin:0;font-size:1em;--fontSize:52;line-height:1.2;\">Autoclima toujours proche de ses clients<\/h3><\/div><div class=\"fusion-builder-row fusion-builder-row-inner fusion-row fusion-flex-align-items-center fusion-flex-align-content-center fusion-flex-content-wrap\" style=\"--awb-flex-grow:0;--awb-flex-grow-medium:0;--awb-flex-grow-small:0;--awb-flex-shrink:0;--awb-flex-shrink-medium:0;--awb-flex-shrink-small:0;width:104% !important;max-width:104% !important;margin-left: calc(-4% \/ 2 );margin-right: calc(-4% \/ 2 );\"><div class=\"fusion-layout-column fusion_builder_column_inner fusion-builder-nested-column-4 fusion_builder_column_inner_1_1 1_1 fusion-flex-column\" style=\"--awb-padding-left:70px;--awb-bg-size:cover;--awb-width-large:100%;--awb-margin-top-large:20px;--awb-spacing-right-large:1.92%;--awb-margin-bottom-large:0px;--awb-spacing-left-large:1.92%;--awb-width-medium:100%;--awb-order-medium:0;--awb-spacing-right-medium:1.92%;--awb-spacing-left-medium:1.92%;--awb-width-small:100%;--awb-order-small:0;--awb-spacing-right-small:1.92%;--awb-spacing-left-small:1.92%;\"><div class=\"fusion-column-wrapper fusion-column-has-shadow fusion-flex-justify-content-flex-start fusion-content-layout-column\"><div class=\"fusion-text fusion-text-3\" style=\"--awb-text-color:#ffffff;\"><p>Autoclima s&rsquo;efforce d&rsquo;\u00eatre pr\u00e9sente aux c\u00f4t\u00e9s de ses clients pendant les phases de <strong>d\u00e9finition, de montage et d&rsquo;utilisation du produit<\/strong>.<\/p>\n<p>L&rsquo;assistance active r\u00e9alis\u00e9e pendant la phase d&rsquo;avant-vente garantit l&rsquo;<strong>adaptabilit\u00e9<\/strong> du client et l&rsquo;<strong>ajustement du syst\u00e8me<\/strong> aux besoins des utilisateurs, une fonction qui, avec l&rsquo;<strong>assistance pendant le montage<\/strong> et l&rsquo;activit\u00e9 de <strong>contr\u00f4le apr\u00e8s-vente<\/strong>, permet \u00e0 Autoclima de fournir \u00e0 ses clients un niveau \u00e9lev\u00e9 d&rsquo;assistance et de service.<\/p>\n<\/div><\/div><\/div><\/div><\/div><\/div><\/div><\/div>\n<\/p>\n","protected":false},"excerpt":{"rendered":"","protected":false},"author":1,"featured_media":5252,"menu_order":8,"template":"","format":"standard","meta":{"footnotes":""},"portfolio_category":[134],"portfolio_skills":[],"portfolio_tags":[],"class_list":["post-5844","avada_portfolio","type-avada_portfolio","status-publish","format-standard","has-post-thumbnail","hentry","portfolio_category-applications-fr"],"_links":{"self":[{"href":"https:\/\/www.autoclima.com\/fr\/wp-json\/wp\/v2\/avada_portfolio\/5844","targetHints":{"allow":["GET"]}}],"collection":[{"href":"https:\/\/www.autoclima.com\/fr\/wp-json\/wp\/v2\/avada_portfolio"}],"about":[{"href":"https:\/\/www.autoclima.com\/fr\/wp-json\/wp\/v2\/types\/avada_portfolio"}],"author":[{"embeddable":true,"href":"https:\/\/www.autoclima.com\/fr\/wp-json\/wp\/v2\/users\/1"}],"version-history":[{"count":6,"href":"https:\/\/www.autoclima.com\/fr\/wp-json\/wp\/v2\/avada_portfolio\/5844\/revisions"}],"predecessor-version":[{"id":20464,"href":"https:\/\/www.autoclima.com\/fr\/wp-json\/wp\/v2\/avada_portfolio\/5844\/revisions\/20464"}],"wp:featuredmedia":[{"embeddable":true,"href":"https:\/\/www.autoclima.com\/fr\/wp-json\/wp\/v2\/media\/5252"}],"wp:attachment":[{"href":"https:\/\/www.autoclima.com\/fr\/wp-json\/wp\/v2\/media?parent=5844"}],"wp:term":[{"taxonomy":"portfolio_category","embeddable":true,"href":"https:\/\/www.autoclima.com\/fr\/wp-json\/wp\/v2\/portfolio_category?post=5844"},{"taxonomy":"portfolio_skills","embeddable":true,"href":"https:\/\/www.autoclima.com\/fr\/wp-json\/wp\/v2\/portfolio_skills?post=5844"},{"taxonomy":"portfolio_tags","embeddable":true,"href":"https:\/\/www.autoclima.com\/fr\/wp-json\/wp\/v2\/portfolio_tags?post=5844"}],"curies":[{"name":"wp","href":"https:\/\/api.w.org\/{rel}","templated":true}]}}